


{"id":7358,"date":"2020-01-26T11:22:25","date_gmt":"2020-01-26T10:22:25","guid":{"rendered":"https:\/\/www.rome-roma.net\/site\/saint-andre-du-quirinal\/"},"modified":"2024-12-17T16:09:29","modified_gmt":"2024-12-17T15:09:29","slug":"sant-andrea-al-quirinale","status":"publish","type":"site","link":"https:\/\/www.rome-roma.net\/it\/sant-andrea-al-quirinale\/","title":{"rendered":"Sant&#8217;Andrea al Quirinale"},"content":{"rendered":"<div style=\"width: 310px\" class=\"wp-caption alignright\"><a href=\"https:\/\/www.rome-roma.net\/photos\/quirinale-spagna-angelo-farnese\/images\/sant_andrea_al_quirinale_4386.jpg\" rel=\"lightbox[a]\"><img loading=\"lazy\" src=\"https:\/\/www.rome-roma.net\/photos\/quirinale-spagna-angelo-farnese\/images\/sant_andrea_al_quirinale_4386.jpg\" alt=\"sant andrea al quirinale\" width=\"300\" height=\"200\" align=\"right\" border=\"0\" hspace=\"5\" vspace=\"2\" \/><\/a><p class=\"wp-caption-text\">Cupola di Sant&#8217;Andrea al Quirinale<\/p><\/div>\n<p><strong>Sant&#8217;Andrea al Quirinale<\/strong> \u00e8 una chiesa gesuita.<br \/>\u00c8 considerata uno dei capolavori del barocco italiano, spesso designata come la pi\u00f9 bella delle chiese progettate dal <strong>Bernini<\/strong>. La sua costruzione, dal 1658 al 1670, fu eseguita dal suo allievo, <strong>De Rossi<\/strong>. Papa Alessandro VII lo commission\u00f2 per sostituire una vecchia chiesa del XVI secolo.<\/p>\n<h2>Descrizione<\/h2>\n<p>La facciata \u00e8 preceduta da due ali concave che incorniciano l&#8217;ingresso a cui conduce una piccola scala semicircolare. Questo profilo concavo-convesso-concavo \u00e8 caratteristico del lavoro di Bernini. Il portale d&#8217;ingresso porta lo stemma dei Pamphilj, che hano contribuito finanziariamente alla costruzione dell&#8217;edificio.<\/p>\n<p>La navata \u00e8 ellittica, l&#8217;asse pi\u00f9 corto \u00e8 quello tra l&#8217;ingresso e l&#8217;altare maggiore, le cappelle sono disposte in tale modo che ricordano la croce obliqua di Sant&#8217;Andrea.<br \/>L&#8217;interno, molto raffinato, \u00e8 costituito da colonne, pilastri e sculture di marmo rosa e grigio, con stucchi realizzati da <strong>Antonio Raggi<\/strong> e dai suoi studenti su disegni del Bernini.<br \/>L&#8217;elegante pala d&#8217;altare del XVII secolo comprende opere di Baciccia, Brandi e Maratta, e sopra l&#8217;altare maggiore la <em>Crocifissione di Sant&#8217;Andrea<\/em> \u00e8 opera di Guillaume Courtois.<br \/>Anche gli affreschi sul soffitto della sagrestia furono progettati dal Bernini.<\/p>\n<p>Le cappelle laterali conservano tele del Baciccio. C&#8217;\u00e8 anche la tomba di Carlo Emanuele IV di Sardegna, oltre a quella di San Stanislao Kostka, opera di Pierre Le Gros (1703).<\/p>\n<h2>Galleria<\/h2>\n<p align=\"center\"><a href=\"https:\/\/www.rome-roma.net\/photos\/quirinale-spagna-angelo-farnese\/images\/sant_andrea_al_quirinale_4386.jpg\" rel=\"lightbox[a]\"><img loading=\"lazy\" src=\"https:\/\/www.rome-roma.net\/photos\/quirinale-spagna-angelo-farnese\/thumbnails\/sant_andrea_al_quirinale_4386.jpg\" alt=\"Saint Andr\u00e9 du Quirinal\" width=\"154\" height=\"106\" border=\"0\" hspace=\"3\" vspace=\"3\" \/><\/a><a href=\"https:\/\/www.rome-roma.net\/photos\/quirinale-spagna-angelo-farnese\/images\/saint_andre_du_quirinale_4385.jpg\" rel=\"lightbox[a]\"><img loading=\"lazy\" src=\"https:\/\/www.rome-roma.net\/photos\/quirinale-spagna-angelo-farnese\/thumbnails\/saint_andre_du_quirinale_4385.jpg\" alt=\"Saint Andr\u00e9 du Quirinal\" width=\"154\" height=\"106\" border=\"0\" hspace=\"3\" vspace=\"3\" \/><\/a><\/p>\n<p align=\"center\"><span class=\"desc\"><a href=\"https:\/\/www.rome-roma.net\/photos\/visite-rome\/images\/santandreaalquirinale_5736.jpg\" rel=\"lightbox[a]\"><img loading=\"lazy\" src=\"https:\/\/www.rome-roma.net\/photos\/visite-rome\/thumbnails\/santandreaalquirinale_5736.jpg\" alt=\"sant andrea al quirinale\" width=\"154\" height=\"106\" border=\"0\" hspace=\"3\" vspace=\"3\" \/><\/a><\/span><span class=\"desc\"><a href=\"https:\/\/www.rome-roma.net\/photos\/visite-rome\/images\/santandreaalquirinale_5738.jpg\" rel=\"lightbox[a]\"><img loading=\"lazy\" src=\"https:\/\/www.rome-roma.net\/photos\/visite-rome\/thumbnails\/santandreaalquirinale_5738.jpg\" alt=\"sant andrea al quirinale\" width=\"106\" height=\"154\" border=\"0\" hspace=\"3\" vspace=\"3\" \/><\/a><\/span><span class=\"desc\"><a href=\"https:\/\/www.rome-roma.net\/photos\/visite-rome\/images\/santandreaalquirinale_5739.jpg\" rel=\"lightbox[a]\"><img loading=\"lazy\" src=\"https:\/\/www.rome-roma.net\/photos\/visite-rome\/thumbnails\/santandreaalquirinale_5739.jpg\" alt=\"sant andrea al quirinale\" width=\"106\" height=\"154\" border=\"0\" hspace=\"3\" vspace=\"3\" \/><\/a><a href=\"https:\/\/www.rome-roma.net\/photos\/visite-rome\/images\/santandreaalquirinale_5737.jpg\" rel=\"lightbox[a]\"><img loading=\"lazy\" src=\"https:\/\/www.rome-roma.net\/photos\/visite-rome\/thumbnails\/santandreaalquirinale_5737.jpg\" alt=\"sant andrea al quirinale\" width=\"154\" height=\"106\" border=\"0\" hspace=\"3\" vspace=\"3\" \/><\/a><\/span><\/p>\n<p align=\"center\"><a href=\"https:\/\/www.rome-roma.net\/photos\/quirinal-monti\/images\/sant_andrea_al_quirinale_2920.jpg\" rel=\"lightbox[a]\"><img loading=\"lazy\" src=\"https:\/\/www.rome-roma.net\/photos\/quirinal-monti\/thumbnails\/sant_andrea_al_quirinale_2920.jpg\" alt=\"saint andr\u00e9 du quirinal\" width=\"106\" height=\"154\" border=\"0\" hspace=\"3\" vspace=\"3\" \/> <\/a><a href=\"https:\/\/www.rome-roma.net\/photos\/quirinal-monti\/images\/sant_andrea_al_quirinale_2921.jpg\" rel=\"lightbox[a]\"><img loading=\"lazy\" src=\"https:\/\/www.rome-roma.net\/photos\/quirinal-monti\/thumbnails\/sant_andrea_al_quirinale_2921.jpg\" alt=\"saint andr\u00e9 du quirinal\" width=\"106\" height=\"154\" border=\"0\" hspace=\"3\" vspace=\"3\" \/> <\/a><\/p>\n\n\n<h2>Cartina ed indirizzo<\/h2>\r\n\t\t<b>Indirizzo : <\/b>Via del Quirinale, 30, 00187 Roma RM, Italie<div id=\"travelersmap-container-69f2bd52b74df\" class=\"travelersmap-container\" style=\"z-index: 1; min-height: 10px; min-width:10px; height:400px;width:100%; max-width:; max-height:; position:relative;\"><div style=\"position:absolute; z-index:-1;top: 50%;text-align: center;display: block;left: 50%;transform: translate(-50%,-50%);\">Travelers' Map is loading... <br> If you see this after your page is loaded completely, leafletJS files are missing.<\/div><\/div><i>Clicca sulla freccia per localizzarti sulla mappa<\/i><br><br>\n\n\n<h2>Informazioni<\/h2>\n<table style=\"border-collapse: collapse; width: 100%;\">\n<tbody>\n<tr style=\"background-color: #fae8c3;\">\n<td style=\"width: 100%;\">\n<p class=\"scheda\"><span style=\"font-size: 10pt;\"><strong>Chiesa di Sant&#8217;Andrea al Quirinale<\/strong><\/span><br \/><span style=\"font-size: 10pt;\"><em>Via del Quirinale, 30 &#8211; Roma<br \/><\/em><\/span><\/p>\n<\/td>\n<\/tr>\n<tr style=\"background-color: #f7ece1;\">\n<td style=\"width: 100%;\">\n<p><span style=\"font-size: 10pt;\"><strong>Orari<\/strong> (possono cambiare)<strong><br \/><\/strong><\/span><\/p>\n<p><span style=\"font-size: 10pt;\">Da marted\u00ec a domenica : 9.00 &#8211; 12.00 \/ 15.00 &#8211; 18.00<\/span><br \/><span style=\"font-size: 10pt;\">Chiusa i luned\u00ec<\/span><\/p>\n<\/td>\n<\/tr>\n<tr style=\"background-color: #fae8c3;\">\n<td style=\"width: 100%;\">\n<p><span style=\"font-size: 10pt;\"><b>Fonti e collegamenti<\/b><br \/><\/span><\/p>\n<ul>\n<li><span style=\"font-size: 10pt;\">Sito ufficiale : <a href=\"https:\/\/santandrea.gesuiti.it\" target=\"_blank\" rel=\"noopener noreferrer\" data-title=\" \">santandrea.gesuiti.it<\/a><\/span><\/li>\n<li><span style=\"font-size: 10pt;\"><a href=\"https:\/\/060608.comune.roma.it\/turismo-religioso\/chiese-cattoliche\/chiesa-di-santandrea-al-quirinale-13457\" target=\"_blank\" rel=\"noopener\" data-title=\" \">Sant\u2019Andrea al Quirinale sul sito del comune 060608<\/a><\/span><\/li>\n<li><a href=\"https:\/\/fr.wikipedia.org\/wiki\/%C3%89glise_Saint-Andr%C3%A9_du_Quirinal\" target=\"_blank\" rel=\"noopener noreferrer\" data-title=\" \"><span style=\"font-size: 10pt;\">Sant&#8217;Andrea al Quirinale su Wikipedia<\/span><\/a><\/li>\n<\/ul>\n<\/td>\n<\/tr>\n<\/tbody>\n<\/table>","protected":false},"excerpt":{"rendered":"<p>Sant&#8217;Andrea al Quirinale \u00e8 una chiesa gesuita.\u00c8 considerata uno dei capolavori del barocco italiano, spesso designata come la pi\u00f9 bella delle chiese progettate dal Bernini. La sua costruzione, dal 1658 al 1670, fu eseguita dal suo allievo, De Rossi. Papa Alessandro VII lo commission\u00f2 per sostituire una vecchia chiesa del XVI secolo. Descrizione La facciata [&hellip;]<\/p>\n","protected":false},"featured_media":0,"parent":0,"menu_order":0,"comment_status":"open","ping_status":"open","template":"","format":"standard","meta":{"kt_blocks_editor_width":"","_links_to":"","_links_to_target":""},"genre":[270],"interet":[287],"quartier":[328],"categorie_site":[382],"quartier_historique":[462],"etiquettes_site":[],"acf":[],"yoast_head":"<!-- This site is optimized with the Yoast SEO plugin v17.4 - https:\/\/yoast.com\/wordpress\/plugins\/seo\/ -->\n<title>Sant&#039;Andrea al Quirinale &ndash; Rome-Roma<\/title>\n<meta name=\"description\" content=\"Questa chiesa gesuita situata sul colle Quirinale a Roma \u00e8 considerata uno dei capolavori del barocco italiano, designata dal Bernini. Descrizione e visita.\" \/>\n<meta name=\"robots\" content=\"index, follow, max-snippet:-1, max-image-preview:large, max-video-preview:-1\" \/>\n<link rel=\"canonical\" href=\"https:\/\/www.rome-roma.net\/it\/sant-andrea-al-quirinale\/\" \/>\n<meta property=\"og:locale\" content=\"it_IT\" \/>\n<meta property=\"og:type\" content=\"article\" \/>\n<meta property=\"og:title\" content=\"Sant&#039;Andrea al Quirinale &ndash; Rome-Roma\" \/>\n<meta property=\"og:description\" content=\"Questa chiesa gesuita situata sul colle Quirinale a Roma \u00e8 considerata uno dei capolavori del barocco italiano, designata dal Bernini. Descrizione e visita.\" \/>\n<meta property=\"og:url\" content=\"https:\/\/www.rome-roma.net\/it\/sant-andrea-al-quirinale\/\" \/>\n<meta property=\"og:site_name\" content=\"Rome-Roma\" \/>\n<meta property=\"article:modified_time\" content=\"2024-12-17T15:09:29+00:00\" \/>\n<meta property=\"og:image\" content=\"https:\/\/www.rome-roma.net\/photos\/quirinale-spagna-angelo-farnese\/images\/sant_andrea_al_quirinale_4386.jpg\" \/>\n<meta name=\"twitter:card\" content=\"summary_large_image\" \/>\n<meta name=\"twitter:label1\" content=\"Tempo di lettura stimato\" \/>\n\t<meta name=\"twitter:data1\" content=\"4 minuti\" \/>\n<script type=\"application\/ld+json\" class=\"yoast-schema-graph\">{\"@context\":\"https:\/\/schema.org\",\"@graph\":[{\"@type\":\"Organization\",\"@id\":\"https:\/\/www.rome-roma.net\/it\/#organization\",\"name\":\"Rome-Roma\",\"url\":\"https:\/\/www.rome-roma.net\/it\/\",\"sameAs\":[],\"logo\":{\"@type\":\"ImageObject\",\"@id\":\"https:\/\/www.rome-roma.net\/it\/#logo\",\"inLanguage\":\"it-IT\",\"url\":\"https:\/\/www.rome-roma.net\/wp-content\/uploads\/2025\/07\/logo-rome-roma-420.jpg\",\"contentUrl\":\"https:\/\/www.rome-roma.net\/wp-content\/uploads\/2025\/07\/logo-rome-roma-420.jpg\",\"width\":420,\"height\":420,\"caption\":\"Rome-Roma\"},\"image\":{\"@id\":\"https:\/\/www.rome-roma.net\/it\/#logo\"}},{\"@type\":\"WebSite\",\"@id\":\"https:\/\/www.rome-roma.net\/it\/#website\",\"url\":\"https:\/\/www.rome-roma.net\/it\/\",\"name\":\"Rome-Roma\",\"description\":\"Cultura & Viaggio\",\"publisher\":{\"@id\":\"https:\/\/www.rome-roma.net\/it\/#organization\"},\"potentialAction\":[{\"@type\":\"SearchAction\",\"target\":{\"@type\":\"EntryPoint\",\"urlTemplate\":\"https:\/\/www.rome-roma.net\/it\/?s={search_term_string}\"},\"query-input\":\"required name=search_term_string\"}],\"inLanguage\":\"it-IT\"},{\"@type\":\"ImageObject\",\"@id\":\"https:\/\/www.rome-roma.net\/it\/sant-andrea-al-quirinale\/#primaryimage\",\"inLanguage\":\"it-IT\",\"url\":\"https:\/\/www.rome-roma.net\/photos\/quirinale-spagna-angelo-farnese\/images\/sant_andrea_al_quirinale_4386.jpg\",\"contentUrl\":\"https:\/\/www.rome-roma.net\/photos\/quirinale-spagna-angelo-farnese\/images\/sant_andrea_al_quirinale_4386.jpg\"},{\"@type\":\"WebPage\",\"@id\":\"https:\/\/www.rome-roma.net\/it\/sant-andrea-al-quirinale\/#webpage\",\"url\":\"https:\/\/www.rome-roma.net\/it\/sant-andrea-al-quirinale\/\",\"name\":\"Sant'Andrea al Quirinale &ndash; Rome-Roma\",\"isPartOf\":{\"@id\":\"https:\/\/www.rome-roma.net\/it\/#website\"},\"primaryImageOfPage\":{\"@id\":\"https:\/\/www.rome-roma.net\/it\/sant-andrea-al-quirinale\/#primaryimage\"},\"datePublished\":\"2020-01-26T10:22:25+00:00\",\"dateModified\":\"2024-12-17T15:09:29+00:00\",\"description\":\"Questa chiesa gesuita situata sul colle Quirinale a Roma \\u00e8 considerata uno dei capolavori del barocco italiano, designata dal Bernini. Descrizione e visita.\",\"breadcrumb\":{\"@id\":\"https:\/\/www.rome-roma.net\/it\/sant-andrea-al-quirinale\/#breadcrumb\"},\"inLanguage\":\"it-IT\",\"potentialAction\":[{\"@type\":\"ReadAction\",\"target\":[\"https:\/\/www.rome-roma.net\/it\/sant-andrea-al-quirinale\/\"]}]},{\"@type\":\"BreadcrumbList\",\"@id\":\"https:\/\/www.rome-roma.net\/it\/sant-andrea-al-quirinale\/#breadcrumb\",\"itemListElement\":[{\"@type\":\"ListItem\",\"position\":1,\"name\":\"Accueil\",\"item\":\"https:\/\/www.rome-roma.net\/it\/\"},{\"@type\":\"ListItem\",\"position\":2,\"name\":\"Sant&#8217;Andrea al Quirinale\"}]}]}<\/script>\n<!-- \/ Yoast SEO plugin. -->","yoast_head_json":{"title":"Sant'Andrea al Quirinale &ndash; Rome-Roma","description":"Questa chiesa gesuita situata sul colle Quirinale a Roma \u00e8 considerata uno dei capolavori del barocco italiano, designata dal Bernini. Descrizione e visita.","robots":{"index":"index","follow":"follow","max-snippet":"max-snippet:-1","max-image-preview":"max-image-preview:large","max-video-preview":"max-video-preview:-1"},"canonical":"https:\/\/www.rome-roma.net\/it\/sant-andrea-al-quirinale\/","og_locale":"it_IT","og_type":"article","og_title":"Sant'Andrea al Quirinale &ndash; Rome-Roma","og_description":"Questa chiesa gesuita situata sul colle Quirinale a Roma \u00e8 considerata uno dei capolavori del barocco italiano, designata dal Bernini. Descrizione e visita.","og_url":"https:\/\/www.rome-roma.net\/it\/sant-andrea-al-quirinale\/","og_site_name":"Rome-Roma","article_modified_time":"2024-12-17T15:09:29+00:00","og_image":[{"url":"https:\/\/www.rome-roma.net\/photos\/quirinale-spagna-angelo-farnese\/images\/sant_andrea_al_quirinale_4386.jpg"}],"twitter_card":"summary_large_image","twitter_misc":{"Tempo di lettura stimato":"4 minuti"},"schema":{"@context":"https:\/\/schema.org","@graph":[{"@type":"Organization","@id":"https:\/\/www.rome-roma.net\/it\/#organization","name":"Rome-Roma","url":"https:\/\/www.rome-roma.net\/it\/","sameAs":[],"logo":{"@type":"ImageObject","@id":"https:\/\/www.rome-roma.net\/it\/#logo","inLanguage":"it-IT","url":"https:\/\/www.rome-roma.net\/wp-content\/uploads\/2025\/07\/logo-rome-roma-420.jpg","contentUrl":"https:\/\/www.rome-roma.net\/wp-content\/uploads\/2025\/07\/logo-rome-roma-420.jpg","width":420,"height":420,"caption":"Rome-Roma"},"image":{"@id":"https:\/\/www.rome-roma.net\/it\/#logo"}},{"@type":"WebSite","@id":"https:\/\/www.rome-roma.net\/it\/#website","url":"https:\/\/www.rome-roma.net\/it\/","name":"Rome-Roma","description":"Cultura & Viaggio","publisher":{"@id":"https:\/\/www.rome-roma.net\/it\/#organization"},"potentialAction":[{"@type":"SearchAction","target":{"@type":"EntryPoint","urlTemplate":"https:\/\/www.rome-roma.net\/it\/?s={search_term_string}"},"query-input":"required name=search_term_string"}],"inLanguage":"it-IT"},{"@type":"ImageObject","@id":"https:\/\/www.rome-roma.net\/it\/sant-andrea-al-quirinale\/#primaryimage","inLanguage":"it-IT","url":"https:\/\/www.rome-roma.net\/photos\/quirinale-spagna-angelo-farnese\/images\/sant_andrea_al_quirinale_4386.jpg","contentUrl":"https:\/\/www.rome-roma.net\/photos\/quirinale-spagna-angelo-farnese\/images\/sant_andrea_al_quirinale_4386.jpg"},{"@type":"WebPage","@id":"https:\/\/www.rome-roma.net\/it\/sant-andrea-al-quirinale\/#webpage","url":"https:\/\/www.rome-roma.net\/it\/sant-andrea-al-quirinale\/","name":"Sant'Andrea al Quirinale &ndash; Rome-Roma","isPartOf":{"@id":"https:\/\/www.rome-roma.net\/it\/#website"},"primaryImageOfPage":{"@id":"https:\/\/www.rome-roma.net\/it\/sant-andrea-al-quirinale\/#primaryimage"},"datePublished":"2020-01-26T10:22:25+00:00","dateModified":"2024-12-17T15:09:29+00:00","description":"Questa chiesa gesuita situata sul colle Quirinale a Roma \u00e8 considerata uno dei capolavori del barocco italiano, designata dal Bernini. Descrizione e visita.","breadcrumb":{"@id":"https:\/\/www.rome-roma.net\/it\/sant-andrea-al-quirinale\/#breadcrumb"},"inLanguage":"it-IT","potentialAction":[{"@type":"ReadAction","target":["https:\/\/www.rome-roma.net\/it\/sant-andrea-al-quirinale\/"]}]},{"@type":"BreadcrumbList","@id":"https:\/\/www.rome-roma.net\/it\/sant-andrea-al-quirinale\/#breadcrumb","itemListElement":[{"@type":"ListItem","position":1,"name":"Accueil","item":"https:\/\/www.rome-roma.net\/it\/"},{"@type":"ListItem","position":2,"name":"Sant&#8217;Andrea al Quirinale"}]}]}},"acf_fields":{"nom_monument":null,"wikidata":"Q1354667","sameas":null},"_links":{"self":[{"href":"https:\/\/www.rome-roma.net\/it\/wp-json\/wp\/v2\/site\/7358"}],"collection":[{"href":"https:\/\/www.rome-roma.net\/it\/wp-json\/wp\/v2\/site"}],"about":[{"href":"https:\/\/www.rome-roma.net\/it\/wp-json\/wp\/v2\/types\/site"}],"replies":[{"embeddable":true,"href":"https:\/\/www.rome-roma.net\/it\/wp-json\/wp\/v2\/comments?post=7358"}],"wp:attachment":[{"href":"https:\/\/www.rome-roma.net\/it\/wp-json\/wp\/v2\/media?parent=7358"}],"wp:term":[{"taxonomy":"genre","embeddable":true,"href":"https:\/\/www.rome-roma.net\/it\/wp-json\/wp\/v2\/genre?post=7358"},{"taxonomy":"interet","embeddable":true,"href":"https:\/\/www.rome-roma.net\/it\/wp-json\/wp\/v2\/interet?post=7358"},{"taxonomy":"quartier","embeddable":true,"href":"https:\/\/www.rome-roma.net\/it\/wp-json\/wp\/v2\/quartier?post=7358"},{"taxonomy":"categorie_site","embeddable":true,"href":"https:\/\/www.rome-roma.net\/it\/wp-json\/wp\/v2\/categorie_site?post=7358"},{"taxonomy":"quartier_historique","embeddable":true,"href":"https:\/\/www.rome-roma.net\/it\/wp-json\/wp\/v2\/quartier_historique?post=7358"},{"taxonomy":"etiquettes_site","embeddable":true,"href":"https:\/\/www.rome-roma.net\/it\/wp-json\/wp\/v2\/etiquettes_site?post=7358"}],"curies":[{"name":"wp","href":"https:\/\/api.w.org\/{rel}","templated":true}]}}