


{"id":7609,"date":"2020-01-17T12:59:00","date_gmt":"2020-01-17T11:59:00","guid":{"rendered":"https:\/\/www.rome-roma.net\/site\/thermes-de-diocletien\/"},"modified":"2025-08-20T18:05:46","modified_gmt":"2025-08-20T16:05:46","slug":"terme-di-diocleziano","status":"publish","type":"site","link":"https:\/\/www.rome-roma.net\/it\/terme-di-diocleziano\/","title":{"rendered":"Terme di Diocleziano"},"content":{"rendered":"<p>Le <strong>Terme di Diocleziano<\/strong>, edificati tra il 298 e il 306 d.C. sotto l\u2019imperatore Diocleziano e il suo co-imperatore Massimiano, sono i pi\u00f9 vasti complessi termali mai costruiti a Roma. Situati sul colle Viminale, nei pressi di <a href=\"https:\/\/www.rome-roma.net\/it\/piazza-della-repubblica\/\">Piazza della Repubblica<\/a>, si estendevano su una superficie impressionante di 13 ettari, con dimensioni di 380 \u00d7 370 metri, potendo accogliere fino a 3.000 persone contemporaneamente. <br \/>Oggi ospitano una parte importante del <a href=\"https:\/\/www.rome-roma.net\/it\/museo-nazionale-romano\/\">Museo Nazionale Romano<\/a>\u00a0e una delle sue aule, la <a href=\"https:\/\/www.rome-roma.net\/it\/basilica-santa-maria-degli-angeli\/\">chiesa di Santa Maria degli Angeli<\/a>.<\/p>\n<h2>Un modello di ingegneria e di comfort<\/h2>\n<div style=\"width: 310px\" class=\"wp-caption alignleft\"><a href=\"https:\/\/www.rome-roma.net\/photos\/termedidiocleziano-museonazionaleromano\/images\/terme_diocleziano_0475.jpg\"><img loading=\"lazy\" src=\"https:\/\/www.rome-roma.net\/photos\/termedidiocleziano-museonazionaleromano\/images\/terme_diocleziano_0475.jpg\" alt=\"terme di Diocleziano\" width=\"300\" height=\"200\" align=\"right\" hspace=\"5\" vspace=\"2\" \/><\/a><p class=\"wp-caption-text\">Sala delle Terme di Diocleziano<\/p><\/div>\n<p>La pianta delle terme si ispirava a quella delle Terme di Traiano, con un\u2019organizzazione su assi simmetrici. Le principali sale erano disposte lungo un asse centrale: il calidarium (bagno caldo), il tepidarium (bagno tiepido) e il frigidarium (bagno freddo). All\u2019esterno, impianti come palestre, biblioteche e giardini completavano il complesso.<\/p>\n<p>Per garantire l\u2019approvvigionamento idrico, le terme erano alimentate da un ramo dell\u2019Aqua Marcia, uno degli acquedotti pi\u00f9 antichi di Roma, e disponevano di una cisterna monumentale chiamata \u201cbotte di Termini\u201d.<\/p>\n<h2>Trasformazione in chiesa e museo<\/h2>\n<p>Nel VI secolo le terme furono abbandonate a causa delle invasioni gotiche e dell\u2019interruzione dell\u2019approvvigionamento idrico. Nel XVI secolo papa <strong>Pio IV<\/strong> ne ordin\u00f2 la trasformazione in chiesa e in certosa, affidandola a <strong>Michelangelo<\/strong><a href=\"https:\/\/www.rome-roma.net\/it\/basilica-santa-maria-degli-angeli\/\">Basilica Santa Maria degli Angeli<\/a>. Questi progett\u00f2 la chiesa di Santa Maria degli Angeli e dei Martiri nel Tepidarium e una parte della sala centrale delle terme.<\/p>\n<div id=\"attachment_35754\" style=\"width: 310px\" class=\"wp-caption alignright\"><a href=\"https:\/\/www.rome-roma.net\/wp-content\/uploads\/2020\/01\/chiostro-terme-di-diocleziano-rome_0516.jpg\"><img aria-describedby=\"caption-attachment-35754\" loading=\"lazy\" class=\"size-medium wp-image-35754\" src=\"https:\/\/www.rome-roma.net\/wp-content\/uploads\/2020\/01\/chiostro-terme-di-diocleziano-rome_0516-300x200.jpg\" alt=\"Chiostro delle Terme di Diocleziano, Roma\" width=\"300\" height=\"200\" srcset=\"https:\/\/www.rome-roma.net\/wp-content\/uploads\/2020\/01\/chiostro-terme-di-diocleziano-rome_0516-300x200.jpg 300w, https:\/\/www.rome-roma.net\/wp-content\/uploads\/2020\/01\/chiostro-terme-di-diocleziano-rome_0516-1024x683.jpg 1024w, https:\/\/www.rome-roma.net\/wp-content\/uploads\/2020\/01\/chiostro-terme-di-diocleziano-rome_0516-768x512.jpg 768w, https:\/\/www.rome-roma.net\/wp-content\/uploads\/2020\/01\/chiostro-terme-di-diocleziano-rome_0516.jpg 1200w\" sizes=\"(max-width: 300px) 100vw, 300px\" \/><\/a><p id=\"caption-attachment-35754\" class=\"wp-caption-text\">Chiostro delle Terme di Diocleziano<\/p><\/div>\n<p>Il chiostro maestoso, attribuito a Michelangelo, fu costruito intorno al 1565, con arcate lunghe 80 metri, che ospitano numerose stele e sarcofagi antichi. La fontana centrale, eretta nel 1695, \u00e8 circondata da sette teste colossali di statue di animali, probabilmente provenienti dal Foro di Traiano.<br \/>Sull\u2019area esterna si trovavano due sale circolari, una delle quali fu trasformata nella <a href=\"https:\/\/www.rome-roma.net\/it\/chiesa-san-bernardo-alle-terme\/\">chiesa di San Bernardo<\/a>.<\/p>\n<p>Oggi una parte del complesso ospita il Museo Nazionale Romano, offrendo un\u2019immersione nella storia dell\u2019antica Roma. I visitatori possono scoprire reperti archeologici, sculture e mosaici, testimoni della grandezza passata delle terme. <br \/>In una delle antiche sale \u00e8 stata collocata una tomba familiare (i <em>Platorini<\/em>), insieme a un <em>colombario<\/em> (struttura per urne funerarie) e a sarcofagi.<\/p>\n<p>All\u2019ingresso del museo \u00e8 stato realizzato un giardino paesaggistico, ornato da stele antiche e da un grande vaso romano usato come fontana.<\/p>\n<h2>Galleria fotografica<\/h2>\n\n\n<figure class=\"wp-container-3 wp-block-gallery-2 wp-block-gallery has-nested-images columns-default is-cropped\">\n<figure class=\"wp-block-image size-medium\"><a href=\"https:\/\/www.rome-roma.net\/wp-content\/uploads\/2020\/01\/thermes-de-diocletien-rome_0475.jpg\"><img loading=\"lazy\" width=\"300\" height=\"200\" data-id=\"35819\"  src=\"https:\/\/www.rome-roma.net\/wp-content\/uploads\/2020\/01\/thermes-de-diocletien-rome_0475-300x200.jpg\" alt=\"Edifici delle Terme di Diocleziano, Roma\" class=\"wp-image-35819\" srcset=\"https:\/\/www.rome-roma.net\/wp-content\/uploads\/2020\/01\/thermes-de-diocletien-rome_0475-300x200.jpg 300w, https:\/\/www.rome-roma.net\/wp-content\/uploads\/2020\/01\/thermes-de-diocletien-rome_0475-1024x683.jpg 1024w, https:\/\/www.rome-roma.net\/wp-content\/uploads\/2020\/01\/thermes-de-diocletien-rome_0475-768x512.jpg 768w, https:\/\/www.rome-roma.net\/wp-content\/uploads\/2020\/01\/thermes-de-diocletien-rome_0475.jpg 1200w\" sizes=\"(max-width: 300px) 100vw, 300px\" \/><\/a><figcaption>Edifici delle Terme di Diocleziano<\/figcaption><\/figure>\n\n\n\n<figure class=\"wp-block-image size-medium\"><a href=\"https:\/\/www.rome-roma.net\/wp-content\/uploads\/2020\/01\/terme-di-diocleziano-rome_0476.jpg\"><img loading=\"lazy\" width=\"300\" height=\"200\" data-id=\"35814\"  src=\"https:\/\/www.rome-roma.net\/wp-content\/uploads\/2020\/01\/terme-di-diocleziano-rome_0476-300x200.jpg\" alt=\"Edifici delle Terme di Diocleziano, Roma\" class=\"wp-image-35814\" srcset=\"https:\/\/www.rome-roma.net\/wp-content\/uploads\/2020\/01\/terme-di-diocleziano-rome_0476-300x200.jpg 300w, https:\/\/www.rome-roma.net\/wp-content\/uploads\/2020\/01\/terme-di-diocleziano-rome_0476-1024x683.jpg 1024w, https:\/\/www.rome-roma.net\/wp-content\/uploads\/2020\/01\/terme-di-diocleziano-rome_0476-768x512.jpg 768w, https:\/\/www.rome-roma.net\/wp-content\/uploads\/2020\/01\/terme-di-diocleziano-rome_0476.jpg 1200w\" sizes=\"(max-width: 300px) 100vw, 300px\" \/><\/a><figcaption>Edifici delle Terme di Diocleziano<\/figcaption><\/figure>\n\n\n\n<figure class=\"wp-block-image size-medium\"><a href=\"https:\/\/www.rome-roma.net\/wp-content\/uploads\/2020\/01\/planetario-terme-di-diocleziano-rome_0473.jpg\"><img loading=\"lazy\" width=\"300\" height=\"200\" data-id=\"35789\"  src=\"https:\/\/www.rome-roma.net\/wp-content\/uploads\/2020\/01\/planetario-terme-di-diocleziano-rome_0473-300x200.jpg\" alt=\"Planetario, terme di Diocleziano, Roma\" class=\"wp-image-35789\" srcset=\"https:\/\/www.rome-roma.net\/wp-content\/uploads\/2020\/01\/planetario-terme-di-diocleziano-rome_0473-300x200.jpg 300w, https:\/\/www.rome-roma.net\/wp-content\/uploads\/2020\/01\/planetario-terme-di-diocleziano-rome_0473-1024x683.jpg 1024w, https:\/\/www.rome-roma.net\/wp-content\/uploads\/2020\/01\/planetario-terme-di-diocleziano-rome_0473-768x512.jpg 768w, https:\/\/www.rome-roma.net\/wp-content\/uploads\/2020\/01\/planetario-terme-di-diocleziano-rome_0473.jpg 1200w\" sizes=\"(max-width: 300px) 100vw, 300px\" \/><\/a><figcaption>Aula del planetario<\/figcaption><\/figure>\n\n\n\n<figure class=\"wp-block-image size-medium\"><a href=\"https:\/\/www.rome-roma.net\/wp-content\/uploads\/2020\/01\/aula-tomba-dei-platorinus-terme-di-diocleziano-rome_0531.jpg\"><img loading=\"lazy\" width=\"300\" height=\"200\" data-id=\"35749\"  src=\"https:\/\/www.rome-roma.net\/wp-content\/uploads\/2020\/01\/aula-tomba-dei-platorinus-terme-di-diocleziano-rome_0531-300x200.jpg\" alt=\"Aula delle terme di Diocleziano con tomba dei Platorinus, Roma\" class=\"wp-image-35749\" srcset=\"https:\/\/www.rome-roma.net\/wp-content\/uploads\/2020\/01\/aula-tomba-dei-platorinus-terme-di-diocleziano-rome_0531-300x200.jpg 300w, https:\/\/www.rome-roma.net\/wp-content\/uploads\/2020\/01\/aula-tomba-dei-platorinus-terme-di-diocleziano-rome_0531-1024x683.jpg 1024w, https:\/\/www.rome-roma.net\/wp-content\/uploads\/2020\/01\/aula-tomba-dei-platorinus-terme-di-diocleziano-rome_0531-768x512.jpg 768w, https:\/\/www.rome-roma.net\/wp-content\/uploads\/2020\/01\/aula-tomba-dei-platorinus-terme-di-diocleziano-rome_0531.jpg 1200w\" sizes=\"(max-width: 300px) 100vw, 300px\" \/><\/a><figcaption>Aula con tomba dei Platorinus<\/figcaption><\/figure>\n\n\n\n<figure class=\"wp-block-image size-medium\"><a href=\"https:\/\/www.rome-roma.net\/wp-content\/uploads\/2020\/01\/fontana-giardino-terme-di-diocleziano-rome_0480.jpg\"><img loading=\"lazy\" width=\"200\" height=\"300\" data-id=\"35779\"  src=\"https:\/\/www.rome-roma.net\/wp-content\/uploads\/2020\/01\/fontana-giardino-terme-di-diocleziano-rome_0480-200x300.jpg\" alt=\"Vaso romano, fontana del giardino delle Terme di Diocleziano a Roma\" class=\"wp-image-35779\" srcset=\"https:\/\/www.rome-roma.net\/wp-content\/uploads\/2020\/01\/fontana-giardino-terme-di-diocleziano-rome_0480-200x300.jpg 200w, https:\/\/www.rome-roma.net\/wp-content\/uploads\/2020\/01\/fontana-giardino-terme-di-diocleziano-rome_0480-683x1024.jpg 683w, https:\/\/www.rome-roma.net\/wp-content\/uploads\/2020\/01\/fontana-giardino-terme-di-diocleziano-rome_0480-768x1152.jpg 768w, https:\/\/www.rome-roma.net\/wp-content\/uploads\/2020\/01\/fontana-giardino-terme-di-diocleziano-rome_0480.jpg 800w\" sizes=\"(max-width: 200px) 100vw, 200px\" \/><\/a><figcaption>Vaso romano, fontana del giardino<\/figcaption><\/figure>\n\n\n\n<figure class=\"wp-block-image size-medium\"><a href=\"https:\/\/www.rome-roma.net\/wp-content\/uploads\/2020\/01\/chiostro-terme-di-diocleziano-rome_0516.jpg\"><img loading=\"lazy\" width=\"300\" height=\"200\" data-id=\"35754\"  src=\"https:\/\/www.rome-roma.net\/wp-content\/uploads\/2020\/01\/chiostro-terme-di-diocleziano-rome_0516-300x200.jpg\" alt=\"Chiostro delle Terme di Diocleziano, Roma\" class=\"wp-image-35754\" srcset=\"https:\/\/www.rome-roma.net\/wp-content\/uploads\/2020\/01\/chiostro-terme-di-diocleziano-rome_0516-300x200.jpg 300w, https:\/\/www.rome-roma.net\/wp-content\/uploads\/2020\/01\/chiostro-terme-di-diocleziano-rome_0516-1024x683.jpg 1024w, https:\/\/www.rome-roma.net\/wp-content\/uploads\/2020\/01\/chiostro-terme-di-diocleziano-rome_0516-768x512.jpg 768w, https:\/\/www.rome-roma.net\/wp-content\/uploads\/2020\/01\/chiostro-terme-di-diocleziano-rome_0516.jpg 1200w\" sizes=\"(max-width: 300px) 100vw, 300px\" \/><\/a><figcaption>Chiostro delle Terme di Diocleziano<\/figcaption><\/figure>\n\n\n\n<figure class=\"wp-block-image size-medium\"><a href=\"https:\/\/www.rome-roma.net\/wp-content\/uploads\/2020\/01\/cloitre-thermes-de-diocletien-rome-roma_0524.jpg\"><img loading=\"lazy\" width=\"300\" height=\"200\" data-id=\"35769\"  src=\"https:\/\/www.rome-roma.net\/wp-content\/uploads\/2020\/01\/cloitre-thermes-de-diocletien-rome-roma_0524-300x200.jpg\" alt=\"Chiostro delle Terme di Diocleziano, Roma\" class=\"wp-image-35769\" srcset=\"https:\/\/www.rome-roma.net\/wp-content\/uploads\/2020\/01\/cloitre-thermes-de-diocletien-rome-roma_0524-300x200.jpg 300w, https:\/\/www.rome-roma.net\/wp-content\/uploads\/2020\/01\/cloitre-thermes-de-diocletien-rome-roma_0524-1024x683.jpg 1024w, https:\/\/www.rome-roma.net\/wp-content\/uploads\/2020\/01\/cloitre-thermes-de-diocletien-rome-roma_0524-768x512.jpg 768w, https:\/\/www.rome-roma.net\/wp-content\/uploads\/2020\/01\/cloitre-thermes-de-diocletien-rome-roma_0524.jpg 1200w\" sizes=\"(max-width: 300px) 100vw, 300px\" \/><\/a><figcaption>Chiostro delle Terme di Diocleziano<\/figcaption><\/figure>\n\n\n\n<figure class=\"wp-block-image size-medium\"><a href=\"https:\/\/www.rome-roma.net\/wp-content\/uploads\/2020\/01\/chiostro-terme-di-diocleziano-rome_0518.jpg\"><img loading=\"lazy\" width=\"300\" height=\"200\" data-id=\"35759\"  src=\"https:\/\/www.rome-roma.net\/wp-content\/uploads\/2020\/01\/chiostro-terme-di-diocleziano-rome_0518-300x200.jpg\" alt=\"Chiostro delle Terme di Diocleziano, Roma\" class=\"wp-image-35759\" srcset=\"https:\/\/www.rome-roma.net\/wp-content\/uploads\/2020\/01\/chiostro-terme-di-diocleziano-rome_0518-300x200.jpg 300w, https:\/\/www.rome-roma.net\/wp-content\/uploads\/2020\/01\/chiostro-terme-di-diocleziano-rome_0518-1024x683.jpg 1024w, https:\/\/www.rome-roma.net\/wp-content\/uploads\/2020\/01\/chiostro-terme-di-diocleziano-rome_0518-768x512.jpg 768w, https:\/\/www.rome-roma.net\/wp-content\/uploads\/2020\/01\/chiostro-terme-di-diocleziano-rome_0518.jpg 1200w\" sizes=\"(max-width: 300px) 100vw, 300px\" \/><\/a><figcaption>Chiostro delle Terme di Diocleziano<\/figcaption><\/figure>\n\n\n\n<figure class=\"wp-block-image size-medium\"><a href=\"https:\/\/www.rome-roma.net\/wp-content\/uploads\/2020\/01\/cloitre-thermes-de-diocletien-rome-roma_0522.jpg\"><img loading=\"lazy\" width=\"300\" height=\"200\" data-id=\"35764\"  src=\"https:\/\/www.rome-roma.net\/wp-content\/uploads\/2020\/01\/cloitre-thermes-de-diocletien-rome-roma_0522-300x200.jpg\" alt=\"Chiostro delle Terme di Diocleziano, Roma\" class=\"wp-image-35764\" srcset=\"https:\/\/www.rome-roma.net\/wp-content\/uploads\/2020\/01\/cloitre-thermes-de-diocletien-rome-roma_0522-300x200.jpg 300w, https:\/\/www.rome-roma.net\/wp-content\/uploads\/2020\/01\/cloitre-thermes-de-diocletien-rome-roma_0522-1024x683.jpg 1024w, https:\/\/www.rome-roma.net\/wp-content\/uploads\/2020\/01\/cloitre-thermes-de-diocletien-rome-roma_0522-768x512.jpg 768w, https:\/\/www.rome-roma.net\/wp-content\/uploads\/2020\/01\/cloitre-thermes-de-diocletien-rome-roma_0522.jpg 1200w\" sizes=\"(max-width: 300px) 100vw, 300px\" \/><\/a><figcaption>Chiostro delle Terme di Diocleziano<\/figcaption><\/figure>\n\n\n\n<figure class=\"wp-block-image size-medium\"><a href=\"https:\/\/www.rome-roma.net\/wp-content\/uploads\/2020\/01\/statue-chiostro-terme-di-diocleziano-rome_0519.jpg\"><img loading=\"lazy\" width=\"200\" height=\"300\" data-id=\"35809\"  src=\"https:\/\/www.rome-roma.net\/wp-content\/uploads\/2020\/01\/statue-chiostro-terme-di-diocleziano-rome_0519-200x300.jpg\" alt=\"Statua di testa di toro, chiostro delle Terme di Diocleziano, Roma\" class=\"wp-image-35809\" srcset=\"https:\/\/www.rome-roma.net\/wp-content\/uploads\/2020\/01\/statue-chiostro-terme-di-diocleziano-rome_0519-200x300.jpg 200w, https:\/\/www.rome-roma.net\/wp-content\/uploads\/2020\/01\/statue-chiostro-terme-di-diocleziano-rome_0519-683x1024.jpg 683w, https:\/\/www.rome-roma.net\/wp-content\/uploads\/2020\/01\/statue-chiostro-terme-di-diocleziano-rome_0519-768x1152.jpg 768w, https:\/\/www.rome-roma.net\/wp-content\/uploads\/2020\/01\/statue-chiostro-terme-di-diocleziano-rome_0519.jpg 800w\" sizes=\"(max-width: 200px) 100vw, 200px\" \/><\/a><figcaption>Statua di testa di toro, chiostro<\/figcaption><\/figure>\n\n\n\n<figure class=\"wp-block-image size-medium\"><a href=\"https:\/\/www.rome-roma.net\/wp-content\/uploads\/2020\/01\/colombarium-terme-di-diocleziano-rome_0532.jpg\"><img loading=\"lazy\" width=\"300\" height=\"200\" data-id=\"35774\"  src=\"https:\/\/www.rome-roma.net\/wp-content\/uploads\/2020\/01\/colombarium-terme-di-diocleziano-rome_0532-300x200.jpg\" alt=\"Colombario, Terme di Diocleziano, Roma\" class=\"wp-image-35774\" srcset=\"https:\/\/www.rome-roma.net\/wp-content\/uploads\/2020\/01\/colombarium-terme-di-diocleziano-rome_0532-300x200.jpg 300w, https:\/\/www.rome-roma.net\/wp-content\/uploads\/2020\/01\/colombarium-terme-di-diocleziano-rome_0532-1024x683.jpg 1024w, https:\/\/www.rome-roma.net\/wp-content\/uploads\/2020\/01\/colombarium-terme-di-diocleziano-rome_0532-768x512.jpg 768w, https:\/\/www.rome-roma.net\/wp-content\/uploads\/2020\/01\/colombarium-terme-di-diocleziano-rome_0532.jpg 1200w\" sizes=\"(max-width: 300px) 100vw, 300px\" \/><\/a><figcaption>Colombario<\/figcaption><\/figure>\n\n\n\n<figure class=\"wp-block-image size-medium\"><a href=\"https:\/\/www.rome-roma.net\/wp-content\/uploads\/2020\/01\/santa-maria-degli-angeli-rome_0446.jpg\"><img loading=\"lazy\" width=\"300\" height=\"200\" data-id=\"35799\"  src=\"https:\/\/www.rome-roma.net\/wp-content\/uploads\/2020\/01\/santa-maria-degli-angeli-rome_0446-300x200.jpg\" alt=\"Esterno di Santa Maria degli Angeli, Terme di Diocleziano, Roma\" class=\"wp-image-35799\" srcset=\"https:\/\/www.rome-roma.net\/wp-content\/uploads\/2020\/01\/santa-maria-degli-angeli-rome_0446-300x200.jpg 300w, https:\/\/www.rome-roma.net\/wp-content\/uploads\/2020\/01\/santa-maria-degli-angeli-rome_0446-1024x683.jpg 1024w, https:\/\/www.rome-roma.net\/wp-content\/uploads\/2020\/01\/santa-maria-degli-angeli-rome_0446-768x512.jpg 768w, https:\/\/www.rome-roma.net\/wp-content\/uploads\/2020\/01\/santa-maria-degli-angeli-rome_0446.jpg 1200w\" sizes=\"(max-width: 300px) 100vw, 300px\" \/><\/a><figcaption>Esterno di Santa Maria degli Angeli<\/figcaption><\/figure>\n\n\n\n<figure class=\"wp-block-image size-medium\"><a href=\"https:\/\/www.rome-roma.net\/wp-content\/uploads\/2020\/01\/santa-maria-degli-angeli-terme-di-diocleziano-rome_0455.jpg\"><img loading=\"lazy\" width=\"300\" height=\"200\" data-id=\"35804\"  src=\"https:\/\/www.rome-roma.net\/wp-content\/uploads\/2020\/01\/santa-maria-degli-angeli-terme-di-diocleziano-rome_0455-300x200.jpg\" alt=\"Interno di Santa Maria degli Angeli, Sala delle Terme di Diocleziano, Roma\" class=\"wp-image-35804\" srcset=\"https:\/\/www.rome-roma.net\/wp-content\/uploads\/2020\/01\/santa-maria-degli-angeli-terme-di-diocleziano-rome_0455-300x200.jpg 300w, https:\/\/www.rome-roma.net\/wp-content\/uploads\/2020\/01\/santa-maria-degli-angeli-terme-di-diocleziano-rome_0455-1024x683.jpg 1024w, https:\/\/www.rome-roma.net\/wp-content\/uploads\/2020\/01\/santa-maria-degli-angeli-terme-di-diocleziano-rome_0455-768x512.jpg 768w, https:\/\/www.rome-roma.net\/wp-content\/uploads\/2020\/01\/santa-maria-degli-angeli-terme-di-diocleziano-rome_0455.jpg 1200w\" sizes=\"(max-width: 300px) 100vw, 300px\" \/><\/a><figcaption>Interno di Santa Maria degli Angeli<\/figcaption><\/figure>\n\n\n\n<figure class=\"wp-block-image size-medium\"><a href=\"https:\/\/www.rome-roma.net\/wp-content\/uploads\/2020\/01\/sainte-marie-des-anges-thermes-de-diocletien-rome_0468.jpg\"><img loading=\"lazy\" width=\"300\" height=\"200\" data-id=\"35794\"  src=\"https:\/\/www.rome-roma.net\/wp-content\/uploads\/2020\/01\/sainte-marie-des-anges-thermes-de-diocletien-rome_0468-300x200.jpg\" alt=\"Interno di Santa Maria degli Angeli, Roma\" class=\"wp-image-35794\" srcset=\"https:\/\/www.rome-roma.net\/wp-content\/uploads\/2020\/01\/sainte-marie-des-anges-thermes-de-diocletien-rome_0468-300x200.jpg 300w, https:\/\/www.rome-roma.net\/wp-content\/uploads\/2020\/01\/sainte-marie-des-anges-thermes-de-diocletien-rome_0468-1024x683.jpg 1024w, https:\/\/www.rome-roma.net\/wp-content\/uploads\/2020\/01\/sainte-marie-des-anges-thermes-de-diocletien-rome_0468-768x512.jpg 768w, https:\/\/www.rome-roma.net\/wp-content\/uploads\/2020\/01\/sainte-marie-des-anges-thermes-de-diocletien-rome_0468.jpg 1200w\" sizes=\"(max-width: 300px) 100vw, 300px\" \/><\/a><figcaption>Interno di Santa Maria degli Angeli<\/figcaption><\/figure>\n<\/figure>\n\n\n\n<h2>Cartina ed indirizzo<\/h2>\r\n\t\t<b>Indirizzo : <\/b>Viale Enrico de Nicola, 76, 00185 Roma RM, Italie<div id=\"travelersmap-container-69f0f2221f3c6\" class=\"travelersmap-container\" style=\"z-index: 1; min-height: 10px; min-width:10px; height:400px;width:100%; max-width:; max-height:; position:relative;\"><div style=\"position:absolute; z-index:-1;top: 50%;text-align: center;display: block;left: 50%;transform: translate(-50%,-50%);\">Travelers' Map is loading... <br> If you see this after your page is loaded completely, leafletJS files are missing.<\/div><\/div><i>Clicca sulla freccia per localizzarti sulla mappa<\/i>\n\n\n\n<h2>Vedute antiche nel arte<\/h2><div>5 opere di Terme di Diocleziano sono state trovate nella database. Per vederle tutte aprire questo <a href=\"https:\/\/www.rome-roma.net\/site-rome-art.php?lieu=thermes+de+diocletien\" target=\"_blank\">collegamento<\/a>.<\/div><div class=\"wp-block-kadence-advancedgallery kb-gallery-wrap-id-_5955fd-3f\">\r\n        <div class=\"kb-gallery-ul kb-gallery-type-fluidcarousel kb-gallery-id-_5955fd-3f kb-gallery-caption-style-below kb-gallery-magnific-init kb-gallery-filter-none\" data-image-filter=\"none\" data-lightbox-caption=\"true\">\r\n            <div class=\"kt-blocks-carousel kt-carousel-container-dotstyle-dark\">\r\n                <div class=\"kt-blocks-carousel-init kb-blocks-fluid-carousel kt-carousel-arrowstyle-whiteondark kt-carousel-dotstyle-dark\" data-slider-anim-speed=\"400\" data-slider-type=\"fluidcarousel\" data-slider-scroll=\"1\" data-slider-arrows=\"true\" data-slider-dots=\"true\" data-slider-hover-pause=\"false\" data-slider-auto=\"false\" data-slider-speed=\"7000\">\r\n        <div class=\"kb-slide-item kb-gallery-carousel-item\"><li class=\"kadence-blocks-gallery-item\"><div class=\"kadence-blocks-gallery-item-inner\">\r\n            <figure class=\"kb-gallery-figure kb-gallery-item-has-link kadence-blocks-gallery-item-has-caption\">\r\n                <a href=\"https:\/\/www.rome-roma.net\/artmodule\/hendrik frans van lint\/hendrik frans van lint - terme di diocleziano.jpg\" class=\"kb-gallery-item-link\" style=\"color: #FFFFFF;\">\r\n                    <div class=\"kb-gal-image-radius\"><div class=\"kb-gallery-image-contain\">\r\n                        <img src=\"https:\/\/www.rome-roma.net\/artmodule\/hendrik frans van lint\/hendrik frans van lint - terme di diocleziano.jpg\" width=\"300\" height=\"200\" \r\n                            alt=\"Hendrik Frans van Lint,Thermes de Diocl\u00e9tien (?, avant 1763, date ind\u00e9termin\u00e9e)\" \r\n                            data-full-image=\"https:\/\/www.rome-roma.net\/artmodule\/hendrik frans van lint\/hendrik frans van lint - terme di diocleziano.jpg\" \r\n                            data-light-image=\"https:\/\/www.rome-roma.net\/artmodule\/hendrik frans van lint\/hendrik frans van lint - terme di diocleziano.jpg\" data-id=\"149\" \r\n                            data-link=\"https:\/\/www.rome-roma.net\/artmodule\/hendrik frans van lint\/hendrik frans van lint - terme di diocleziano.jpg\" \r\n                            class=\"wp-image-149\" loading=lazy\/>\r\n                    <\/div><\/div>\r\n                    <figcaption class=\"kadence-blocks-gallery-item__caption\">Hendrik Frans van Lint, Thermes de Diocl\u00e9tien<\/figcaption>\r\n                <\/a>\r\n            <\/figure><\/div><\/li><\/div>\r\n        <div class=\"kb-slide-item kb-gallery-carousel-item\"><li class=\"kadence-blocks-gallery-item\"><div class=\"kadence-blocks-gallery-item-inner\">\r\n            <figure class=\"kb-gallery-figure kb-gallery-item-has-link kadence-blocks-gallery-item-has-caption\">\r\n                <a href=\"https:\/\/www.rome-roma.net\/artmodule\/nicolle victor jean\/nicolle victor jean - oratoire dans les thermes de diocletien.jpg\" class=\"kb-gallery-item-link\" style=\"color: #FFFFFF;\">\r\n                    <div class=\"kb-gal-image-radius\"><div class=\"kb-gallery-image-contain\">\r\n                        <img src=\"https:\/\/www.rome-roma.net\/artmodule\/nicolle victor jean\/nicolle victor jean - oratoire dans les thermes de diocletien.jpg\" width=\"300\" height=\"200\" \r\n                            alt=\"Victor-Jean Nicolle,Oratoire dans les Thermes de Diocl\u00e9tien (?, avant 1826, date ind\u00e9termin\u00e9e)\" \r\n                            data-full-image=\"https:\/\/www.rome-roma.net\/artmodule\/nicolle victor jean\/nicolle victor jean - oratoire dans les thermes de diocletien.jpg\" \r\n                            data-light-image=\"https:\/\/www.rome-roma.net\/artmodule\/nicolle victor jean\/nicolle victor jean - oratoire dans les thermes de diocletien.jpg\" data-id=\"149\" \r\n                            data-link=\"https:\/\/www.rome-roma.net\/artmodule\/nicolle victor jean\/nicolle victor jean - oratoire dans les thermes de diocletien.jpg\" \r\n                            class=\"wp-image-149\" loading=lazy\/>\r\n                    <\/div><\/div>\r\n                    <figcaption class=\"kadence-blocks-gallery-item__caption\">Victor-Jean Nicolle, Oratoire dans les Thermes de Diocl\u00e9tien<\/a> (\u0152uvre pr\u00e9sente \u00e0 la <a href=\"https:\/\/galerievittet.com\/\" target=\"_blank\">Galerie Claude Vittet<\/a>)<a><\/figcaption>\r\n                <\/a>\r\n            <\/figure><\/div><\/li><\/div>\r\n        <div class=\"kb-slide-item kb-gallery-carousel-item\"><li class=\"kadence-blocks-gallery-item\"><div class=\"kadence-blocks-gallery-item-inner\">\r\n            <figure class=\"kb-gallery-figure kb-gallery-item-has-link kadence-blocks-gallery-item-has-caption\">\r\n                <a href=\"https:\/\/www.rome-roma.net\/artmodule\/willem van nieulandt\/willem van nieulandt - baths of diocletian - 1618 - rijksmuseum amsterdam.jpg\" class=\"kb-gallery-item-link\" style=\"color: #FFFFFF;\">\r\n                    <div class=\"kb-gal-image-radius\"><div class=\"kb-gallery-image-contain\">\r\n                        <img src=\"https:\/\/www.rome-roma.net\/artmodule\/willem van nieulandt\/willem van nieulandt - baths of diocletian - 1618 - rijksmuseum amsterdam.jpg\" width=\"300\" height=\"200\" \r\n                            alt=\"Willem van Nieulandt,Thermes de Diocl\u00e9tien (1618)\" \r\n                            data-full-image=\"https:\/\/www.rome-roma.net\/artmodule\/willem van nieulandt\/willem van nieulandt - baths of diocletian - 1618 - rijksmuseum amsterdam.jpg\" \r\n                            data-light-image=\"https:\/\/www.rome-roma.net\/artmodule\/willem van nieulandt\/willem van nieulandt - baths of diocletian - 1618 - rijksmuseum amsterdam.jpg\" data-id=\"149\" \r\n                            data-link=\"https:\/\/www.rome-roma.net\/artmodule\/willem van nieulandt\/willem van nieulandt - baths of diocletian - 1618 - rijksmuseum amsterdam.jpg\" \r\n                            class=\"wp-image-149\" loading=lazy\/>\r\n                    <\/div><\/div>\r\n                    <figcaption class=\"kadence-blocks-gallery-item__caption\">Willem van Nieulandt, Thermes de Diocl\u00e9tien<\/figcaption>\r\n                <\/a>\r\n            <\/figure><\/div><\/li><\/div>\r\n        <div class=\"kb-slide-item kb-gallery-carousel-item\"><li class=\"kadence-blocks-gallery-item\"><div class=\"kadence-blocks-gallery-item-inner\">\r\n            <figure class=\"kb-gallery-figure kb-gallery-item-has-link kadence-blocks-gallery-item-has-caption\">\r\n                <a href=\"https:\/\/www.rome-roma.net\/artmodule\/william marlow\/william marlow - baths of diocletian - rome.jpg\" class=\"kb-gallery-item-link\" style=\"color: #FFFFFF;\">\r\n                    <div class=\"kb-gal-image-radius\"><div class=\"kb-gallery-image-contain\">\r\n                        <img src=\"https:\/\/www.rome-roma.net\/artmodule\/william marlow\/william marlow - baths of diocletian - rome.jpg\" width=\"300\" height=\"200\" \r\n                            alt=\"William Marlow,Thermes de Diocl\u00e9tien (?, avant 1813, date ind\u00e9termin\u00e9e)\" \r\n                            data-full-image=\"https:\/\/www.rome-roma.net\/artmodule\/william marlow\/william marlow - baths of diocletian - rome.jpg\" \r\n                            data-light-image=\"https:\/\/www.rome-roma.net\/artmodule\/william marlow\/william marlow - baths of diocletian - rome.jpg\" data-id=\"149\" \r\n                            data-link=\"https:\/\/www.rome-roma.net\/artmodule\/william marlow\/william marlow - baths of diocletian - rome.jpg\" \r\n                            class=\"wp-image-149\" loading=lazy\/>\r\n                    <\/div><\/div>\r\n                    <figcaption class=\"kadence-blocks-gallery-item__caption\">William Marlow, Thermes de Diocl\u00e9tien<\/figcaption>\r\n                <\/a>\r\n            <\/figure><\/div><\/li><\/div>\r\n        <div class=\"kb-slide-item kb-gallery-carousel-item\"><li class=\"kadence-blocks-gallery-item\"><div class=\"kadence-blocks-gallery-item-inner\">\r\n            <figure class=\"kb-gallery-figure kb-gallery-item-has-link kadence-blocks-gallery-item-has-caption\">\r\n                <a href=\"https:\/\/www.rome-roma.net\/artmodule\/william pars\/william pars - baths of diocletian - c1780.jpg\" class=\"kb-gallery-item-link\" style=\"color: #FFFFFF;\">\r\n                    <div class=\"kb-gal-image-radius\"><div class=\"kb-gallery-image-contain\">\r\n                        <img src=\"https:\/\/www.rome-roma.net\/artmodule\/william pars\/william pars - baths of diocletian - c1780.jpg\" width=\"300\" height=\"200\" \r\n                            alt=\"William Pars,Thermes de Diocl\u00e9tien (environ 1780)\" \r\n                            data-full-image=\"https:\/\/www.rome-roma.net\/artmodule\/william pars\/william pars - baths of diocletian - c1780.jpg\" \r\n                            data-light-image=\"https:\/\/www.rome-roma.net\/artmodule\/william pars\/william pars - baths of diocletian - c1780.jpg\" data-id=\"149\" \r\n                            data-link=\"https:\/\/www.rome-roma.net\/artmodule\/william pars\/william pars - baths of diocletian - c1780.jpg\" \r\n                            class=\"wp-image-149\" loading=lazy\/>\r\n                    <\/div><\/div>\r\n                    <figcaption class=\"kadence-blocks-gallery-item__caption\">William Pars, Thermes de Diocl\u00e9tien<\/figcaption>\r\n                <\/a>\r\n            <\/figure><\/div><\/li><\/div><\/div><\/div><\/div><\/div><a href=\"https:\/\/www.rome-roma.net\/site-rome-art.php?lieu=thermes+de+diocletien\" target=\"_blank\">Clica per vedere oltre dipinti e artisti su Thermes de Diocl\u00e9tien in Roma<\/a><br>\n\n\n\n<h2>Informazioni<\/h2>\n<table style=\"border-collapse: collapse; width: 100%; height: 90px;\">\n<tbody>\n<tr style=\"height: 44px; background-color: #fae8c3;\">\n<td style=\"width: 100%; height: 44px;\"><span style=\"font-size: 10pt;\"><strong>Termini di Diocleziano<\/strong><\/span><br \/><span style=\"font-size: 10pt;\"><em> Viale Enrico De Nicola, 78<\/em><\/span><\/td>\n<\/tr>\n<tr style=\"height: 23px; background-color: #f7ece1;\">\n<td style=\"width: 100%; height: 23px;\"><span style=\"font-size: 10pt;\">Vedi la pagina dedicata al <a href=\"https:\/\/www.rome-roma.net\/it\/museo-nazionale-romano\/museo-delle-terme-di-diocleziano\/\">Museo delle terme di Diocleziano<\/a><\/span><\/td>\n<\/tr>\n<tr style=\"height: 23px; background-color: #fae8c3;\">\n<td style=\"width: 100%; height: 23px;\">\n<p><span style=\"font-size: 10pt;\"><strong>Fonti e link<\/strong><\/span><\/p>\n<ul>\n<li><a href=\"https:\/\/060608.comune.roma.it\/cultura\/musei\/museo-nazionale-romano-terme-di-diocleziano-3027\" target=\"_blank\" rel=\"noopener\"><span style=\"font-size: 10pt;\">Museo delle terme sul sito del comune 060608<\/span><\/a><span style=\"font-size: 10pt;\">, <a href=\"https:\/\/060608.comune.roma.it\/cultura\/beni-archeologici\/terme-di-diocleziano-3814\" target=\"_blank\" rel=\"noopener\">terme di Diocleziano su 060608<\/a><\/span><\/li>\n<li><a href=\"https:\/\/it.wikipedia.org\/wiki\/Terme_di_Diocleziano\" target=\"_blank\" rel=\"noopener\"><span style=\"font-size: 10pt;\">Terme di Diocleziano su Wikipedia<\/span><\/a><\/li>\n<\/ul>\n<\/td>\n<\/tr>\n<\/tbody>\n<\/table>\n\n\n\n<h3>Articoli sulle Terme di Diocleziano<\/h3>\n\n\n\n<ul class=\"lcp_catlist\" id=\"lcp_instance_0\"><li class=\"current\"><a href=\"https:\/\/www.rome-roma.net\/it\/terme-di-diocleziano\/\">Terme di Diocleziano<\/a><a href=\"https:\/\/www.rome-roma.net\/it\/terme-di-diocleziano\/\" title=\"Terme di Diocleziano\"><img width=\"50\" height=\"50\" src=\"https:\/\/www.rome-roma.net\/wp-content\/uploads\/2020\/01\/terme-di-diocleziano-rome_0476-150x150.jpg\" class=\"classthumblist wp-post-image\" alt=\"Terme di Diocleziano\" loading=\"lazy\" srcset=\"https:\/\/www.rome-roma.net\/wp-content\/uploads\/2020\/01\/terme-di-diocleziano-rome_0476-150x150.jpg 150w, https:\/\/www.rome-roma.net\/wp-content\/uploads\/2020\/01\/terme-di-diocleziano-rome_0476-50x50.jpg 50w, https:\/\/www.rome-roma.net\/wp-content\/uploads\/2020\/01\/terme-di-diocleziano-rome_0476-80x80.jpg 80w, https:\/\/www.rome-roma.net\/wp-content\/uploads\/2020\/01\/terme-di-diocleziano-rome_0476-75x75.jpg 75w\" sizes=\"(max-width: 50px) 100vw, 50px\" \/><\/a><div class=\"lcp_excerpt\">Le Terme di Diocleziano, edificati tra il 298 e il 306 d.C. sotto l\u2019imperatore Diocleziano e il suo co-imperatore Massimiano, ...<\/div><\/li><li><a href=\"https:\/\/www.rome-roma.net\/it\/museo-nazionale-romano\/museo-delle-terme-di-diocleziano\/\">Museo delle Terme di Diocleziano<\/a><a href=\"https:\/\/www.rome-roma.net\/it\/museo-nazionale-romano\/museo-delle-terme-di-diocleziano\/\" title=\"Museo delle Terme di Diocleziano\"><img width=\"50\" height=\"50\" src=\"https:\/\/www.rome-roma.net\/wp-content\/uploads\/2020\/01\/terme_diocleziano_04751-150x150.jpg\" class=\"classthumblist wp-post-image\" alt=\"Museo delle Terme di Diocleziano\" loading=\"lazy\" srcset=\"https:\/\/www.rome-roma.net\/wp-content\/uploads\/2020\/01\/terme_diocleziano_04751-150x150.jpg 150w, https:\/\/www.rome-roma.net\/wp-content\/uploads\/2020\/01\/terme_diocleziano_04751-50x50.jpg 50w, https:\/\/www.rome-roma.net\/wp-content\/uploads\/2020\/01\/terme_diocleziano_04751-80x80.jpg 80w, https:\/\/www.rome-roma.net\/wp-content\/uploads\/2020\/01\/terme_diocleziano_04751-75x75.jpg 75w\" sizes=\"(max-width: 50px) 100vw, 50px\" \/><\/a><div class=\"lcp_excerpt\">Questa sezione del Museo Nazionale Romano, ospitata in una parte delle vaste Terme di Diocleziano, \u00e8 in gran parte dedicata ...<\/div><\/li><li><a href=\"https:\/\/www.rome-roma.net\/it\/museo-nazionale-romano\/museo-delle-terme-di-diocleziano\/galleria-terme-di-diocleziano\/\">Galleria Terme di Diocleziano<\/a><a href=\"https:\/\/www.rome-roma.net\/it\/museo-nazionale-romano\/museo-delle-terme-di-diocleziano\/galleria-terme-di-diocleziano\/\" title=\"Galleria Terme di Diocleziano\"><img width=\"50\" height=\"50\" src=\"https:\/\/www.rome-roma.net\/wp-content\/uploads\/2020\/01\/chiostro_termedidiocleziano_05221-150x150.jpg\" class=\"classthumblist wp-post-image\" alt=\"Galleria Terme di Diocleziano\" loading=\"lazy\" srcset=\"https:\/\/www.rome-roma.net\/wp-content\/uploads\/2020\/01\/chiostro_termedidiocleziano_05221-150x150.jpg 150w, https:\/\/www.rome-roma.net\/wp-content\/uploads\/2020\/01\/chiostro_termedidiocleziano_05221-50x50.jpg 50w, https:\/\/www.rome-roma.net\/wp-content\/uploads\/2020\/01\/chiostro_termedidiocleziano_05221-80x80.jpg 80w, https:\/\/www.rome-roma.net\/wp-content\/uploads\/2020\/01\/chiostro_termedidiocleziano_05221-75x75.jpg 75w\" sizes=\"(max-width: 50px) 100vw, 50px\" \/><\/a><div class=\"lcp_excerpt\"> Gli antichi alfabeti dei popoli italici  Dedica a Sol invictus e Giove dolicheno Sarcofago &#8211; Dioniso e Arianna ...<\/div><\/li><li><a href=\"https:\/\/www.rome-roma.net\/it\/basilica-santa-maria-degli-angeli\/\">Basilica Santa Maria degli Angeli<\/a><a href=\"https:\/\/www.rome-roma.net\/it\/basilica-santa-maria-degli-angeli\/\" title=\"Basilica Santa Maria degli Angeli\"><img src=\"https:\/\/www.rome-roma.net\/wp-content\/uploads\/2020\/01\/transept-basilique-sainte-marie-des-anges-rome-roma_0456-300x200.jpg\" class=\"classthumblist\"  alt=\"Basilica Santa Maria degli Angeli\" \/><\/a><div class=\"lcp_excerpt\">La Basilica di Santa Maria degli Angeli a Roma fu costruita nel XVI secolo in una parte delle antiche terme ...<\/div><\/li><\/ul>\n\n\n\n<p><\/p>\n","protected":false},"excerpt":{"rendered":"<p>Le Terme di Diocleziano, edificati tra il 298 e il 306 d.C. sotto l\u2019imperatore Diocleziano e il suo co-imperatore Massimiano, sono i pi\u00f9 vasti complessi termali mai costruiti a Roma. Situati sul colle Viminale, nei pressi di Piazza della Repubblica, si estendevano su una superficie impressionante di 13 ettari, con dimensioni di 380 \u00d7 370 [&hellip;]<\/p>\n","protected":false},"featured_media":35817,"parent":0,"menu_order":0,"comment_status":"open","ping_status":"open","template":"","format":"standard","meta":{"kt_blocks_editor_width":"","_links_to":"","_links_to_target":""},"genre":[268],"interet":[288],"quartier":[339,320],"categorie_site":[438],"quartier_historique":[444],"etiquettes_site":[],"acf":[],"yoast_head":"<!-- This site is optimized with the Yoast SEO plugin v17.4 - https:\/\/yoast.com\/wordpress\/plugins\/seo\/ -->\n<title>Terme di Diocleziano &ndash; Rome-Roma<\/title>\n<meta name=\"description\" content=\"Le volte delle Terme di Diocleziano dal IV secolo, ancora imponenti, ospitano diversi edifici, tra cui una chiesa e musei : storia, visita e informazioni.\" \/>\n<meta name=\"robots\" content=\"index, follow, max-snippet:-1, max-image-preview:large, max-video-preview:-1\" \/>\n<link rel=\"canonical\" href=\"https:\/\/www.rome-roma.net\/it\/terme-di-diocleziano\/\" \/>\n<meta property=\"og:locale\" content=\"it_IT\" \/>\n<meta property=\"og:type\" content=\"article\" \/>\n<meta property=\"og:title\" content=\"Terme di Diocleziano &ndash; Rome-Roma\" \/>\n<meta property=\"og:description\" content=\"Le volte delle Terme di Diocleziano dal IV secolo, ancora imponenti, ospitano diversi edifici, tra cui una chiesa e musei : storia, visita e informazioni.\" \/>\n<meta property=\"og:url\" content=\"https:\/\/www.rome-roma.net\/it\/terme-di-diocleziano\/\" \/>\n<meta property=\"og:site_name\" content=\"Rome-Roma\" \/>\n<meta property=\"article:modified_time\" content=\"2025-08-20T16:05:46+00:00\" \/>\n<meta property=\"og:image\" content=\"https:\/\/www.rome-roma.net\/wp-content\/uploads\/2020\/01\/terme-di-diocleziano-rome_0476.jpg\" \/>\n\t<meta property=\"og:image:width\" content=\"1200\" \/>\n\t<meta property=\"og:image:height\" content=\"800\" \/>\n<meta name=\"twitter:card\" content=\"summary_large_image\" \/>\n<meta name=\"twitter:label1\" content=\"Tempo di lettura stimato\" \/>\n\t<meta name=\"twitter:data1\" content=\"6 minuti\" \/>\n<script type=\"application\/ld+json\" class=\"yoast-schema-graph\">{\"@context\":\"https:\/\/schema.org\",\"@graph\":[{\"@type\":\"Organization\",\"@id\":\"https:\/\/www.rome-roma.net\/it\/#organization\",\"name\":\"Rome-Roma\",\"url\":\"https:\/\/www.rome-roma.net\/it\/\",\"sameAs\":[],\"logo\":{\"@type\":\"ImageObject\",\"@id\":\"https:\/\/www.rome-roma.net\/it\/#logo\",\"inLanguage\":\"it-IT\",\"url\":\"https:\/\/www.rome-roma.net\/wp-content\/uploads\/2025\/07\/logo-rome-roma-420.jpg\",\"contentUrl\":\"https:\/\/www.rome-roma.net\/wp-content\/uploads\/2025\/07\/logo-rome-roma-420.jpg\",\"width\":420,\"height\":420,\"caption\":\"Rome-Roma\"},\"image\":{\"@id\":\"https:\/\/www.rome-roma.net\/it\/#logo\"}},{\"@type\":\"WebSite\",\"@id\":\"https:\/\/www.rome-roma.net\/it\/#website\",\"url\":\"https:\/\/www.rome-roma.net\/it\/\",\"name\":\"Rome-Roma\",\"description\":\"Cultura & Viaggio\",\"publisher\":{\"@id\":\"https:\/\/www.rome-roma.net\/it\/#organization\"},\"potentialAction\":[{\"@type\":\"SearchAction\",\"target\":{\"@type\":\"EntryPoint\",\"urlTemplate\":\"https:\/\/www.rome-roma.net\/it\/?s={search_term_string}\"},\"query-input\":\"required name=search_term_string\"}],\"inLanguage\":\"it-IT\"},{\"@type\":\"ImageObject\",\"@id\":\"https:\/\/www.rome-roma.net\/it\/terme-di-diocleziano\/#primaryimage\",\"inLanguage\":\"it-IT\",\"url\":\"https:\/\/www.rome-roma.net\/wp-content\/uploads\/2020\/01\/terme-di-diocleziano-rome_0476.jpg\",\"contentUrl\":\"https:\/\/www.rome-roma.net\/wp-content\/uploads\/2020\/01\/terme-di-diocleziano-rome_0476.jpg\",\"width\":1200,\"height\":800,\"caption\":\"B\\u00e2timents des Thermes de Diocl\\u00e9tien\"},{\"@type\":\"WebPage\",\"@id\":\"https:\/\/www.rome-roma.net\/it\/terme-di-diocleziano\/#webpage\",\"url\":\"https:\/\/www.rome-roma.net\/it\/terme-di-diocleziano\/\",\"name\":\"Terme di Diocleziano &ndash; Rome-Roma\",\"isPartOf\":{\"@id\":\"https:\/\/www.rome-roma.net\/it\/#website\"},\"primaryImageOfPage\":{\"@id\":\"https:\/\/www.rome-roma.net\/it\/terme-di-diocleziano\/#primaryimage\"},\"datePublished\":\"2020-01-17T11:59:00+00:00\",\"dateModified\":\"2025-08-20T16:05:46+00:00\",\"description\":\"Le volte delle Terme di Diocleziano dal IV secolo, ancora imponenti, ospitano diversi edifici, tra cui una chiesa e musei : storia, visita e informazioni.\",\"breadcrumb\":{\"@id\":\"https:\/\/www.rome-roma.net\/it\/terme-di-diocleziano\/#breadcrumb\"},\"inLanguage\":\"it-IT\",\"potentialAction\":[{\"@type\":\"ReadAction\",\"target\":[\"https:\/\/www.rome-roma.net\/it\/terme-di-diocleziano\/\"]}]},{\"@type\":\"BreadcrumbList\",\"@id\":\"https:\/\/www.rome-roma.net\/it\/terme-di-diocleziano\/#breadcrumb\",\"itemListElement\":[{\"@type\":\"ListItem\",\"position\":1,\"name\":\"Accueil\",\"item\":\"https:\/\/www.rome-roma.net\/it\/\"},{\"@type\":\"ListItem\",\"position\":2,\"name\":\"Terme di Diocleziano\"}]}]}<\/script>\n<!-- \/ Yoast SEO plugin. -->","yoast_head_json":{"title":"Terme di Diocleziano &ndash; Rome-Roma","description":"Le volte delle Terme di Diocleziano dal IV secolo, ancora imponenti, ospitano diversi edifici, tra cui una chiesa e musei : storia, visita e informazioni.","robots":{"index":"index","follow":"follow","max-snippet":"max-snippet:-1","max-image-preview":"max-image-preview:large","max-video-preview":"max-video-preview:-1"},"canonical":"https:\/\/www.rome-roma.net\/it\/terme-di-diocleziano\/","og_locale":"it_IT","og_type":"article","og_title":"Terme di Diocleziano &ndash; Rome-Roma","og_description":"Le volte delle Terme di Diocleziano dal IV secolo, ancora imponenti, ospitano diversi edifici, tra cui una chiesa e musei : storia, visita e informazioni.","og_url":"https:\/\/www.rome-roma.net\/it\/terme-di-diocleziano\/","og_site_name":"Rome-Roma","article_modified_time":"2025-08-20T16:05:46+00:00","og_image":[{"width":1200,"height":800,"url":"https:\/\/www.rome-roma.net\/wp-content\/uploads\/2020\/01\/terme-di-diocleziano-rome_0476.jpg","type":"image\/jpeg"}],"twitter_card":"summary_large_image","twitter_misc":{"Tempo di lettura stimato":"6 minuti"},"schema":{"@context":"https:\/\/schema.org","@graph":[{"@type":"Organization","@id":"https:\/\/www.rome-roma.net\/it\/#organization","name":"Rome-Roma","url":"https:\/\/www.rome-roma.net\/it\/","sameAs":[],"logo":{"@type":"ImageObject","@id":"https:\/\/www.rome-roma.net\/it\/#logo","inLanguage":"it-IT","url":"https:\/\/www.rome-roma.net\/wp-content\/uploads\/2025\/07\/logo-rome-roma-420.jpg","contentUrl":"https:\/\/www.rome-roma.net\/wp-content\/uploads\/2025\/07\/logo-rome-roma-420.jpg","width":420,"height":420,"caption":"Rome-Roma"},"image":{"@id":"https:\/\/www.rome-roma.net\/it\/#logo"}},{"@type":"WebSite","@id":"https:\/\/www.rome-roma.net\/it\/#website","url":"https:\/\/www.rome-roma.net\/it\/","name":"Rome-Roma","description":"Cultura & Viaggio","publisher":{"@id":"https:\/\/www.rome-roma.net\/it\/#organization"},"potentialAction":[{"@type":"SearchAction","target":{"@type":"EntryPoint","urlTemplate":"https:\/\/www.rome-roma.net\/it\/?s={search_term_string}"},"query-input":"required name=search_term_string"}],"inLanguage":"it-IT"},{"@type":"ImageObject","@id":"https:\/\/www.rome-roma.net\/it\/terme-di-diocleziano\/#primaryimage","inLanguage":"it-IT","url":"https:\/\/www.rome-roma.net\/wp-content\/uploads\/2020\/01\/terme-di-diocleziano-rome_0476.jpg","contentUrl":"https:\/\/www.rome-roma.net\/wp-content\/uploads\/2020\/01\/terme-di-diocleziano-rome_0476.jpg","width":1200,"height":800,"caption":"B\u00e2timents des Thermes de Diocl\u00e9tien"},{"@type":"WebPage","@id":"https:\/\/www.rome-roma.net\/it\/terme-di-diocleziano\/#webpage","url":"https:\/\/www.rome-roma.net\/it\/terme-di-diocleziano\/","name":"Terme di Diocleziano &ndash; Rome-Roma","isPartOf":{"@id":"https:\/\/www.rome-roma.net\/it\/#website"},"primaryImageOfPage":{"@id":"https:\/\/www.rome-roma.net\/it\/terme-di-diocleziano\/#primaryimage"},"datePublished":"2020-01-17T11:59:00+00:00","dateModified":"2025-08-20T16:05:46+00:00","description":"Le volte delle Terme di Diocleziano dal IV secolo, ancora imponenti, ospitano diversi edifici, tra cui una chiesa e musei : storia, visita e informazioni.","breadcrumb":{"@id":"https:\/\/www.rome-roma.net\/it\/terme-di-diocleziano\/#breadcrumb"},"inLanguage":"it-IT","potentialAction":[{"@type":"ReadAction","target":["https:\/\/www.rome-roma.net\/it\/terme-di-diocleziano\/"]}]},{"@type":"BreadcrumbList","@id":"https:\/\/www.rome-roma.net\/it\/terme-di-diocleziano\/#breadcrumb","itemListElement":[{"@type":"ListItem","position":1,"name":"Accueil","item":"https:\/\/www.rome-roma.net\/it\/"},{"@type":"ListItem","position":2,"name":"Terme di Diocleziano"}]}]}},"acf_fields":{"nom_monument":"Terme di Diocleziano","wikidata":"Q836108","sameas":"https:\/\/it.wikipedia.org\/wiki\/Terme_di_Diocleziano"},"_links":{"self":[{"href":"https:\/\/www.rome-roma.net\/it\/wp-json\/wp\/v2\/site\/7609"}],"collection":[{"href":"https:\/\/www.rome-roma.net\/it\/wp-json\/wp\/v2\/site"}],"about":[{"href":"https:\/\/www.rome-roma.net\/it\/wp-json\/wp\/v2\/types\/site"}],"replies":[{"embeddable":true,"href":"https:\/\/www.rome-roma.net\/it\/wp-json\/wp\/v2\/comments?post=7609"}],"wp:featuredmedia":[{"embeddable":true,"href":"https:\/\/www.rome-roma.net\/it\/wp-json\/wp\/v2\/media\/35817"}],"wp:attachment":[{"href":"https:\/\/www.rome-roma.net\/it\/wp-json\/wp\/v2\/media?parent=7609"}],"wp:term":[{"taxonomy":"genre","embeddable":true,"href":"https:\/\/www.rome-roma.net\/it\/wp-json\/wp\/v2\/genre?post=7609"},{"taxonomy":"interet","embeddable":true,"href":"https:\/\/www.rome-roma.net\/it\/wp-json\/wp\/v2\/interet?post=7609"},{"taxonomy":"quartier","embeddable":true,"href":"https:\/\/www.rome-roma.net\/it\/wp-json\/wp\/v2\/quartier?post=7609"},{"taxonomy":"categorie_site","embeddable":true,"href":"https:\/\/www.rome-roma.net\/it\/wp-json\/wp\/v2\/categorie_site?post=7609"},{"taxonomy":"quartier_historique","embeddable":true,"href":"https:\/\/www.rome-roma.net\/it\/wp-json\/wp\/v2\/quartier_historique?post=7609"},{"taxonomy":"etiquettes_site","embeddable":true,"href":"https:\/\/www.rome-roma.net\/it\/wp-json\/wp\/v2\/etiquettes_site?post=7609"}],"curies":[{"name":"wp","href":"https:\/\/api.w.org\/{rel}","templated":true}]}}