


{"id":7621,"date":"2020-01-20T20:56:06","date_gmt":"2020-01-20T19:56:06","guid":{"rendered":"https:\/\/www.rome-roma.net\/site\/trinite-des-monts\/"},"modified":"2024-12-16T11:14:31","modified_gmt":"2024-12-16T10:14:31","slug":"trinita-dei-monti","status":"publish","type":"site","link":"https:\/\/www.rome-roma.net\/it\/trinita-dei-monti\/","title":{"rendered":"Trinit\u00e0 dei Monti"},"content":{"rendered":"<div style=\"width: 210px\" class=\"wp-caption alignright\"><a href=\"https:\/\/www.rome-roma.net\/photos\/quirinale-spagna-angelo-farnese\/images\/piazzadispagna_4353.jpg\" rel=\"lightbox[a]\"><img loading=\"lazy\" src=\"https:\/\/www.rome-roma.net\/photos\/quirinale-spagna-angelo-farnese\/images\/piazzadispagna_4353.jpg\" alt=\"Trinit\u00e0 dei monti\" width=\"200\" height=\"300\" align=\"right\" border=\"0\" hspace=\"5\" vspace=\"2\"><\/a><p class=\"wp-caption-text\">Facciata con l&#8217;obelisco Sallustiano<\/p><\/div>\n<p>Costruita dalla fine del XV secolo, la <strong>chiesa della Trinit\u00e0 dei Monti<\/strong> \u00e8 una chiesa francese occupata da un Convento dei Minimi.<br>Si trova in cima alla scalinata di <a href=\"https:\/\/www.rome-roma.net\/it\/piazza-di-spagna\/\">Piazza di Spagna<\/a>.<\/p>\n<p><strong>San Francesco di Paola<\/strong> acquist\u00f2 nel 1493 un vigneto in cima al colle, con il sostegno del re Carlo VIII di Francia, per fondare un monastero per i Frati Minimi.<br>Una prima chiesa fu costruita dal 1502 al 1519, su iniziativa del re francese Luigi XII, accanto al monastero, in stile gotico con volte a crociera ogivali. Fu aggiunto nella met\u00e0 del XVI secolo un altro edificio coperto da volta a botte, dagli architetti <strong>Giacomo della Porta<\/strong> e <strong>Carlo Maderno<\/strong>, e chiusa dalla facciata con i suoi due campanili.<\/p>\n<h2>Descrizione e visita<\/h2>\n<div id=\"attachment_7615\" style=\"width: 215px\" class=\"wp-caption alignleft\"><a href=\"https:\/\/www.rome-roma.net\/wp-content\/uploads\/2020\/01\/deposizione-da-volterra.jpg\"><img aria-describedby=\"caption-attachment-7615\" loading=\"lazy\" class=\"wp-image-7615 size-medium\" src=\"https:\/\/www.rome-roma.net\/wp-content\/uploads\/2020\/01\/deposizione-da-volterra-205x300.jpg\" alt=\"deposizione, da volterra\" width=\"205\" height=\"300\" srcset=\"https:\/\/www.rome-roma.net\/wp-content\/uploads\/2020\/01\/deposizione-da-volterra-205x300.jpg 205w, https:\/\/www.rome-roma.net\/wp-content\/uploads\/2020\/01\/deposizione-da-volterra.jpg 682w\" sizes=\"(max-width: 205px) 100vw, 205px\" \/><\/a><p id=\"caption-attachment-7615\" class=\"wp-caption-text\"><em>Deposizione<\/em> (da Volterra)<\/p><\/div>\n<p>La facciata \u00e8 insolita, con la scalinata a doppia rampa di <strong>Domenico Fontana<\/strong>, e i suoi due campanili simmetrici (probabilmente da della Porta).<br>Fontana costru\u00ec la scala per compensare la differenza di livello tra la chiesa e la strada che era incaricato di aprire. Ai piedi dei gradini, due pilastri sono scolpiti dallo stemma della famiglia Peretti (le tre colline) e sostengono bassorilievi raffiguranti San Luigi.<br>Gli orologi posti alla base dei campanili devono segnare l&#8217;ora di Roma per uno e quello di Parigi per l&#8217;altro.<\/p>\n<p>Parte dell&#8217;interno della chiesa \u00e8 riservata alle suore.<br>La terza cappella sud e la seconda lato nord sono decorate con splendidi affreschi di <strong>Daniele da Volterra<\/strong>, allievo di <strong>Michelangelo<\/strong>, tra cui una bellissima <em>Deposizione<\/em>.<\/p>\n<div style=\"width: 310px\" class=\"wp-caption alignright\"><a href=\"https:\/\/www.rome-roma.net\/photos\/quirinale-spagna-angelo-farnese\/images\/trinitedesmonts_4359.jpg\" rel=\"lightbox[a]\"><img loading=\"lazy\" src=\"https:\/\/www.rome-roma.net\/photos\/quirinale-spagna-angelo-farnese\/images\/trinitedesmonts_4359.jpg\" alt=\"trinit\u00e9 des monts\" width=\"300\" height=\"200\" border=\"0\"><\/a><p class=\"wp-caption-text\"><em>Discesa dalla croce<\/em> (Achtermann)<\/p><\/div>\n<p>Purtroppo sono generalmente chiuse e difficili da vedere. Una bellissima <em>Assunta<\/em> dello stesso artista include un ritratto di Michelangelo (ultimo personaggio a destra). Nella cappella del lato nord, un gruppo scolpito, una <em>Discesa dalla croce<\/em>, fu finemente scolpita dallo scultore tedesco <strong>Achtermann<\/strong> nel XIX secolo.<\/p>\n<p>Nella cappella Massimo (ottava a destra) gli affreschi di <strong>Perino del Vaga<\/strong> illustrano <em>Storie dell&#8217;Antico e del Nuovo Testamento<\/em> (1537), completate dai fratelli <strong>Zuccari<\/strong>.<br>La cappella di San Giovanni Battista conserva un <em>battesimo di Cristo<\/em> e affreschi di <strong>Giovanni Battista Naldini<\/strong> (1580).<\/p>\n<h2>Obelisco Sallustiano<\/h2>\n<p>Di fronte alla facciata si erge l&#8217;<strong>obelisco Sallustiano<\/strong>, alto 14 metri senza la base, che \u00e8 una creazione romana di epoca imperiale, imitando gli obelischi egizi. I suoi geroglifici sono copie di quelli di Seti I e Ramses II presenti sull&#8217;obelisco Flaminio (Piazza del Popolo). Decorava i <strong>Horti Sallustiani<\/strong> nell&#8217;antichit\u00e0, installato qui alla fine del XVIII secolo.<\/p>\n<p><\/p>\n\n\n<h2>Vedute antiche nel arte<\/h2><div>13 opere di Trinit\u00e0 dei Monti sono state trovate nella database. Per vederle tutte aprire questo <a href=\"https:\/\/www.rome-roma.net\/site-rome-art.php?lieu=trinite+des+monts\" target=\"_blank\">collegamento<\/a>.<\/div><div class=\"wp-block-kadence-advancedgallery kb-gallery-wrap-id-_5955fd-3f\">\r\n        <div class=\"kb-gallery-ul kb-gallery-type-fluidcarousel kb-gallery-id-_5955fd-3f kb-gallery-caption-style-below kb-gallery-magnific-init kb-gallery-filter-none\" data-image-filter=\"none\" data-lightbox-caption=\"true\">\r\n            <div class=\"kt-blocks-carousel kt-carousel-container-dotstyle-dark\">\r\n                <div class=\"kt-blocks-carousel-init kb-blocks-fluid-carousel kt-carousel-arrowstyle-whiteondark kt-carousel-dotstyle-dark\" data-slider-anim-speed=\"400\" data-slider-type=\"fluidcarousel\" data-slider-scroll=\"1\" data-slider-arrows=\"true\" data-slider-dots=\"true\" data-slider-hover-pause=\"false\" data-slider-auto=\"false\" data-slider-speed=\"7000\">\r\n        <div class=\"kb-slide-item kb-gallery-carousel-item\"><li class=\"kadence-blocks-gallery-item\"><div class=\"kadence-blocks-gallery-item-inner\">\r\n            <figure class=\"kb-gallery-figure kb-gallery-item-has-link kadence-blocks-gallery-item-has-caption\">\r\n                <a href=\"https:\/\/www.rome-roma.net\/artmodule\/antonio acquaroni\/antonio acquaroni - vedute di roma - trinita dei monti.jpg\" class=\"kb-gallery-item-link\" style=\"color: #FFFFFF;\">\r\n                    <div class=\"kb-gal-image-radius\"><div class=\"kb-gallery-image-contain\">\r\n                        <img src=\"https:\/\/www.rome-roma.net\/artmodule\/antonio acquaroni\/antonio acquaroni - vedute di roma - trinita dei monti.jpg\" width=\"300\" height=\"200\" \r\n                            alt=\"Antonio Acquaroni,Vue de Rome, Trinit\u00e9 des Monts (environ 1828)\" \r\n                            data-full-image=\"https:\/\/www.rome-roma.net\/artmodule\/antonio acquaroni\/antonio acquaroni - vedute di roma - trinita dei monti.jpg\" \r\n                            data-light-image=\"https:\/\/www.rome-roma.net\/artmodule\/antonio acquaroni\/antonio acquaroni - vedute di roma - trinita dei monti.jpg\" data-id=\"149\" \r\n                            data-link=\"https:\/\/www.rome-roma.net\/artmodule\/antonio acquaroni\/antonio acquaroni - vedute di roma - trinita dei monti.jpg\" \r\n                            class=\"wp-image-149\" loading=lazy\/>\r\n                    <\/div><\/div>\r\n                    <figcaption class=\"kadence-blocks-gallery-item__caption\">Antonio Acquaroni, Vue de Rome, Trinit\u00e9 des Monts<\/figcaption>\r\n                <\/a>\r\n            <\/figure><\/div><\/li><\/div>\r\n        <div class=\"kb-slide-item kb-gallery-carousel-item\"><li class=\"kadence-blocks-gallery-item\"><div class=\"kadence-blocks-gallery-item-inner\">\r\n            <figure class=\"kb-gallery-figure kb-gallery-item-has-link kadence-blocks-gallery-item-has-caption\">\r\n                <a href=\"https:\/\/www.rome-roma.net\/artmodule\/bernardo bellotto\/bellotto bernardo - veduta di roma con la chiesa della trinita dei monti.jpg\" class=\"kb-gallery-item-link\" style=\"color: #FFFFFF;\">\r\n                    <div class=\"kb-gal-image-radius\"><div class=\"kb-gallery-image-contain\">\r\n                        <img src=\"https:\/\/www.rome-roma.net\/artmodule\/bernardo bellotto\/bellotto bernardo - veduta di roma con la chiesa della trinita dei monti.jpg\" width=\"300\" height=\"200\" \r\n                            alt=\"Bernardo Bellotto,Trinit\u00e9 des Monts, Place d'Espagne (?, avant 1780, date ind\u00e9termin\u00e9e)\" \r\n                            data-full-image=\"https:\/\/www.rome-roma.net\/artmodule\/bernardo bellotto\/bellotto bernardo - veduta di roma con la chiesa della trinita dei monti.jpg\" \r\n                            data-light-image=\"https:\/\/www.rome-roma.net\/artmodule\/bernardo bellotto\/bellotto bernardo - veduta di roma con la chiesa della trinita dei monti.jpg\" data-id=\"149\" \r\n                            data-link=\"https:\/\/www.rome-roma.net\/artmodule\/bernardo bellotto\/bellotto bernardo - veduta di roma con la chiesa della trinita dei monti.jpg\" \r\n                            class=\"wp-image-149\" loading=lazy\/>\r\n                    <\/div><\/div>\r\n                    <figcaption class=\"kadence-blocks-gallery-item__caption\">Bernardo Bellotto, Trinit\u00e9 des Monts, Place d'Espagne<\/figcaption>\r\n                <\/a>\r\n            <\/figure><\/div><\/li><\/div>\r\n        <div class=\"kb-slide-item kb-gallery-carousel-item\"><li class=\"kadence-blocks-gallery-item\"><div class=\"kadence-blocks-gallery-item-inner\">\r\n            <figure class=\"kb-gallery-figure kb-gallery-item-has-link kadence-blocks-gallery-item-has-caption\">\r\n                <a href=\"https:\/\/www.rome-roma.net\/artmodule\/aagaard carl frederic\/aagaard-carl-frederik-san-sebastianello-rome-1875-1876.jpg\" class=\"kb-gallery-item-link\" style=\"color: #FFFFFF;\">\r\n                    <div class=\"kb-gal-image-radius\"><div class=\"kb-gallery-image-contain\">\r\n                        <img src=\"https:\/\/www.rome-roma.net\/artmodule\/aagaard carl frederic\/aagaard-carl-frederik-san-sebastianello-rome-1875-1876.jpg\" width=\"300\" height=\"200\" \r\n                            alt=\"Carl Frederic Aagaard,Vue depuis le haut de la via Sebastianello donnant sur la Trinit\u00e9 des Monts (1875-1876)\" \r\n                            data-full-image=\"https:\/\/www.rome-roma.net\/artmodule\/aagaard carl frederic\/aagaard-carl-frederik-san-sebastianello-rome-1875-1876.jpg\" \r\n                            data-light-image=\"https:\/\/www.rome-roma.net\/artmodule\/aagaard carl frederic\/aagaard-carl-frederik-san-sebastianello-rome-1875-1876.jpg\" data-id=\"149\" \r\n                            data-link=\"https:\/\/www.rome-roma.net\/artmodule\/aagaard carl frederic\/aagaard-carl-frederik-san-sebastianello-rome-1875-1876.jpg\" \r\n                            class=\"wp-image-149\" loading=lazy\/>\r\n                    <\/div><\/div>\r\n                    <figcaption class=\"kadence-blocks-gallery-item__caption\">Carl Frederic Aagaard, Vue depuis le haut de la via Sebastianello donnant sur la Trinit\u00e9 des Monts<\/figcaption>\r\n                <\/a>\r\n            <\/figure><\/div><\/li><\/div>\r\n        <div class=\"kb-slide-item kb-gallery-carousel-item\"><li class=\"kadence-blocks-gallery-item\"><div class=\"kadence-blocks-gallery-item-inner\">\r\n            <figure class=\"kb-gallery-figure kb-gallery-item-has-link kadence-blocks-gallery-item-has-caption\">\r\n                <a href=\"https:\/\/www.rome-roma.net\/artmodule\/claude lorrain\/claude lorrain - vue sur la trinite des monts - national gallery london - 1632.jpg\" class=\"kb-gallery-item-link\" style=\"color: #FFFFFF;\">\r\n                    <div class=\"kb-gal-image-radius\"><div class=\"kb-gallery-image-contain\">\r\n                        <img src=\"https:\/\/www.rome-roma.net\/artmodule\/claude lorrain\/claude lorrain - vue sur la trinite des monts - national gallery london - 1632.jpg\" width=\"300\" height=\"200\" \r\n                            alt=\"Claude Lorrain,Vue sur la Trinit\u00e9 des Monts (environ 1632)\" \r\n                            data-full-image=\"https:\/\/www.rome-roma.net\/artmodule\/claude lorrain\/claude lorrain - vue sur la trinite des monts - national gallery london - 1632.jpg\" \r\n                            data-light-image=\"https:\/\/www.rome-roma.net\/artmodule\/claude lorrain\/claude lorrain - vue sur la trinite des monts - national gallery london - 1632.jpg\" data-id=\"149\" \r\n                            data-link=\"https:\/\/www.rome-roma.net\/artmodule\/claude lorrain\/claude lorrain - vue sur la trinite des monts - national gallery london - 1632.jpg\" \r\n                            class=\"wp-image-149\" loading=lazy\/>\r\n                    <\/div><\/div>\r\n                    <figcaption class=\"kadence-blocks-gallery-item__caption\">Claude Lorrain, Vue sur la Trinit\u00e9 des Monts<\/figcaption>\r\n                <\/a>\r\n            <\/figure><\/div><\/li><\/div>\r\n        <div class=\"kb-slide-item kb-gallery-carousel-item\"><li class=\"kadence-blocks-gallery-item\"><div class=\"kadence-blocks-gallery-item-inner\">\r\n            <figure class=\"kb-gallery-figure kb-gallery-item-has-link kadence-blocks-gallery-item-has-caption\">\r\n                <a href=\"https:\/\/www.rome-roma.net\/artmodule\/claude lorrain\/vue sur la trinite des monts - c 1632.jpg\" class=\"kb-gallery-item-link\" style=\"color: #FFFFFF;\">\r\n                    <div class=\"kb-gal-image-radius\"><div class=\"kb-gallery-image-contain\">\r\n                        <img src=\"https:\/\/www.rome-roma.net\/artmodule\/claude lorrain\/vue sur la trinite des monts - c 1632.jpg\" width=\"300\" height=\"200\" \r\n                            alt=\"Claude Lorrain,Vue sur la Trinit\u00e9 des Monts (environ 1632)\" \r\n                            data-full-image=\"https:\/\/www.rome-roma.net\/artmodule\/claude lorrain\/vue sur la trinite des monts - c 1632.jpg\" \r\n                            data-light-image=\"https:\/\/www.rome-roma.net\/artmodule\/claude lorrain\/vue sur la trinite des monts - c 1632.jpg\" data-id=\"149\" \r\n                            data-link=\"https:\/\/www.rome-roma.net\/artmodule\/claude lorrain\/vue sur la trinite des monts - c 1632.jpg\" \r\n                            class=\"wp-image-149\" loading=lazy\/>\r\n                    <\/div><\/div>\r\n                    <figcaption class=\"kadence-blocks-gallery-item__caption\">Claude Lorrain, Vue sur la Trinit\u00e9 des Monts<\/figcaption>\r\n                <\/a>\r\n            <\/figure><\/div><\/li><\/div>\r\n        <div class=\"kb-slide-item kb-gallery-carousel-item\"><li class=\"kadence-blocks-gallery-item\"><div class=\"kadence-blocks-gallery-item-inner\">\r\n            <figure class=\"kb-gallery-figure kb-gallery-item-has-link kadence-blocks-gallery-item-has-caption\">\r\n                <a href=\"https:\/\/www.rome-roma.net\/artmodule\/enrico coleman\/enrico coleman - buffles tirant un bloc de marbre vers le bureau de john warrington wood 1872.jpg\" class=\"kb-gallery-item-link\" style=\"color: #FFFFFF;\">\r\n                    <div class=\"kb-gal-image-radius\"><div class=\"kb-gallery-image-contain\">\r\n                        <img src=\"https:\/\/www.rome-roma.net\/artmodule\/enrico coleman\/enrico coleman - buffles tirant un bloc de marbre vers le bureau de john warrington wood 1872.jpg\" width=\"300\" height=\"200\" \r\n                            alt=\"Enrico Coleman,Buffles tirant un bloc de marbre vers le bureau de John Warrington Wood (1872)\" \r\n                            data-full-image=\"https:\/\/www.rome-roma.net\/artmodule\/enrico coleman\/enrico coleman - buffles tirant un bloc de marbre vers le bureau de john warrington wood 1872.jpg\" \r\n                            data-light-image=\"https:\/\/www.rome-roma.net\/artmodule\/enrico coleman\/enrico coleman - buffles tirant un bloc de marbre vers le bureau de john warrington wood 1872.jpg\" data-id=\"149\" \r\n                            data-link=\"https:\/\/www.rome-roma.net\/artmodule\/enrico coleman\/enrico coleman - buffles tirant un bloc de marbre vers le bureau de john warrington wood 1872.jpg\" \r\n                            class=\"wp-image-149\" loading=lazy\/>\r\n                    <\/div><\/div>\r\n                    <figcaption class=\"kadence-blocks-gallery-item__caption\">Enrico Coleman, Buffles tirant un bloc de marbre vers le bureau de John Warrington Wood<\/figcaption>\r\n                <\/a>\r\n            <\/figure><\/div><\/li><\/div>\r\n        <div class=\"kb-slide-item kb-gallery-carousel-item\"><li class=\"kadence-blocks-gallery-item\"><div class=\"kadence-blocks-gallery-item-inner\">\r\n            <figure class=\"kb-gallery-figure kb-gallery-item-has-link kadence-blocks-gallery-item-has-caption\">\r\n                <a href=\"https:\/\/www.rome-roma.net\/artmodule\/gaspar van wittel\/gaspar van wittel - trinita dei monti - 1683 - galleria nazionale di arte antica - palazzo barberini.jpg\" class=\"kb-gallery-item-link\" style=\"color: #FFFFFF;\">\r\n                    <div class=\"kb-gal-image-radius\"><div class=\"kb-gallery-image-contain\">\r\n                        <img src=\"https:\/\/www.rome-roma.net\/artmodule\/gaspar van wittel\/gaspar van wittel - trinita dei monti - 1683 - galleria nazionale di arte antica - palazzo barberini.jpg\" width=\"300\" height=\"200\" \r\n                            alt=\"Gaspar Van Wittel,Trinit\u00e9 des Monts (1683)\" \r\n                            data-full-image=\"https:\/\/www.rome-roma.net\/artmodule\/gaspar van wittel\/gaspar van wittel - trinita dei monti - 1683 - galleria nazionale di arte antica - palazzo barberini.jpg\" \r\n                            data-light-image=\"https:\/\/www.rome-roma.net\/artmodule\/gaspar van wittel\/gaspar van wittel - trinita dei monti - 1683 - galleria nazionale di arte antica - palazzo barberini.jpg\" data-id=\"149\" \r\n                            data-link=\"https:\/\/www.rome-roma.net\/artmodule\/gaspar van wittel\/gaspar van wittel - trinita dei monti - 1683 - galleria nazionale di arte antica - palazzo barberini.jpg\" \r\n                            class=\"wp-image-149\" loading=lazy\/>\r\n                    <\/div><\/div>\r\n                    <figcaption class=\"kadence-blocks-gallery-item__caption\">Gaspar Van Wittel, Trinit\u00e9 des Monts<\/figcaption>\r\n                <\/a>\r\n            <\/figure><\/div><\/li><\/div>\r\n        <div class=\"kb-slide-item kb-gallery-carousel-item\"><li class=\"kadence-blocks-gallery-item\"><div class=\"kadence-blocks-gallery-item-inner\">\r\n            <figure class=\"kb-gallery-figure kb-gallery-item-has-link kadence-blocks-gallery-item-has-caption\">\r\n                <a href=\"https:\/\/www.rome-roma.net\/artmodule\/gaspar van wittel\/gaspar van wittel - veduta di roma con trinita dei monti 2.jpg\" class=\"kb-gallery-item-link\" style=\"color: #FFFFFF;\">\r\n                    <div class=\"kb-gal-image-radius\"><div class=\"kb-gallery-image-contain\">\r\n                        <img src=\"https:\/\/www.rome-roma.net\/artmodule\/gaspar van wittel\/gaspar van wittel - veduta di roma con trinita dei monti 2.jpg\" width=\"300\" height=\"200\" \r\n                            alt=\"Gaspar Van Wittel,Vue de Rome avec la Trinit\u00e9 des Monts (?, avant 1736, date ind\u00e9termin\u00e9e)\" \r\n                            data-full-image=\"https:\/\/www.rome-roma.net\/artmodule\/gaspar van wittel\/gaspar van wittel - veduta di roma con trinita dei monti 2.jpg\" \r\n                            data-light-image=\"https:\/\/www.rome-roma.net\/artmodule\/gaspar van wittel\/gaspar van wittel - veduta di roma con trinita dei monti 2.jpg\" data-id=\"149\" \r\n                            data-link=\"https:\/\/www.rome-roma.net\/artmodule\/gaspar van wittel\/gaspar van wittel - veduta di roma con trinita dei monti 2.jpg\" \r\n                            class=\"wp-image-149\" loading=lazy\/>\r\n                    <\/div><\/div>\r\n                    <figcaption class=\"kadence-blocks-gallery-item__caption\">Gaspar Van Wittel, Vue de Rome avec la Trinit\u00e9 des Monts<\/figcaption>\r\n                <\/a>\r\n            <\/figure><\/div><\/li><\/div>\r\n        <div class=\"kb-slide-item kb-gallery-carousel-item\"><li class=\"kadence-blocks-gallery-item\"><div class=\"kadence-blocks-gallery-item-inner\">\r\n            <figure class=\"kb-gallery-figure kb-gallery-item-has-link kadence-blocks-gallery-item-has-caption\">\r\n                <a href=\"https:\/\/www.rome-roma.net\/artmodule\/gaspar van wittel\/gaspar van wittel - veduta di roma con trinita dei monti.jpg\" class=\"kb-gallery-item-link\" style=\"color: #FFFFFF;\">\r\n                    <div class=\"kb-gal-image-radius\"><div class=\"kb-gallery-image-contain\">\r\n                        <img src=\"https:\/\/www.rome-roma.net\/artmodule\/gaspar van wittel\/gaspar van wittel - veduta di roma con trinita dei monti.jpg\" width=\"300\" height=\"200\" \r\n                            alt=\"Gaspar Van Wittel,Vue de Rome avec la Trinit\u00e9 des Monts (?, avant 1736, date ind\u00e9termin\u00e9e)\" \r\n                            data-full-image=\"https:\/\/www.rome-roma.net\/artmodule\/gaspar van wittel\/gaspar van wittel - veduta di roma con trinita dei monti.jpg\" \r\n                            data-light-image=\"https:\/\/www.rome-roma.net\/artmodule\/gaspar van wittel\/gaspar van wittel - veduta di roma con trinita dei monti.jpg\" data-id=\"149\" \r\n                            data-link=\"https:\/\/www.rome-roma.net\/artmodule\/gaspar van wittel\/gaspar van wittel - veduta di roma con trinita dei monti.jpg\" \r\n                            class=\"wp-image-149\" loading=lazy\/>\r\n                    <\/div><\/div>\r\n                    <figcaption class=\"kadence-blocks-gallery-item__caption\">Gaspar Van Wittel, Vue de Rome avec la Trinit\u00e9 des Monts<\/figcaption>\r\n                <\/a>\r\n            <\/figure><\/div><\/li><\/div><\/div><\/div><\/div><\/div><a href=\"https:\/\/www.rome-roma.net\/site-rome-art.php?lieu=trinite+des+monts\" target=\"_blank\">Clica per vedere oltre dipinti e artisti su Trinit\u00e9 des Monts in Roma<\/a><br><br><br>\n\n\n\n<h2>Cartina ed indirizzo<\/h2>\r\n\t\t<b>Indirizzo : <\/b>Piazza della Trinit\u00e0 dei Monti, 3, 00187 Roma RM, Italie<div id=\"travelersmap-container-69f0eec022fbb\" class=\"travelersmap-container\" style=\"z-index: 1; min-height: 10px; min-width:10px; height:400px;width:100%; max-width:; max-height:; position:relative;\"><div style=\"position:absolute; z-index:-1;top: 50%;text-align: center;display: block;left: 50%;transform: translate(-50%,-50%);\">Travelers' Map is loading... <br> If you see this after your page is loaded completely, leafletJS files are missing.<\/div><\/div><i>Clicca sulla freccia per localizzarti sulla mappa<\/i><br><br>\n\n\n<h2>Informazioni<\/h2>\n<table style=\"border-collapse: collapse; width: 100%; height: 403px;\">\n<tbody>\n<tr style=\"height: 44px; background-color: #fae8c3;\">\n<td style=\"width: 100%; height: 44px;\"><span style=\"font-size: 10pt;\"><strong>Chiesa della Trinit\u00e0 dei Monti<\/strong><\/span><br \/><span style=\"font-size: 10pt;\"><em>Piazza della Trinit\u00e0 dei Monti<\/em><\/span><\/td>\n<\/tr>\n<tr style=\"height: 127px; background-color: #f7ece1;\">\n<td style=\"width: 100%; height: 127px;\">\n<p><span style=\"font-size: 10pt;\"><strong>Orari (da confermare)<br \/><\/strong><\/span><\/p>\n<p style=\"padding-left: 40px;\"><span style=\"font-size: 10pt;\">Luned\u00ec, marted\u00ec, gioved\u00ec, venerd\u00ec, sabato: ore 10.15 &#8211; 19.45<br \/>Mercoled\u00ec: 12.00 &#8211; 19.45<br \/>Domenica: 09.00 &#8211; 19.30<\/span><\/p>\n<\/td>\n<\/tr>\n<tr style=\"height: 232px; background-color: #fae8c3;\">\n<td style=\"width: 100%; height: 232px;\">\n<p><span style=\"font-size: 10pt;\"><b>Fonti e collegamenti<br \/><\/b><\/span><\/p>\n<ul>\n<li><span style=\"font-size: 10pt;\">Sito ufficiale : <a href=\"https:\/\/trinitadeimonti.net\/\" target=\"_blank\" rel=\"noopener\">trinitadeimonti.net<\/a><\/span><\/li>\n<li><a href=\"https:\/\/060608.comune.roma.it\/turismo-religioso\/chiese-cattoliche\/chiesa-di-trinita-dei-monti-13563\" target=\"_blank\" rel=\"noopener\"><span style=\"font-size: 10pt;\">Trinit\u00e0 dei Monti sul sito del comune 060608<\/span><\/a><\/li>\n<li><span style=\"font-size: 10pt;\"><a href=\"https:\/\/it.wikipedia.org\/wiki\/Chiesa_della_Trinit%C3%A0_dei_Monti\" target=\"_blank\" rel=\"noopener noreferrer\">Trinit\u00e0 dei Monti su Wikipedia<\/a><br \/><\/span><\/li>\n<li><span style=\"font-size: 10pt;\">Pagina di <a href=\"https:\/\/www.romasegreta.it\/campo-marzio\/trinita-dei-monti.html\" target=\"_blank\" rel=\"noopener noreferrer\">Roma Segreta<\/a><br \/><\/span><\/li>\n<\/ul>\n<\/td>\n<\/tr>\n<\/tbody>\n<\/table>\n\n\n<h2>Galleria<\/h2>\n\n\n<p><a href=\"https:\/\/www.rome-roma.net\/photos\/quirinale-spagna-angelo-farnese\/images\/trinitadeimonti_4355.jpg\" rel=\"lightbox[a]\"><img loading=\"lazy\" src=\"https:\/\/www.rome-roma.net\/photos\/quirinale-spagna-angelo-farnese\/thumbnails\/piazzadispagna_4353.jpg\" alt=\"trinit\u00e9 des monts\" width=\"106\" height=\"154\" border=\"0\" \/><img loading=\"lazy\" src=\"https:\/\/www.rome-roma.net\/photos\/quirinale-spagna-angelo-farnese\/thumbnails\/trinitadeimonti_4355.jpg\" alt=\"trinit\u00e9 des monts\" width=\"106\" height=\"154\" border=\"0\" \/><\/a> La facciata in cima alla scalinata della Piazza di Spagna<\/p>\n<p><a href=\"https:\/\/www.rome-roma.net\/photos\/quirinale-spagna-angelo-farnese\/images\/trinitadeimonti_4356.jpg\" rel=\"lightbox[a]\"><img loading=\"lazy\" src=\"https:\/\/www.rome-roma.net\/photos\/quirinale-spagna-angelo-farnese\/thumbnails\/trinitadeimonti_4356.jpg\" alt=\"trinit\u00e9 des monts\" width=\"123\" height=\"154\" border=\"0\" \/><\/a><a href=\"https:\/\/www.rome-roma.net\/photos\/quirinale-spagna-angelo-farnese\/images\/trinitadeimonti_4357.jpg\" rel=\"lightbox[a]\"><img loading=\"lazy\" src=\"https:\/\/www.rome-roma.net\/photos\/quirinale-spagna-angelo-farnese\/thumbnails\/trinitadeimonti_4357.jpg\" alt=\"trinit\u00e9 des monts\" width=\"106\" height=\"154\" border=\"0\" \/><\/a><a href=\"https:\/\/www.rome-roma.net\/photos\/quirinale-spagna-angelo-farnese\/images\/trinitadeimonti_4358.jpg\" rel=\"lightbox[a]\"><img loading=\"lazy\" src=\"https:\/\/www.rome-roma.net\/photos\/quirinale-spagna-angelo-farnese\/thumbnails\/trinitadeimonti_4358.jpg\" alt=\"trinit\u00e9 des monts\" width=\"106\" height=\"154\" border=\"0\" \/><\/a><a href=\"https:\/\/www.rome-roma.net\/photos\/quirinale-spagna-angelo-farnese\/images\/trinitedesmonts_4359.jpg\" rel=\"lightbox[a]\"><img loading=\"lazy\" src=\"https:\/\/www.rome-roma.net\/photos\/quirinale-spagna-angelo-farnese\/thumbnails\/trinitedesmonts_4359.jpg\" alt=\"trinit\u00e9 des monts\" width=\"154\" height=\"106\" border=\"0\" \/><\/a><\/p>","protected":false},"excerpt":{"rendered":"<p>Costruita dalla fine del XV secolo, la chiesa della Trinit\u00e0 dei Monti \u00e8 una chiesa francese occupata da un Convento dei Minimi.Si trova in cima alla scalinata di Piazza di Spagna. San Francesco di Paola acquist\u00f2 nel 1493 un vigneto in cima al colle, con il sostegno del re Carlo VIII di Francia, per fondare [&hellip;]<\/p>\n","protected":false},"featured_media":0,"parent":0,"menu_order":0,"comment_status":"open","ping_status":"open","template":"","format":"standard","meta":{"kt_blocks_editor_width":"","_links_to":"","_links_to_target":""},"genre":[270],"interet":[286],"quartier":[316],"categorie_site":[382,402],"quartier_historique":[443],"etiquettes_site":[],"acf":[],"yoast_head":"<!-- This site is optimized with the Yoast SEO plugin v17.4 - https:\/\/yoast.com\/wordpress\/plugins\/seo\/ -->\n<title>Trinit\u00e0 dei Monti &ndash; Rome-Roma<\/title>\n<meta name=\"description\" content=\"La chiesa in cima a Piazza di Spagna, dal XVIe secolo, \u00e8 collegata al convento francese dei Minimi. Storia e descrizione della Trinit\u00e0 dei Monti\" \/>\n<meta name=\"robots\" content=\"index, follow, max-snippet:-1, max-image-preview:large, max-video-preview:-1\" \/>\n<link rel=\"canonical\" href=\"https:\/\/www.rome-roma.net\/it\/trinita-dei-monti\/\" \/>\n<meta property=\"og:locale\" content=\"it_IT\" \/>\n<meta property=\"og:type\" content=\"article\" \/>\n<meta property=\"og:title\" content=\"Trinit\u00e0 dei Monti &ndash; Rome-Roma\" \/>\n<meta property=\"og:description\" content=\"La chiesa in cima a Piazza di Spagna, dal XVIe secolo, \u00e8 collegata al convento francese dei Minimi. Storia e descrizione della Trinit\u00e0 dei Monti\" \/>\n<meta property=\"og:url\" content=\"https:\/\/www.rome-roma.net\/it\/trinita-dei-monti\/\" \/>\n<meta property=\"og:site_name\" content=\"Rome-Roma\" \/>\n<meta property=\"article:modified_time\" content=\"2024-12-16T10:14:31+00:00\" \/>\n<meta property=\"og:image\" content=\"https:\/\/www.rome-roma.net\/photos\/quirinale-spagna-angelo-farnese\/images\/piazzadispagna_4353.jpg\" \/>\n<meta name=\"twitter:card\" content=\"summary_large_image\" \/>\n<meta name=\"twitter:label1\" content=\"Tempo di lettura stimato\" \/>\n\t<meta name=\"twitter:data1\" content=\"4 minuti\" \/>\n<script type=\"application\/ld+json\" class=\"yoast-schema-graph\">{\"@context\":\"https:\/\/schema.org\",\"@graph\":[{\"@type\":\"Organization\",\"@id\":\"https:\/\/www.rome-roma.net\/it\/#organization\",\"name\":\"Rome-Roma\",\"url\":\"https:\/\/www.rome-roma.net\/it\/\",\"sameAs\":[],\"logo\":{\"@type\":\"ImageObject\",\"@id\":\"https:\/\/www.rome-roma.net\/it\/#logo\",\"inLanguage\":\"it-IT\",\"url\":\"https:\/\/www.rome-roma.net\/wp-content\/uploads\/2025\/07\/logo-rome-roma-420.jpg\",\"contentUrl\":\"https:\/\/www.rome-roma.net\/wp-content\/uploads\/2025\/07\/logo-rome-roma-420.jpg\",\"width\":420,\"height\":420,\"caption\":\"Rome-Roma\"},\"image\":{\"@id\":\"https:\/\/www.rome-roma.net\/it\/#logo\"}},{\"@type\":\"WebSite\",\"@id\":\"https:\/\/www.rome-roma.net\/it\/#website\",\"url\":\"https:\/\/www.rome-roma.net\/it\/\",\"name\":\"Rome-Roma\",\"description\":\"Cultura & Viaggio\",\"publisher\":{\"@id\":\"https:\/\/www.rome-roma.net\/it\/#organization\"},\"potentialAction\":[{\"@type\":\"SearchAction\",\"target\":{\"@type\":\"EntryPoint\",\"urlTemplate\":\"https:\/\/www.rome-roma.net\/it\/?s={search_term_string}\"},\"query-input\":\"required name=search_term_string\"}],\"inLanguage\":\"it-IT\"},{\"@type\":\"ImageObject\",\"@id\":\"https:\/\/www.rome-roma.net\/it\/trinita-dei-monti\/#primaryimage\",\"inLanguage\":\"it-IT\",\"url\":\"https:\/\/www.rome-roma.net\/photos\/quirinale-spagna-angelo-farnese\/images\/piazzadispagna_4353.jpg\",\"contentUrl\":\"https:\/\/www.rome-roma.net\/photos\/quirinale-spagna-angelo-farnese\/images\/piazzadispagna_4353.jpg\"},{\"@type\":\"WebPage\",\"@id\":\"https:\/\/www.rome-roma.net\/it\/trinita-dei-monti\/#webpage\",\"url\":\"https:\/\/www.rome-roma.net\/it\/trinita-dei-monti\/\",\"name\":\"Trinit\\u00e0 dei Monti &ndash; Rome-Roma\",\"isPartOf\":{\"@id\":\"https:\/\/www.rome-roma.net\/it\/#website\"},\"primaryImageOfPage\":{\"@id\":\"https:\/\/www.rome-roma.net\/it\/trinita-dei-monti\/#primaryimage\"},\"datePublished\":\"2020-01-20T19:56:06+00:00\",\"dateModified\":\"2024-12-16T10:14:31+00:00\",\"description\":\"La chiesa in cima a Piazza di Spagna, dal XVIe secolo, \\u00e8 collegata al convento francese dei Minimi. Storia e descrizione della Trinit\\u00e0 dei Monti\",\"breadcrumb\":{\"@id\":\"https:\/\/www.rome-roma.net\/it\/trinita-dei-monti\/#breadcrumb\"},\"inLanguage\":\"it-IT\",\"potentialAction\":[{\"@type\":\"ReadAction\",\"target\":[\"https:\/\/www.rome-roma.net\/it\/trinita-dei-monti\/\"]}]},{\"@type\":\"BreadcrumbList\",\"@id\":\"https:\/\/www.rome-roma.net\/it\/trinita-dei-monti\/#breadcrumb\",\"itemListElement\":[{\"@type\":\"ListItem\",\"position\":1,\"name\":\"Accueil\",\"item\":\"https:\/\/www.rome-roma.net\/it\/\"},{\"@type\":\"ListItem\",\"position\":2,\"name\":\"Trinit\\u00e0 dei Monti\"}]}]}<\/script>\n<!-- \/ Yoast SEO plugin. -->","yoast_head_json":{"title":"Trinit\u00e0 dei Monti &ndash; Rome-Roma","description":"La chiesa in cima a Piazza di Spagna, dal XVIe secolo, \u00e8 collegata al convento francese dei Minimi. Storia e descrizione della Trinit\u00e0 dei Monti","robots":{"index":"index","follow":"follow","max-snippet":"max-snippet:-1","max-image-preview":"max-image-preview:large","max-video-preview":"max-video-preview:-1"},"canonical":"https:\/\/www.rome-roma.net\/it\/trinita-dei-monti\/","og_locale":"it_IT","og_type":"article","og_title":"Trinit\u00e0 dei Monti &ndash; Rome-Roma","og_description":"La chiesa in cima a Piazza di Spagna, dal XVIe secolo, \u00e8 collegata al convento francese dei Minimi. Storia e descrizione della Trinit\u00e0 dei Monti","og_url":"https:\/\/www.rome-roma.net\/it\/trinita-dei-monti\/","og_site_name":"Rome-Roma","article_modified_time":"2024-12-16T10:14:31+00:00","og_image":[{"url":"https:\/\/www.rome-roma.net\/photos\/quirinale-spagna-angelo-farnese\/images\/piazzadispagna_4353.jpg"}],"twitter_card":"summary_large_image","twitter_misc":{"Tempo di lettura stimato":"4 minuti"},"schema":{"@context":"https:\/\/schema.org","@graph":[{"@type":"Organization","@id":"https:\/\/www.rome-roma.net\/it\/#organization","name":"Rome-Roma","url":"https:\/\/www.rome-roma.net\/it\/","sameAs":[],"logo":{"@type":"ImageObject","@id":"https:\/\/www.rome-roma.net\/it\/#logo","inLanguage":"it-IT","url":"https:\/\/www.rome-roma.net\/wp-content\/uploads\/2025\/07\/logo-rome-roma-420.jpg","contentUrl":"https:\/\/www.rome-roma.net\/wp-content\/uploads\/2025\/07\/logo-rome-roma-420.jpg","width":420,"height":420,"caption":"Rome-Roma"},"image":{"@id":"https:\/\/www.rome-roma.net\/it\/#logo"}},{"@type":"WebSite","@id":"https:\/\/www.rome-roma.net\/it\/#website","url":"https:\/\/www.rome-roma.net\/it\/","name":"Rome-Roma","description":"Cultura & Viaggio","publisher":{"@id":"https:\/\/www.rome-roma.net\/it\/#organization"},"potentialAction":[{"@type":"SearchAction","target":{"@type":"EntryPoint","urlTemplate":"https:\/\/www.rome-roma.net\/it\/?s={search_term_string}"},"query-input":"required name=search_term_string"}],"inLanguage":"it-IT"},{"@type":"ImageObject","@id":"https:\/\/www.rome-roma.net\/it\/trinita-dei-monti\/#primaryimage","inLanguage":"it-IT","url":"https:\/\/www.rome-roma.net\/photos\/quirinale-spagna-angelo-farnese\/images\/piazzadispagna_4353.jpg","contentUrl":"https:\/\/www.rome-roma.net\/photos\/quirinale-spagna-angelo-farnese\/images\/piazzadispagna_4353.jpg"},{"@type":"WebPage","@id":"https:\/\/www.rome-roma.net\/it\/trinita-dei-monti\/#webpage","url":"https:\/\/www.rome-roma.net\/it\/trinita-dei-monti\/","name":"Trinit\u00e0 dei Monti &ndash; Rome-Roma","isPartOf":{"@id":"https:\/\/www.rome-roma.net\/it\/#website"},"primaryImageOfPage":{"@id":"https:\/\/www.rome-roma.net\/it\/trinita-dei-monti\/#primaryimage"},"datePublished":"2020-01-20T19:56:06+00:00","dateModified":"2024-12-16T10:14:31+00:00","description":"La chiesa in cima a Piazza di Spagna, dal XVIe secolo, \u00e8 collegata al convento francese dei Minimi. Storia e descrizione della Trinit\u00e0 dei Monti","breadcrumb":{"@id":"https:\/\/www.rome-roma.net\/it\/trinita-dei-monti\/#breadcrumb"},"inLanguage":"it-IT","potentialAction":[{"@type":"ReadAction","target":["https:\/\/www.rome-roma.net\/it\/trinita-dei-monti\/"]}]},{"@type":"BreadcrumbList","@id":"https:\/\/www.rome-roma.net\/it\/trinita-dei-monti\/#breadcrumb","itemListElement":[{"@type":"ListItem","position":1,"name":"Accueil","item":"https:\/\/www.rome-roma.net\/it\/"},{"@type":"ListItem","position":2,"name":"Trinit\u00e0 dei Monti"}]}]}},"acf_fields":{"nom_monument":null,"wikidata":"Q1229008","sameas":null},"_links":{"self":[{"href":"https:\/\/www.rome-roma.net\/it\/wp-json\/wp\/v2\/site\/7621"}],"collection":[{"href":"https:\/\/www.rome-roma.net\/it\/wp-json\/wp\/v2\/site"}],"about":[{"href":"https:\/\/www.rome-roma.net\/it\/wp-json\/wp\/v2\/types\/site"}],"replies":[{"embeddable":true,"href":"https:\/\/www.rome-roma.net\/it\/wp-json\/wp\/v2\/comments?post=7621"}],"wp:attachment":[{"href":"https:\/\/www.rome-roma.net\/it\/wp-json\/wp\/v2\/media?parent=7621"}],"wp:term":[{"taxonomy":"genre","embeddable":true,"href":"https:\/\/www.rome-roma.net\/it\/wp-json\/wp\/v2\/genre?post=7621"},{"taxonomy":"interet","embeddable":true,"href":"https:\/\/www.rome-roma.net\/it\/wp-json\/wp\/v2\/interet?post=7621"},{"taxonomy":"quartier","embeddable":true,"href":"https:\/\/www.rome-roma.net\/it\/wp-json\/wp\/v2\/quartier?post=7621"},{"taxonomy":"categorie_site","embeddable":true,"href":"https:\/\/www.rome-roma.net\/it\/wp-json\/wp\/v2\/categorie_site?post=7621"},{"taxonomy":"quartier_historique","embeddable":true,"href":"https:\/\/www.rome-roma.net\/it\/wp-json\/wp\/v2\/quartier_historique?post=7621"},{"taxonomy":"etiquettes_site","embeddable":true,"href":"https:\/\/www.rome-roma.net\/it\/wp-json\/wp\/v2\/etiquettes_site?post=7621"}],"curies":[{"name":"wp","href":"https:\/\/api.w.org\/{rel}","templated":true}]}}