


{"id":7692,"date":"2020-02-06T13:25:17","date_gmt":"2020-02-06T12:25:17","guid":{"rendered":"https:\/\/www.rome-roma.net\/site\/villa-medicis\/"},"modified":"2026-04-05T13:48:42","modified_gmt":"2026-04-05T11:48:42","slug":"villa-medici","status":"publish","type":"site","link":"https:\/\/www.rome-roma.net\/it\/villa-medici\/","title":{"rendered":"Villa Medici"},"content":{"rendered":"<div style=\"width: 310px\" class=\"wp-caption alignright\"><a href=\"https:\/\/www.rome-roma.net\/photos\/trevi-piazze-appia\/images\/villa_medici_2843.jpg\"><img loading=\"lazy\" src=\"https:\/\/www.rome-roma.net\/photos\/trevi-piazze-appia\/images\/villa_medici_2843.jpg\" alt=\"La Villa Medici a Roma\" width=\"300\" height=\"200\" align=\"right\" border=\"0\" hspace=\"5\" vspace=\"2\" \/><\/a><p class=\"wp-caption-text\">Facciata esterna della Villa Medici<\/p><\/div>\n<p>La <strong>Villa Medici<\/strong>, situata sul <strong><a href=\"https:\/\/www.rome-roma.net\/it\/pincio\/\">colle Pincio<\/a><\/strong> a Roma, ospita dal 1803 l&#8217;<strong>Accademia di Francia a Roma<\/strong>. <br \/>Questo edificio rinascimentale, risalente al XVI<sup>o<\/sup> secolo, si distingue per la sua architettura elegante, i giardini all&#8217;italiana e il vasto parco di 7 ettari. Patrimonio dell&#8217;umanit\u00e0 dell&#8217;UNESCO, \u00e8 un luogo di incontro privilegiato per la creazione artistica contemporanea, ospitando durante l&#8217;anno i vincitori del premio di Roma, offrendo al pubblico mostre temporanee e visite ai suoi celebri giardini.<\/p>\n<p>In passato, la <strong>Cafeteria Colbert Ristorante<\/strong>, chiusa temporaneamente (?), era un luogo piacevole dove prendere un caff\u00e8.<\/p>\n<div class=\"su-note\"  style=\"border-color:#ddd2c7;border-radius:3px;-moz-border-radius:3px;-webkit-border-radius:3px;\"><div class=\"su-note-inner su-u-clearfix su-u-trim\" style=\"background-color:#f7ece1;border-color:#ffffff;color:#333333;border-radius:3px;-moz-border-radius:3px;-webkit-border-radius:3px;\">\n<h2>Origini antiche e opera rinascimentale<\/h2>\n<p>In epoca antica, questo sito era occupato dai <strong>Giardini di Lucullo<\/strong>. In stato di vigneto, il terreno fu trasformato nel XVI<sup>o<\/sup> secolo dal cardinale <strong>Marcello Crescenzi<\/strong>, che ampli\u00f2 un padiglione esistente. Nel 1564, la propriet\u00e0 pass\u00f2 al cardinale <strong>Giovanni Ricci di Montepulciano<\/strong> e i lavori continuarono con gli architetti <strong>Giovanni<\/strong> e <strong>Annibale Lippi<\/strong>. <br \/>Nel 1576, il cardinale <strong>Ferdinando de&#8217; Medici<\/strong> acquis\u00ec la villa, arricchendo i giardini e gli interni con opere d&#8217;arte straordinarie, tra cui il gruppo antico dei <em>Niobidi<\/em> e il <em>Mercurio<\/em> di Jean de Bologne. Trasformata in museo e residenza prestigiosa, divenne uno dei luoghi pi\u00f9 raffinati di Roma, residenza degli ambasciatori del Granducato di Toscana. Galileo vi soggiorn\u00f2 brevemente nel 1633, durante il suo processo davanti al tribunale dell&#8217;Inquisizione.<br \/>Dopo l&#8217;estinzione della dinastia dei Medici nel XVIII<sup>o<\/sup> secolo, la villa pass\u00f2 sotto il controllo della <strong>casa di Lorena<\/strong>, il che caus\u00f2 il trasferimento di molte opere d&#8217;arte a Firenze.<\/p>\n<p>A seguito della campagna d&#8217;Italia, <strong>Napoleone Bonaparte<\/strong> acquist\u00f2 la villa nel 1803, istituendovi l&#8217;<strong>Accademia di Francia a Roma<\/strong>. Da allora, la villa ha mantenuto questa propriet\u00e0 e ospita artisti rinomati, continuando a incarnare un centro di creazione artistica.<br \/>L&#8217;edificio conserva anche archivi e collezioni, testimoniando la storia di questa istituzione.<\/div><\/div>\n<h2>I giardini storici della Villa Medici<\/h2>\n<div style=\"width: 310px\" class=\"wp-caption alignright\"><a href=\"https:\/\/www.rome-roma.net\/photos\/trevi-piazze-appia\/images\/villa_medicis_2845.jpg\" rel=\"lightbox[a]\"><img loading=\"lazy\" src=\"https:\/\/www.rome-roma.net\/photos\/trevi-piazze-appia\/images\/villa_medicis_2845.jpg\" alt=\"Giardini della Villa Medici\" width=\"300\" height=\"200\" border=\"0\" hspace=\"3\" vspace=\"3\" \/><\/a><p class=\"wp-caption-text\">Giardini della Villa Medici<\/p><\/div>\n<p>Questi giardini, progettati nel XVI<sup>o<\/sup> secolo dal cardinale Ricci, coprono una superficie di oltre 7 ettari. Divisi in sedici quadrati e sei aiuole, sono arricchiti da laghetti e fontane. <br \/>Nel XVIII<sup>o<\/sup> secolo, molte opere d&#8217;arte furono spostate, incluso l&#8217;obelisco originale, ora sostituito da una copia. Gli scavi effettuati in quell&#8217;epoca rivelarono i resti di un tempio romano e permisero di scoprire il celebre gruppo marmoreo dei <em>Niobidi<\/em>, le cui copie sono ora collocate nel quadrato dei Niobidi con una fontana creata da Balthus (gli originali si trovano alla Galleria degli Uffizi di Firenze). Queste numerose statue, copie romane di originali greci, hanno ispirato molti artisti del Rinascimento per la loro raffinatezza.<\/p>\n<p>I giardini ospitano anche una voliera decorata con affreschi realizzati da <strong>Jacopo Zucchi<\/strong>, raffiguranti vari animali. Restaurati negli anni 2000, sono stati riportati alla loro configurazione del XVI<sup>o<\/sup> secolo, offrendo cos\u00ec un ambiente autentico e preservato.<\/p>\n<h2>Architettura della villa e decorazioni<\/h2>\n<p>La Villa Medici \u00e8 composta da un edificio centrale rettangolare sormontato da una terrazza, fiancheggiato da due ali <strong>simmetriche<\/strong> terminate da torri. <br \/>La facciata principale, austera e monumentale, \u00e8 caratterizzata da un ampio portico d&#8217;ingresso. Ai suoi piedi si trova una vasca in porfido, progettata da <strong>Annibale Lippi<\/strong>. Si organizza con una regolarit\u00e0 tipica dell&#8217;architettura rinascimentale e si distingue per la semplicit\u00e0 delle finestre e delle arcate.<br \/>Al contrario, la facciata interna che si affaccia sui giardini \u00e8 decorata con bassorilievi antichi, alcuni dei quali provengono dall&#8217;<a href=\"https:\/\/www.rome-roma.net\/it\/altare-della-pace-di-augusto-ara-pacis\/\">Ara Pacis<\/a>, costituendo una iconografia romana significativa. Associati alle statue e ai busti, questi elementi arricchiscono l&#8217;edificio sottolineando il legame con l&#8217;arte antica, una caratteristica del Rinascimento.<\/p>\n<p>L&#8217;edificio \u00e8 stato progettato per sfruttare la luce naturale, un principio fondamentale dell&#8217;architettura rinascimentale. Conserva elementi classici come le arcate e le colonne, integrando al contempo innovazioni stilistiche del XVII<sup>o<\/sup> secolo ispirate ai lavori di Michelangelo e Bramante.<br \/>All&#8217;interno, i saloni sono decorati con affreschi e dipinti realizzati da artisti del Rinascimento e del XVII<sup>o<\/sup> secolo, come <strong>Giovanni da Udine<\/strong>. I soffitti sono ornati da ricche decorazioni, tra cui motivi floreali e scene mitologiche. Alcune stanze, come il grande salone dell&#8217;Accademia, conservano mobili d&#8217;epoca e sculture classiche.<br \/>La grande scalinata d&#8217;onore, anch&#8217;essa ornata da sculture e affreschi, conduce alle camere e agli spazi pi\u00f9 privati, che presentano boiserie lavorate e camini in marmo.<\/p>\n<h2>Galleria foto della Villa Medici<\/h2>\n<p><a href=\"https:\/\/www.rome-roma.net\/photos\/trevi-piazze-appia\/images\/villa_medici_2843.jpg\" rel=\"lightbox[a]\"><img loading=\"lazy\" src=\"https:\/\/www.rome-roma.net\/photos\/trevi-piazze-appia\/thumbnails\/villa_medici_2843.jpg\" alt=\"villa m\u00e9dicis\" width=\"154\" height=\"106\" border=\"0\" hspace=\"3\" vspace=\"3\" \/><\/a> Facciata di fronte a Roma<br \/><a href=\"https:\/\/www.rome-roma.net\/photos\/trevi-piazze-appia\/images\/villa_medici_2844.jpg\" rel=\"lightbox[a]\"><img loading=\"lazy\" src=\"https:\/\/www.rome-roma.net\/photos\/trevi-piazze-appia\/thumbnails\/villa_medici_2844.jpg\" alt=\"villa m\u00e9dicis\" width=\"154\" height=\"106\" border=\"0\" hspace=\"3\" vspace=\"3\" \/><\/a> Vista su Roma dal 1o piano <br \/><a href=\"https:\/\/www.rome-roma.net\/photos\/trevi-piazze-appia\/images\/villa_medici_2845.jpg\" rel=\"lightbox[a]\"><img loading=\"lazy\" src=\"https:\/\/www.rome-roma.net\/photos\/trevi-piazze-appia\/thumbnails\/villa_medici_2845.jpg\" alt=\"villa m\u00e9dicis\" width=\"154\" height=\"106\" border=\"0\" hspace=\"3\" vspace=\"3\" \/><\/a><a href=\"https:\/\/www.rome-roma.net\/photos\/trevi-piazze-appia\/images\/villa_medici_2846.jpg\" rel=\"lightbox[a]\"><img loading=\"lazy\" src=\"https:\/\/www.rome-roma.net\/photos\/trevi-piazze-appia\/thumbnails\/villa_medici_2846.jpg\" alt=\"villa m\u00e9dicis\" width=\"154\" height=\"106\" border=\"0\" hspace=\"3\" vspace=\"3\" \/><\/a><a href=\"https:\/\/www.rome-roma.net\/photos\/trevi-piazze-appia\/images\/villa_medicis_2845.jpg\" rel=\"lightbox[a]\"><img loading=\"lazy\" src=\"https:\/\/www.rome-roma.net\/photos\/trevi-piazze-appia\/thumbnails\/villa_medicis_2845.jpg\" alt=\"villa m\u00e9dicis\" width=\"154\" height=\"106\" border=\"0\" hspace=\"3\" vspace=\"3\" \/><\/a> Giardini di Villa Medici<\/p>\n<h2>Vedute antiche nel arte<\/h2><div>14 opere di Villa Medici sono state trovate nella database. Per vederle tutte aprire questo <a href=\"https:\/\/www.rome-roma.net\/site-rome-art.php?lieu=villa+medicis\" target=\"_blank\">collegamento<\/a>.<\/div><div class=\"wp-block-kadence-advancedgallery kb-gallery-wrap-id-_5955fd-3f\">\r\n        <div class=\"kb-gallery-ul kb-gallery-type-fluidcarousel kb-gallery-id-_5955fd-3f kb-gallery-caption-style-below kb-gallery-magnific-init kb-gallery-filter-none\" data-image-filter=\"none\" data-lightbox-caption=\"true\">\r\n            <div class=\"kt-blocks-carousel kt-carousel-container-dotstyle-dark\">\r\n                <div class=\"kt-blocks-carousel-init kb-blocks-fluid-carousel kt-carousel-arrowstyle-whiteondark kt-carousel-dotstyle-dark\" data-slider-anim-speed=\"400\" data-slider-type=\"fluidcarousel\" data-slider-scroll=\"1\" data-slider-arrows=\"true\" data-slider-dots=\"true\" data-slider-hover-pause=\"false\" data-slider-auto=\"false\" data-slider-speed=\"7000\">\r\n        <div class=\"kb-slide-item kb-gallery-carousel-item\"><li class=\"kadence-blocks-gallery-item\"><div class=\"kadence-blocks-gallery-item-inner\">\r\n            <figure class=\"kb-gallery-figure kb-gallery-item-has-link kadence-blocks-gallery-item-has-caption\">\r\n                <a href=\"https:\/\/www.rome-roma.net\/artmodule\/diego velasquez\/diego velasquez - dans les jardins de la villa medicis - c1630 - museo del prado.jpg\" class=\"kb-gallery-item-link\" style=\"color: #FFFFFF;\">\r\n                    <div class=\"kb-gal-image-radius\"><div class=\"kb-gallery-image-contain\">\r\n                        <img src=\"https:\/\/www.rome-roma.net\/artmodule\/diego velasquez\/diego velasquez - dans les jardins de la villa medicis - c1630 - museo del prado.jpg\" width=\"300\" height=\"200\" \r\n                            alt=\"Diego Velasquez,Jardins de la Villa Medicis (environ 1630)\" \r\n                            data-full-image=\"https:\/\/www.rome-roma.net\/artmodule\/diego velasquez\/diego velasquez - dans les jardins de la villa medicis - c1630 - museo del prado.jpg\" \r\n                            data-light-image=\"https:\/\/www.rome-roma.net\/artmodule\/diego velasquez\/diego velasquez - dans les jardins de la villa medicis - c1630 - museo del prado.jpg\" data-id=\"149\" \r\n                            data-link=\"https:\/\/www.rome-roma.net\/artmodule\/diego velasquez\/diego velasquez - dans les jardins de la villa medicis - c1630 - museo del prado.jpg\" \r\n                            class=\"wp-image-149\" loading=lazy\/>\r\n                    <\/div><\/div>\r\n                    <figcaption class=\"kadence-blocks-gallery-item__caption\">Diego Velasquez, Jardins de la Villa Medicis<\/figcaption>\r\n                <\/a>\r\n            <\/figure><\/div><\/li><\/div>\r\n        <div class=\"kb-slide-item kb-gallery-carousel-item\"><li class=\"kadence-blocks-gallery-item\"><div class=\"kadence-blocks-gallery-item-inner\">\r\n            <figure class=\"kb-gallery-figure kb-gallery-item-has-link kadence-blocks-gallery-item-has-caption\">\r\n                <a href=\"https:\/\/www.rome-roma.net\/artmodule\/diego velasquez\/diego velasquez - jardins de la villa medicis - 1630.jpg\" class=\"kb-gallery-item-link\" style=\"color: #FFFFFF;\">\r\n                    <div class=\"kb-gal-image-radius\"><div class=\"kb-gallery-image-contain\">\r\n                        <img src=\"https:\/\/www.rome-roma.net\/artmodule\/diego velasquez\/diego velasquez - jardins de la villa medicis - 1630.jpg\" width=\"300\" height=\"200\" \r\n                            alt=\"Diego Velasquez,Jardins de la Villa Medicis (1630)\" \r\n                            data-full-image=\"https:\/\/www.rome-roma.net\/artmodule\/diego velasquez\/diego velasquez - jardins de la villa medicis - 1630.jpg\" \r\n                            data-light-image=\"https:\/\/www.rome-roma.net\/artmodule\/diego velasquez\/diego velasquez - jardins de la villa medicis - 1630.jpg\" data-id=\"149\" \r\n                            data-link=\"https:\/\/www.rome-roma.net\/artmodule\/diego velasquez\/diego velasquez - jardins de la villa medicis - 1630.jpg\" \r\n                            class=\"wp-image-149\" loading=lazy\/>\r\n                    <\/div><\/div>\r\n                    <figcaption class=\"kadence-blocks-gallery-item__caption\">Diego Velasquez, Jardins de la Villa Medicis<\/figcaption>\r\n                <\/a>\r\n            <\/figure><\/div><\/li><\/div>\r\n        <div class=\"kb-slide-item kb-gallery-carousel-item\"><li class=\"kadence-blocks-gallery-item\"><div class=\"kadence-blocks-gallery-item-inner\">\r\n            <figure class=\"kb-gallery-figure kb-gallery-item-has-link kadence-blocks-gallery-item-has-caption\">\r\n                <a href=\"https:\/\/www.rome-roma.net\/artmodule\/gaspar van wittel\/gaspar van wittel - passeggiata di villa medici - 1683 - galleria nazionale di arte antica - palazzo barberini.jpg\" class=\"kb-gallery-item-link\" style=\"color: #FFFFFF;\">\r\n                    <div class=\"kb-gal-image-radius\"><div class=\"kb-gallery-image-contain\">\r\n                        <img src=\"https:\/\/www.rome-roma.net\/artmodule\/gaspar van wittel\/gaspar van wittel - passeggiata di villa medici - 1683 - galleria nazionale di arte antica - palazzo barberini.jpg\" width=\"300\" height=\"200\" \r\n                            alt=\"Gaspar Van Wittel,Promenade de la Villa M\u00e9dicis (1683)\" \r\n                            data-full-image=\"https:\/\/www.rome-roma.net\/artmodule\/gaspar van wittel\/gaspar van wittel - passeggiata di villa medici - 1683 - galleria nazionale di arte antica - palazzo barberini.jpg\" \r\n                            data-light-image=\"https:\/\/www.rome-roma.net\/artmodule\/gaspar van wittel\/gaspar van wittel - passeggiata di villa medici - 1683 - galleria nazionale di arte antica - palazzo barberini.jpg\" data-id=\"149\" \r\n                            data-link=\"https:\/\/www.rome-roma.net\/artmodule\/gaspar van wittel\/gaspar van wittel - passeggiata di villa medici - 1683 - galleria nazionale di arte antica - palazzo barberini.jpg\" \r\n                            class=\"wp-image-149\" loading=lazy\/>\r\n                    <\/div><\/div>\r\n                    <figcaption class=\"kadence-blocks-gallery-item__caption\">Gaspar Van Wittel, Promenade de la Villa M\u00e9dicis<\/figcaption>\r\n                <\/a>\r\n            <\/figure><\/div><\/li><\/div>\r\n        <div class=\"kb-slide-item kb-gallery-carousel-item\"><li class=\"kadence-blocks-gallery-item\"><div class=\"kadence-blocks-gallery-item-inner\">\r\n            <figure class=\"kb-gallery-figure kb-gallery-item-has-link kadence-blocks-gallery-item-has-caption\">\r\n                <a href=\"https:\/\/www.rome-roma.net\/artmodule\/gaspar van wittel\/van wittel - i giardini di villa medici - 1685 - galleria palatina - firenze.jpg\" class=\"kb-gallery-item-link\" style=\"color: #FFFFFF;\">\r\n                    <div class=\"kb-gal-image-radius\"><div class=\"kb-gallery-image-contain\">\r\n                        <img src=\"https:\/\/www.rome-roma.net\/artmodule\/gaspar van wittel\/van wittel - i giardini di villa medici - 1685 - galleria palatina - firenze.jpg\" width=\"300\" height=\"200\" \r\n                            alt=\"Gaspar Van Wittel,Les jardins de la Villa Medicis (1685)\" \r\n                            data-full-image=\"https:\/\/www.rome-roma.net\/artmodule\/gaspar van wittel\/van wittel - i giardini di villa medici - 1685 - galleria palatina - firenze.jpg\" \r\n                            data-light-image=\"https:\/\/www.rome-roma.net\/artmodule\/gaspar van wittel\/van wittel - i giardini di villa medici - 1685 - galleria palatina - firenze.jpg\" data-id=\"149\" \r\n                            data-link=\"https:\/\/www.rome-roma.net\/artmodule\/gaspar van wittel\/van wittel - i giardini di villa medici - 1685 - galleria palatina - firenze.jpg\" \r\n                            class=\"wp-image-149\" loading=lazy\/>\r\n                    <\/div><\/div>\r\n                    <figcaption class=\"kadence-blocks-gallery-item__caption\">Gaspar Van Wittel, Les jardins de la Villa Medicis<\/figcaption>\r\n                <\/a>\r\n            <\/figure><\/div><\/li><\/div>\r\n        <div class=\"kb-slide-item kb-gallery-carousel-item\"><li class=\"kadence-blocks-gallery-item\"><div class=\"kadence-blocks-gallery-item-inner\">\r\n            <figure class=\"kb-gallery-figure kb-gallery-item-has-link kadence-blocks-gallery-item-has-caption\">\r\n                <a href=\"https:\/\/www.rome-roma.net\/artmodule\/giovanni riveruzzi\/giovanni riveruzzi - villa medici - ca1830.jpg\" class=\"kb-gallery-item-link\" style=\"color: #FFFFFF;\">\r\n                    <div class=\"kb-gal-image-radius\"><div class=\"kb-gallery-image-contain\">\r\n                        <img src=\"https:\/\/www.rome-roma.net\/artmodule\/giovanni riveruzzi\/giovanni riveruzzi - villa medici - ca1830.jpg\" width=\"300\" height=\"200\" \r\n                            alt=\"Giovanni Riveruzzi,Vue sur Rome de la Villa Medicis (environ 1830-1930)\" \r\n                            data-full-image=\"https:\/\/www.rome-roma.net\/artmodule\/giovanni riveruzzi\/giovanni riveruzzi - villa medici - ca1830.jpg\" \r\n                            data-light-image=\"https:\/\/www.rome-roma.net\/artmodule\/giovanni riveruzzi\/giovanni riveruzzi - villa medici - ca1830.jpg\" data-id=\"149\" \r\n                            data-link=\"https:\/\/www.rome-roma.net\/artmodule\/giovanni riveruzzi\/giovanni riveruzzi - villa medici - ca1830.jpg\" \r\n                            class=\"wp-image-149\" loading=lazy\/>\r\n                    <\/div><\/div>\r\n                    <figcaption class=\"kadence-blocks-gallery-item__caption\">Giovanni Riveruzzi, Vue sur Rome de la Villa Medicis<\/figcaption>\r\n                <\/a>\r\n            <\/figure><\/div><\/li><\/div>\r\n        <div class=\"kb-slide-item kb-gallery-carousel-item\"><li class=\"kadence-blocks-gallery-item\"><div class=\"kadence-blocks-gallery-item-inner\">\r\n            <figure class=\"kb-gallery-figure kb-gallery-item-has-link kadence-blocks-gallery-item-has-caption\">\r\n                <a href=\"https:\/\/www.rome-roma.net\/artmodule\/jakob suter\/jakob suter - trinita dei monti.jpg\" class=\"kb-gallery-item-link\" style=\"color: #FFFFFF;\">\r\n                    <div class=\"kb-gal-image-radius\"><div class=\"kb-gallery-image-contain\">\r\n                        <img src=\"https:\/\/www.rome-roma.net\/artmodule\/jakob suter\/jakob suter - trinita dei monti.jpg\" width=\"300\" height=\"200\" \r\n                            alt=\"Jakob Suter,Trinit\u00e9 des Monts (?, avant 1874, date ind\u00e9termin\u00e9e)\" \r\n                            data-full-image=\"https:\/\/www.rome-roma.net\/artmodule\/jakob suter\/jakob suter - trinita dei monti.jpg\" \r\n                            data-light-image=\"https:\/\/www.rome-roma.net\/artmodule\/jakob suter\/jakob suter - trinita dei monti.jpg\" data-id=\"149\" \r\n                            data-link=\"https:\/\/www.rome-roma.net\/artmodule\/jakob suter\/jakob suter - trinita dei monti.jpg\" \r\n                            class=\"wp-image-149\" loading=lazy\/>\r\n                    <\/div><\/div>\r\n                    <figcaption class=\"kadence-blocks-gallery-item__caption\">Jakob Suter, Trinit\u00e9 des Monts<\/figcaption>\r\n                <\/a>\r\n            <\/figure><\/div><\/li><\/div>\r\n        <div class=\"kb-slide-item kb-gallery-carousel-item\"><li class=\"kadence-blocks-gallery-item\"><div class=\"kadence-blocks-gallery-item-inner\">\r\n            <figure class=\"kb-gallery-figure kb-gallery-item-has-link kadence-blocks-gallery-item-has-caption\">\r\n                <a href=\"https:\/\/www.rome-roma.net\/artmodule\/camille corot\/camille-corot fontaine de l academie de france a rome.jpg\" class=\"kb-gallery-item-link\" style=\"color: #FFFFFF;\">\r\n                    <div class=\"kb-gal-image-radius\"><div class=\"kb-gallery-image-contain\">\r\n                        <img src=\"https:\/\/www.rome-roma.net\/artmodule\/camille corot\/camille-corot fontaine de l academie de france a rome.jpg\" width=\"300\" height=\"200\" \r\n                            alt=\"Jean-Baptiste Camille Corot,Fontaine de l'Acad\u00e9mie de France \u00e0 Rome (1826-1828, date ind\u00e9termin\u00e9e)\" \r\n                            data-full-image=\"https:\/\/www.rome-roma.net\/artmodule\/camille corot\/camille-corot fontaine de l academie de france a rome.jpg\" \r\n                            data-light-image=\"https:\/\/www.rome-roma.net\/artmodule\/camille corot\/camille-corot fontaine de l academie de france a rome.jpg\" data-id=\"149\" \r\n                            data-link=\"https:\/\/www.rome-roma.net\/artmodule\/camille corot\/camille-corot fontaine de l academie de france a rome.jpg\" \r\n                            class=\"wp-image-149\" loading=lazy\/>\r\n                    <\/div><\/div>\r\n                    <figcaption class=\"kadence-blocks-gallery-item__caption\">Jean-Baptiste Camille Corot, Fontaine de l'Acad\u00e9mie de France \u00e0 Rome<\/figcaption>\r\n                <\/a>\r\n            <\/figure><\/div><\/li><\/div>\r\n        <div class=\"kb-slide-item kb-gallery-carousel-item\"><li class=\"kadence-blocks-gallery-item\"><div class=\"kadence-blocks-gallery-item-inner\">\r\n            <figure class=\"kb-gallery-figure kb-gallery-item-has-link kadence-blocks-gallery-item-has-caption\">\r\n                <a href=\"https:\/\/www.rome-roma.net\/artmodule\/camille corot\/corot - trinita-dei-monti - vue depuis jardins de la villa medicis.jpg\" class=\"kb-gallery-item-link\" style=\"color: #FFFFFF;\">\r\n                    <div class=\"kb-gal-image-radius\"><div class=\"kb-gallery-image-contain\">\r\n                        <img src=\"https:\/\/www.rome-roma.net\/artmodule\/camille corot\/corot - trinita-dei-monti - vue depuis jardins de la villa medicis.jpg\" width=\"300\" height=\"200\" \r\n                            alt=\"Jean-Baptiste Camille Corot,La Trinit\u00e9 des Monts vue depuis les jardins de la Villa M\u00e9dicis (1826-1828, date ind\u00e9termin\u00e9e)\" \r\n                            data-full-image=\"https:\/\/www.rome-roma.net\/artmodule\/camille corot\/corot - trinita-dei-monti - vue depuis jardins de la villa medicis.jpg\" \r\n                            data-light-image=\"https:\/\/www.rome-roma.net\/artmodule\/camille corot\/corot - trinita-dei-monti - vue depuis jardins de la villa medicis.jpg\" data-id=\"149\" \r\n                            data-link=\"https:\/\/www.rome-roma.net\/artmodule\/camille corot\/corot - trinita-dei-monti - vue depuis jardins de la villa medicis.jpg\" \r\n                            class=\"wp-image-149\" loading=lazy\/>\r\n                    <\/div><\/div>\r\n                    <figcaption class=\"kadence-blocks-gallery-item__caption\">Jean-Baptiste Camille Corot, La Trinit\u00e9 des Monts vue depuis les jardins de la Villa M\u00e9dicis<\/figcaption>\r\n                <\/a>\r\n            <\/figure><\/div><\/li><\/div>\r\n        <div class=\"kb-slide-item kb-gallery-carousel-item\"><li class=\"kadence-blocks-gallery-item\"><div class=\"kadence-blocks-gallery-item-inner\">\r\n            <figure class=\"kb-gallery-figure kb-gallery-item-has-link kadence-blocks-gallery-item-has-caption\">\r\n                <a href=\"https:\/\/www.rome-roma.net\/artmodule\/john warwick smith\/john warwick smith - vue sur la villa medicis.jpg\" class=\"kb-gallery-item-link\" style=\"color: #FFFFFF;\">\r\n                    <div class=\"kb-gal-image-radius\"><div class=\"kb-gallery-image-contain\">\r\n                        <img src=\"https:\/\/www.rome-roma.net\/artmodule\/john warwick smith\/john warwick smith - vue sur la villa medicis.jpg\" width=\"300\" height=\"200\" \r\n                            alt=\"John Warwick Smith,Vue sur la Villa Medicis (?, avant 1831, date ind\u00e9termin\u00e9e)\" \r\n                            data-full-image=\"https:\/\/www.rome-roma.net\/artmodule\/john warwick smith\/john warwick smith - vue sur la villa medicis.jpg\" \r\n                            data-light-image=\"https:\/\/www.rome-roma.net\/artmodule\/john warwick smith\/john warwick smith - vue sur la villa medicis.jpg\" data-id=\"149\" \r\n                            data-link=\"https:\/\/www.rome-roma.net\/artmodule\/john warwick smith\/john warwick smith - vue sur la villa medicis.jpg\" \r\n                            class=\"wp-image-149\" loading=lazy\/>\r\n                    <\/div><\/div>\r\n                    <figcaption class=\"kadence-blocks-gallery-item__caption\">John Warwick Smith, Vue sur la Villa Medicis<\/figcaption>\r\n                <\/a>\r\n            <\/figure><\/div><\/li><\/div><\/div><\/div><\/div><\/div><a href=\"https:\/\/www.rome-roma.net\/site-rome-art.php?lieu=villa+medicis\" target=\"_blank\">Clica per vedere oltre dipinti e artisti su Villa M\u00e9dicis in Roma<\/a><br>\n\n\n<h2>Cartina ed indirizzo<\/h2>\r\n\t\t<b>Indirizzo : <\/b>Viale della Trinit\u00e0 dei Monti, 1, 00187 Roma RM, Italie<div id=\"travelersmap-container-69f0e26614180\" class=\"travelersmap-container\" style=\"z-index: 1; min-height: 10px; min-width:10px; height:400px;width:100%; max-width:; max-height:; position:relative;\"><div style=\"position:absolute; z-index:-1;top: 50%;text-align: center;display: block;left: 50%;transform: translate(-50%,-50%);\">Travelers' Map is loading... <br> If you see this after your page is loaded completely, leafletJS files are missing.<\/div><\/div><i>Clicca sulla freccia per localizzarti sulla mappa<\/i><br>\n\n\n<h2>Informazioni<\/h2>\n<table style=\"border-collapse: collapse; width: 100%;\">\n<tbody>\n<tr style=\"background-color: #fae8c3;\">\n<td style=\"width: 100%;\"><span style=\"font-size: 10pt;\"><strong>Accademia di Francia a Roma &#8211; Villa Medici<\/strong><\/span><br \/><span style=\"font-size: 10pt;\"><em>Viale Trinit\u00e0 dei Monti, 1 00187 Roma<\/em><\/span><br \/><span style=\"font-size: 10pt;\">Tel : +39 06 67 61 200 \/ Email : standard@villamedici.it<\/span><br \/><span style=\"font-size: 10pt;\">Sito ufficiale : <a href=\"https:\/\/villamedici.it\/\" target=\"_blank\" rel=\"noopener\">https:\/\/villamedici.it\/<\/a><\/span><br \/><span style=\"font-size: 10pt;\">Maggiori informazioni e aggiornamenti sulle visite guidate : <a href=\"https:\/\/villamedici.it\/it\/visite\/\" target=\"_blank\" rel=\"noopener\">https:\/\/villamedici.it\/it\/visite\/<\/a><\/span><\/td>\n<\/tr>\n<tr style=\"background-color: #f7ece1;\">\n<td style=\"width: 100%;\">\n<p><span style=\"font-size: 10pt;\"><strong>Orari di apertura e tariffe<\/strong><\/span><\/p>\n<ul>\n<li><span style=\"font-size: 10pt;\"><span style=\"font-size: 10pt;\"><span lang=\"fr-FR\"><strong>Apertura della Villa Medici<br \/><\/strong><\/span><\/span><\/span><span style=\"font-size: 10pt;\">La Villa Medici \u00e8 aperta al pubblico dal luned\u00ec alla domenica dalle 9:30 alle 19:00 (ultimo ingresso alle 18:30). \u00c8 chiusa il marted\u00ec.<br \/>Apertura straordinaria i marted\u00ec 23 e 30 dicembre 2025 e 6 gennaio 2026. Chiuso il 25 dicembre. \u00c8 aperta negli altri giorni festivi dell\u2019anno.<br \/><\/span><span style=\"font-size: 10pt;\">Acquisto dei biglietti online o in loco.<\/span><br \/><span style=\"font-size: 10pt;\"><span style=\"font-size: 10pt;\"><span style=\"font-size: 10pt;\">Visite guidate su prenotazione con fasce orarie o visite libere.<\/span><\/span><\/span><\/li>\n<li><span style=\"font-size: 10pt;\"><span style=\"font-size: 10pt;\"><span lang=\"fr-FR\"><strong>Mostra in corso<br \/><\/strong>Mostre temporanee sono regolarmente allestite<\/span><\/span><\/span><span style=\"font-size: 10pt;\"><br \/><\/span><span style=\"font-size: 10pt;\">Tariffa intera: consultare il sito ufficiale<\/span><span style=\"font-size: 10pt;\"><br \/><\/span><span style=\"font-size: 10pt;\"><span style=\"font-size: 10pt;\"><span style=\"font-size: 10pt;\">Le mostre sono aperte dal luned\u00ec alla domenica, eccetto il marted\u00ec, dalle 10:00 alle 19:00 (ultimo ingresso alle 18:30).<\/span><\/span><\/span><\/li>\n<li><span style=\"font-size: 10pt;\"><span lang=\"fr-FR\"><strong>Visita guidata (individuale) e accesso alle mostre<br \/><\/strong><\/span><\/span><span style=\"font-size: 10pt;\">Su prenotazione, durata: 1 ora 30 min. La v<\/span><span style=\"font-size: 10pt;\">isita guidata attraversa i giardini rinascimentali e gli appartamenti storici della Villa Medici. Presentarsi 10 minuti prima della partenza nella hall di accoglienza.<br \/><\/span><span style=\"font-size: 10pt;\">Orari delle partenze delle visite, t<\/span><span style=\"font-size: 10pt;\">utti i giorni dal luned\u00ec alla domenica (eccetto il marted\u00ec):<br \/><\/span><span style=\"font-size: 10pt;\">&#8211; In francese: dal<\/span><span style=\"font-size: 10pt;\"> luned\u00ec alla domenica eccetto il marted\u00ec alle <\/span><span style=\"font-size: 10pt;\">10:00, 10:30, 11:30, 14:00, 15:00, 16:00, 17:00, 18:00<br \/><\/span><span style=\"font-size: 10pt;\">&#8211; In italiano: dal<\/span><span style=\"font-size: 10pt;\"> luned\u00ec alla domenica eccetto il marted\u00ec alle <\/span><span style=\"font-size: 10pt;\">11:00, 15:30, 17:30<br \/>&#8211; <\/span><span style=\"font-size: 10pt;\">In inglese: dal<\/span><span style=\"font-size: 10pt;\"> luned\u00ec al venerd\u00ec eccetto il marted\u00ec alle 10:00, 11:00, 12:00, 14:30, 15:30, 16:30, 17:30; sabato e domenica alle 10:00, 11:00, 12:00, 14:30, 15:30, 16:30, 17:30 e 18:00<\/span><br \/><span style=\"font-size: 10pt;\">&#8211; In spagnolo: mercoled\u00ec: 15:00, domenica: 11:00<\/span><br \/><span style=\"font-size: 10pt;\"><span style=\"font-size: 10pt;\">Tariffa intera: 14 \u20ac \/ Tariffa ridotta: 11 \u20ac<\/span><\/span><\/li>\n<li><span style=\"font-size: 10pt;\">Altre condizioni di visita e visite per gruppi: consultare il sito ufficiale<\/span><\/li>\n<\/ul>\n<\/td>\n<\/tr>\n<tr style=\"background-color: #fae8c3;\">\n<td style=\"width: 100%;\">\n<p><span style=\"font-size: 10pt;\"><b>Fonti e link per ulteriori informazioni<\/b><br \/><\/span><\/p>\n<ul>\n<li><span style=\"font-size: 10pt;\">Sito ufficiale : <a href=\"https:\/\/www.villamedici.it\/\" target=\"_blank\" rel=\"noopener noreferrer\">www.villamedici.it<\/a><\/span><\/li>\n<li><span style=\"font-size: 10pt;\">Sito del comune di Roma 060608 : <a href=\"https:\/\/060608.comune.roma.it\/cultura\/accademie-e-istituti\/accademia-di-francia-villa-medici-909\" target=\"_blank\" rel=\"noopener\">Villa Medici<\/a>, <a href=\"https:\/\/060608.comune.roma.it\/green-and-sport\/giardini-ville-e-parchi-urbani\/i-giardini-di-villa-medici-3657\" target=\"_blank\" rel=\"noopener\">giardini della Villa Medici<\/a><\/span><\/li>\n<\/ul>\n<\/td>\n<\/tr>\n<\/tbody>\n<\/table>","protected":false},"excerpt":{"rendered":"<p>La Villa Medici, situata sul colle Pincio a Roma, ospita dal 1803 l&#8217;Accademia di Francia a Roma. Questo edificio rinascimentale, risalente al XVIo secolo, si distingue per la sua architettura elegante, i giardini all&#8217;italiana e il vasto parco di 7 ettari. Patrimonio dell&#8217;umanit\u00e0 dell&#8217;UNESCO, \u00e8 un luogo di incontro privilegiato per la creazione artistica contemporanea, [&hellip;]<\/p>\n","protected":false},"featured_media":0,"parent":0,"menu_order":0,"comment_status":"open","ping_status":"open","template":"","format":"standard","meta":{"kt_blocks_editor_width":"","_links_to":"","_links_to_target":""},"genre":[277],"interet":[287],"quartier":[316,318],"categorie_site":[391,402,394],"quartier_historique":[443],"etiquettes_site":[],"acf":[],"yoast_head":"<!-- This site is optimized with the Yoast SEO plugin v17.4 - https:\/\/yoast.com\/wordpress\/plugins\/seo\/ -->\n<title>Villa Medici &ndash; Rome-Roma<\/title>\n<meta name=\"description\" content=\"Scoperta della Villa Medici, sede dell&#039;Accademia di Francia a Roma. Descrizione, storia e visita del palazzo e dei giardini. Informazioni e percorso.\" \/>\n<meta name=\"robots\" content=\"index, follow, max-snippet:-1, max-image-preview:large, max-video-preview:-1\" \/>\n<link rel=\"canonical\" href=\"https:\/\/www.rome-roma.net\/it\/villa-medici\/\" \/>\n<meta property=\"og:locale\" content=\"it_IT\" \/>\n<meta property=\"og:type\" content=\"article\" \/>\n<meta property=\"og:title\" content=\"Villa Medici &ndash; Rome-Roma\" \/>\n<meta property=\"og:description\" content=\"Scoperta della Villa Medici, sede dell&#039;Accademia di Francia a Roma. Descrizione, storia e visita del palazzo e dei giardini. Informazioni e percorso.\" \/>\n<meta property=\"og:url\" content=\"https:\/\/www.rome-roma.net\/it\/villa-medici\/\" \/>\n<meta property=\"og:site_name\" content=\"Rome-Roma\" \/>\n<meta property=\"article:modified_time\" content=\"2026-04-05T11:48:42+00:00\" \/>\n<meta property=\"og:image\" content=\"https:\/\/www.rome-roma.net\/photos\/trevi-piazze-appia\/images\/villa_medici_2843.jpg\" \/>\n<meta name=\"twitter:card\" content=\"summary_large_image\" \/>\n<meta name=\"twitter:label1\" content=\"Tempo di lettura stimato\" \/>\n\t<meta name=\"twitter:data1\" content=\"6 minuti\" \/>\n<script type=\"application\/ld+json\" class=\"yoast-schema-graph\">{\"@context\":\"https:\/\/schema.org\",\"@graph\":[{\"@type\":\"Organization\",\"@id\":\"https:\/\/www.rome-roma.net\/it\/#organization\",\"name\":\"Rome-Roma\",\"url\":\"https:\/\/www.rome-roma.net\/it\/\",\"sameAs\":[],\"logo\":{\"@type\":\"ImageObject\",\"@id\":\"https:\/\/www.rome-roma.net\/it\/#logo\",\"inLanguage\":\"it-IT\",\"url\":\"https:\/\/www.rome-roma.net\/wp-content\/uploads\/2025\/07\/logo-rome-roma-420.jpg\",\"contentUrl\":\"https:\/\/www.rome-roma.net\/wp-content\/uploads\/2025\/07\/logo-rome-roma-420.jpg\",\"width\":420,\"height\":420,\"caption\":\"Rome-Roma\"},\"image\":{\"@id\":\"https:\/\/www.rome-roma.net\/it\/#logo\"}},{\"@type\":\"WebSite\",\"@id\":\"https:\/\/www.rome-roma.net\/it\/#website\",\"url\":\"https:\/\/www.rome-roma.net\/it\/\",\"name\":\"Rome-Roma\",\"description\":\"Cultura & Viaggio\",\"publisher\":{\"@id\":\"https:\/\/www.rome-roma.net\/it\/#organization\"},\"potentialAction\":[{\"@type\":\"SearchAction\",\"target\":{\"@type\":\"EntryPoint\",\"urlTemplate\":\"https:\/\/www.rome-roma.net\/it\/?s={search_term_string}\"},\"query-input\":\"required name=search_term_string\"}],\"inLanguage\":\"it-IT\"},{\"@type\":\"ImageObject\",\"@id\":\"https:\/\/www.rome-roma.net\/it\/villa-medici\/#primaryimage\",\"inLanguage\":\"it-IT\",\"url\":\"https:\/\/www.rome-roma.net\/photos\/trevi-piazze-appia\/images\/villa_medici_2843.jpg\",\"contentUrl\":\"https:\/\/www.rome-roma.net\/photos\/trevi-piazze-appia\/images\/villa_medici_2843.jpg\"},{\"@type\":\"WebPage\",\"@id\":\"https:\/\/www.rome-roma.net\/it\/villa-medici\/#webpage\",\"url\":\"https:\/\/www.rome-roma.net\/it\/villa-medici\/\",\"name\":\"Villa Medici &ndash; Rome-Roma\",\"isPartOf\":{\"@id\":\"https:\/\/www.rome-roma.net\/it\/#website\"},\"primaryImageOfPage\":{\"@id\":\"https:\/\/www.rome-roma.net\/it\/villa-medici\/#primaryimage\"},\"datePublished\":\"2020-02-06T12:25:17+00:00\",\"dateModified\":\"2026-04-05T11:48:42+00:00\",\"description\":\"Scoperta della Villa Medici, sede dell'Accademia di Francia a Roma. Descrizione, storia e visita del palazzo e dei giardini. Informazioni e percorso.\",\"breadcrumb\":{\"@id\":\"https:\/\/www.rome-roma.net\/it\/villa-medici\/#breadcrumb\"},\"inLanguage\":\"it-IT\",\"potentialAction\":[{\"@type\":\"ReadAction\",\"target\":[\"https:\/\/www.rome-roma.net\/it\/villa-medici\/\"]}]},{\"@type\":\"BreadcrumbList\",\"@id\":\"https:\/\/www.rome-roma.net\/it\/villa-medici\/#breadcrumb\",\"itemListElement\":[{\"@type\":\"ListItem\",\"position\":1,\"name\":\"Accueil\",\"item\":\"https:\/\/www.rome-roma.net\/it\/\"},{\"@type\":\"ListItem\",\"position\":2,\"name\":\"Villa Medici\"}]}]}<\/script>\n<!-- \/ Yoast SEO plugin. -->","yoast_head_json":{"title":"Villa Medici &ndash; Rome-Roma","description":"Scoperta della Villa Medici, sede dell'Accademia di Francia a Roma. Descrizione, storia e visita del palazzo e dei giardini. Informazioni e percorso.","robots":{"index":"index","follow":"follow","max-snippet":"max-snippet:-1","max-image-preview":"max-image-preview:large","max-video-preview":"max-video-preview:-1"},"canonical":"https:\/\/www.rome-roma.net\/it\/villa-medici\/","og_locale":"it_IT","og_type":"article","og_title":"Villa Medici &ndash; Rome-Roma","og_description":"Scoperta della Villa Medici, sede dell'Accademia di Francia a Roma. Descrizione, storia e visita del palazzo e dei giardini. Informazioni e percorso.","og_url":"https:\/\/www.rome-roma.net\/it\/villa-medici\/","og_site_name":"Rome-Roma","article_modified_time":"2026-04-05T11:48:42+00:00","og_image":[{"url":"https:\/\/www.rome-roma.net\/photos\/trevi-piazze-appia\/images\/villa_medici_2843.jpg"}],"twitter_card":"summary_large_image","twitter_misc":{"Tempo di lettura stimato":"6 minuti"},"schema":{"@context":"https:\/\/schema.org","@graph":[{"@type":"Organization","@id":"https:\/\/www.rome-roma.net\/it\/#organization","name":"Rome-Roma","url":"https:\/\/www.rome-roma.net\/it\/","sameAs":[],"logo":{"@type":"ImageObject","@id":"https:\/\/www.rome-roma.net\/it\/#logo","inLanguage":"it-IT","url":"https:\/\/www.rome-roma.net\/wp-content\/uploads\/2025\/07\/logo-rome-roma-420.jpg","contentUrl":"https:\/\/www.rome-roma.net\/wp-content\/uploads\/2025\/07\/logo-rome-roma-420.jpg","width":420,"height":420,"caption":"Rome-Roma"},"image":{"@id":"https:\/\/www.rome-roma.net\/it\/#logo"}},{"@type":"WebSite","@id":"https:\/\/www.rome-roma.net\/it\/#website","url":"https:\/\/www.rome-roma.net\/it\/","name":"Rome-Roma","description":"Cultura & Viaggio","publisher":{"@id":"https:\/\/www.rome-roma.net\/it\/#organization"},"potentialAction":[{"@type":"SearchAction","target":{"@type":"EntryPoint","urlTemplate":"https:\/\/www.rome-roma.net\/it\/?s={search_term_string}"},"query-input":"required name=search_term_string"}],"inLanguage":"it-IT"},{"@type":"ImageObject","@id":"https:\/\/www.rome-roma.net\/it\/villa-medici\/#primaryimage","inLanguage":"it-IT","url":"https:\/\/www.rome-roma.net\/photos\/trevi-piazze-appia\/images\/villa_medici_2843.jpg","contentUrl":"https:\/\/www.rome-roma.net\/photos\/trevi-piazze-appia\/images\/villa_medici_2843.jpg"},{"@type":"WebPage","@id":"https:\/\/www.rome-roma.net\/it\/villa-medici\/#webpage","url":"https:\/\/www.rome-roma.net\/it\/villa-medici\/","name":"Villa Medici &ndash; Rome-Roma","isPartOf":{"@id":"https:\/\/www.rome-roma.net\/it\/#website"},"primaryImageOfPage":{"@id":"https:\/\/www.rome-roma.net\/it\/villa-medici\/#primaryimage"},"datePublished":"2020-02-06T12:25:17+00:00","dateModified":"2026-04-05T11:48:42+00:00","description":"Scoperta della Villa Medici, sede dell'Accademia di Francia a Roma. Descrizione, storia e visita del palazzo e dei giardini. Informazioni e percorso.","breadcrumb":{"@id":"https:\/\/www.rome-roma.net\/it\/villa-medici\/#breadcrumb"},"inLanguage":"it-IT","potentialAction":[{"@type":"ReadAction","target":["https:\/\/www.rome-roma.net\/it\/villa-medici\/"]}]},{"@type":"BreadcrumbList","@id":"https:\/\/www.rome-roma.net\/it\/villa-medici\/#breadcrumb","itemListElement":[{"@type":"ListItem","position":1,"name":"Accueil","item":"https:\/\/www.rome-roma.net\/it\/"},{"@type":"ListItem","position":2,"name":"Villa Medici"}]}]}},"acf_fields":{"nom_monument":"","wikidata":"Q1362663","sameas":""},"_links":{"self":[{"href":"https:\/\/www.rome-roma.net\/it\/wp-json\/wp\/v2\/site\/7692"}],"collection":[{"href":"https:\/\/www.rome-roma.net\/it\/wp-json\/wp\/v2\/site"}],"about":[{"href":"https:\/\/www.rome-roma.net\/it\/wp-json\/wp\/v2\/types\/site"}],"replies":[{"embeddable":true,"href":"https:\/\/www.rome-roma.net\/it\/wp-json\/wp\/v2\/comments?post=7692"}],"wp:attachment":[{"href":"https:\/\/www.rome-roma.net\/it\/wp-json\/wp\/v2\/media?parent=7692"}],"wp:term":[{"taxonomy":"genre","embeddable":true,"href":"https:\/\/www.rome-roma.net\/it\/wp-json\/wp\/v2\/genre?post=7692"},{"taxonomy":"interet","embeddable":true,"href":"https:\/\/www.rome-roma.net\/it\/wp-json\/wp\/v2\/interet?post=7692"},{"taxonomy":"quartier","embeddable":true,"href":"https:\/\/www.rome-roma.net\/it\/wp-json\/wp\/v2\/quartier?post=7692"},{"taxonomy":"categorie_site","embeddable":true,"href":"https:\/\/www.rome-roma.net\/it\/wp-json\/wp\/v2\/categorie_site?post=7692"},{"taxonomy":"quartier_historique","embeddable":true,"href":"https:\/\/www.rome-roma.net\/it\/wp-json\/wp\/v2\/quartier_historique?post=7692"},{"taxonomy":"etiquettes_site","embeddable":true,"href":"https:\/\/www.rome-roma.net\/it\/wp-json\/wp\/v2\/etiquettes_site?post=7692"}],"curies":[{"name":"wp","href":"https:\/\/api.w.org\/{rel}","templated":true}]}}