


{"id":7703,"date":"2020-02-01T16:36:00","date_gmt":"2020-02-01T15:36:00","guid":{"rendered":"https:\/\/www.rome-roma.net\/site\/colline-du-celio\/"},"modified":"2022-11-12T11:41:30","modified_gmt":"2022-11-12T10:41:30","slug":"visita-del-colle-celio","status":"publish","type":"site","link":"https:\/\/www.rome-roma.net\/it\/colle-celio\/visita-del-colle-celio\/","title":{"rendered":"Visita del colle Celio"},"content":{"rendered":"<div style=\"width: 310px\" class=\"wp-caption alignright\"><a href=\"https:\/\/www.rome-roma.net\/photos\/stefanoRotondo-QuattroSanti-PaoloeGiovanni\/images\/villacelimontana_0938.jpg\" rel=\"lightbox[a]\"><img loading=\"lazy\" src=\"https:\/\/www.rome-roma.net\/photos\/stefanoRotondo-QuattroSanti-PaoloeGiovanni\/images\/villacelimontana_0938.jpg\" alt=\"villa celimontana\" width=\"300\" height=\"200\" border=\"0\" hspace=\"3\" vspace=\"3\" \/><\/a><p class=\"wp-caption-text\">Parco della Villa Celimontana<\/p><\/div>Situata ad est del colle Palatino, il <strong>colle Celio<\/strong> \u00e8 una delle sette colline storiche di Roma.<br \/>\nEra molto popolato dai tempi della Repubblica Romana. Ci sono anche alcuni importanti resti antichi, come porzioni di templi (incluso il Tempio del Divino Claudio) o parti di case romane.<br \/>\nOggi, oltre a un ospedale militare, gran parte \u00e8 occupata dal parco di <strong>Villa Celimontana<\/strong>. Puoi anche scoprire chiese interessanti, come Santo Stefano Rotondo, Santa Maria in Domnica o I Quattro Santi Coronati.<br \/>\nFormalmente, la collina \u00e8 vasta e si estende fino a Porta Maggiore, passando per San Giovanni in Laterano.<br \/>\nPresentiamo in questa sezione solo il vertice della collina, corrispondente alla sua parte occidentale. L&#8217;altra parte del colle si scopre nella rubrica sul <a href=\"https:\/\/www.rome-roma.net\/it\/quartiere\/laterano-ed-esquilino\/\">quartiere Laterano<\/a>.<\/p>\n<h2>Sul colle Celio<\/h2>\n<ul class=\"lcp_catlist\" id=\"lcp_instance_0\"><li><a href=\"https:\/\/www.rome-roma.net\/it\/basilica-dei-santi-quattro-coronati\/\">Basilica dei Santi Quattro Coronati<\/a><a href=\"https:\/\/www.rome-roma.net\/it\/basilica-dei-santi-quattro-coronati\/\" title=\"Basilica dei Santi Quattro Coronati\"><img width=\"50\" height=\"50\" src=\"https:\/\/www.rome-roma.net\/wp-content\/uploads\/2020\/01\/chiesasantiquattrocoronati_09521-150x150.jpg\" class=\"classthumblist wp-post-image\" alt=\"Basilica dei Santi Quattro Coronati\" loading=\"lazy\" srcset=\"https:\/\/www.rome-roma.net\/wp-content\/uploads\/2020\/01\/chiesasantiquattrocoronati_09521-150x150.jpg 150w, https:\/\/www.rome-roma.net\/wp-content\/uploads\/2020\/01\/chiesasantiquattrocoronati_09521-50x50.jpg 50w, https:\/\/www.rome-roma.net\/wp-content\/uploads\/2020\/01\/chiesasantiquattrocoronati_09521-80x80.jpg 80w, https:\/\/www.rome-roma.net\/wp-content\/uploads\/2020\/01\/chiesasantiquattrocoronati_09521-75x75.jpg 75w\" sizes=\"(max-width: 50px) 100vw, 50px\" \/><\/a><div class=\"lcp_excerpt\">A nord del Colle Celio a Roma, la Basilica dei Quattro Coronati \u00e8 una delle chiese pi\u00f9 antiche della citt\u00e0. ...<\/div><\/li><li><a href=\"https:\/\/www.rome-roma.net\/it\/basilica-dei-santi-giovanni-e-paolo\/\">Basilica dei Santi Giovanni e Paolo<\/a><a href=\"https:\/\/www.rome-roma.net\/it\/basilica-dei-santi-giovanni-e-paolo\/\" title=\"Basilica dei Santi Giovanni e Paolo\"><img src=\"https:\/\/www.rome-roma.net\/wp-content\/uploads\/2020\/01\/campanile-basilica-santi-giovanni-e-paolo-roma_0919-200x300.jpg\" class=\"classthumblist\"  alt=\"Basilica dei Santi Giovanni e Paolo\" \/><\/a><div class=\"lcp_excerpt\">Sul colle Celio a Roma, la basilica dei Santi Giovanni e Paolo risale alla fine del IV secolo e ospitava ...<\/div><\/li><li><a href=\"https:\/\/www.rome-roma.net\/it\/case-romane-del-celio\/\">Case Romane del Celio<\/a><a href=\"https:\/\/www.rome-roma.net\/it\/case-romane-del-celio\/\" title=\"Case Romane del Celio\"><img width=\"50\" height=\"50\" src=\"https:\/\/www.rome-roma.net\/wp-content\/uploads\/2022\/07\/casa-romana-al-celio-150x150.jpg\" class=\"classthumblist wp-post-image\" alt=\"Case Romane del Celio\" loading=\"lazy\" srcset=\"https:\/\/www.rome-roma.net\/wp-content\/uploads\/2022\/07\/casa-romana-al-celio-150x150.jpg 150w, https:\/\/www.rome-roma.net\/wp-content\/uploads\/2022\/07\/casa-romana-al-celio-50x50.jpg 50w, https:\/\/www.rome-roma.net\/wp-content\/uploads\/2022\/07\/casa-romana-al-celio-80x80.jpg 80w, https:\/\/www.rome-roma.net\/wp-content\/uploads\/2022\/07\/casa-romana-al-celio-75x75.jpg 75w\" sizes=\"(max-width: 50px) 100vw, 50px\" \/><\/a><div class=\"lcp_excerpt\">\nSulla collina del Celio, la grande chiesa di San Giovanni e Paolo, dedicata ai fratelli santi Giovanni e Paolo, sorge ...<\/div><\/li><li><a href=\"https:\/\/www.rome-roma.net\/it\/chiesa-santo-stefano-rotondo\/\">Chiesa Santo Stefano Rotondo<\/a><a href=\"https:\/\/www.rome-roma.net\/it\/chiesa-santo-stefano-rotondo\/\" title=\"Chiesa Santo Stefano Rotondo\"><img src=\"https:\/\/www.rome-roma.net\/photos\/stefanoRotondo-QuattroSanti-PaoloeGiovanni\/images\/santostefanorotondo_0898.jpg\" class=\"classthumblist\"  alt=\"Chiesa Santo Stefano Rotondo\" \/><\/a><div class=\"lcp_excerpt\">Sul colle Celio, la chiesa di Santo Stefano Rotondo, costruita nel V secolo, \u00e8 una delle chiese circolari pi\u00f9 antiche ...<\/div><\/li><li class=\"current\"><a href=\"https:\/\/www.rome-roma.net\/it\/colle-celio\/visita-del-colle-celio\/\">Visita del colle Celio<\/a><a href=\"https:\/\/www.rome-roma.net\/it\/colle-celio\/visita-del-colle-celio\/\" title=\"Visita del colle Celio\"><img src=\"https:\/\/www.rome-roma.net\/photos\/stefanoRotondo-QuattroSanti-PaoloeGiovanni\/images\/villacelimontana_0938.jpg\" class=\"classthumblist\"  alt=\"Visita del colle Celio\" \/><\/a><div class=\"lcp_excerpt\">Situata ad est del colle Palatino, il colle Celio \u00e8 una delle sette colline storiche di Roma.\nEra molto popolato dai ...<\/div><\/li><li><a href=\"https:\/\/www.rome-roma.net\/it\/villa-celimontana-parco\/\">Parco della Villa Celimontana<\/a><a href=\"https:\/\/www.rome-roma.net\/it\/villa-celimontana-parco\/\" title=\"Parco della Villa Celimontana\"><img src=\"https:\/\/www.rome-roma.net\/wp-content\/uploads\/2020\/01\/villa-celimontana_0936-300x200.jpg\" class=\"classthumblist\"  alt=\"Parco della Villa Celimontana\" \/><\/a><div class=\"lcp_excerpt\">La Villa Celimontana \u00e8 un parco storico unico, situato sul\u00a0 Colle Celio a Roma, molto vicino al Colosseo. \u00c8 un ...<\/div><\/li><li><a href=\"https:\/\/www.rome-roma.net\/it\/santa-maria-in-domnica-alla-navicella\/\">Chiesa di Santa Maria in Domnica alla Navicella<\/a><a href=\"https:\/\/www.rome-roma.net\/it\/santa-maria-in-domnica-alla-navicella\/\" title=\"Chiesa di Santa Maria in Domnica alla Navicella\"><img src=\"https:\/\/www.rome-roma.net\/photos\/voyage2\/roma\/images\/roma_santamariaindomnicab_9803.jpg\" class=\"classthumblist\"  alt=\"Chiesa di Santa Maria in Domnica alla Navicella\" \/><\/a><div class=\"lcp_excerpt\">La chiesa di Santa Maria in Domnica, o alla Navicella, fu fondata nel V-VI secolo, in cima del colle Celio. ...<\/div><\/li><li><a href=\"https:\/\/www.rome-roma.net\/it\/chiesa-san-gregorio-al-celio\/\">Chiesa San Gregorio al Celio<\/a><a href=\"https:\/\/www.rome-roma.net\/it\/chiesa-san-gregorio-al-celio\/\" title=\"Chiesa San Gregorio al Celio\"><img src=\"https:\/\/www.rome-roma.net\/photos\/eglises\/san%20gregorio%20al%20celio\/images\/san_gregorio_al_celio_roma_8597.jpg\" class=\"classthumblist\"  alt=\"Chiesa San Gregorio al Celio\" \/><\/a><div class=\"lcp_excerpt\">Di origine medievale, la chiesa fu trasformata nel XVII e XVIII secolo.\u00c8 stata fondata nel 575 d.C. da San Gregorio ...<\/div><\/li><li><a href=\"https:\/\/www.rome-roma.net\/it\/storia-colle-celio\/\">Storia del colle Celio<\/a><a href=\"https:\/\/www.rome-roma.net\/it\/storia-colle-celio\/\" title=\"Storia del colle Celio\"><img src=\"https:\/\/www.rome-roma.net\/wp-content\/uploads\/2020\/02\/collines-de-rome-150x150.jpg\" class=\"classthumblist\"  alt=\"Storia del colle Celio\" \/><\/a><div class=\"lcp_excerpt\">Il Celio \u00e8 oggi il nome di uno dei Rioni di Roma, ma \u00e8 anche uno dei sette primitivi colli ...<\/div><\/li><\/ul>\n<h2>Cartina ed indirizzo<\/h2>\r\n\t\t<b>Indirizzo : <\/b> Via della Navicella, 00184 Roma<div id=\"travelersmap-container-69f33663bdb51\" class=\"travelersmap-container\" style=\"z-index: 1; min-height: 10px; min-width:10px; height:400px;width:100%; max-width:; max-height:; position:relative;\"><div style=\"position:absolute; z-index:-1;top: 50%;text-align: center;display: block;left: 50%;transform: translate(-50%,-50%);\">Travelers' Map is loading... <br> If you see this after your page is loaded completely, leafletJS files are missing.<\/div><\/div><i>Clicca sulla freccia per localizzarti sulla mappa<\/i>\n<h2>Vedute antiche nel arte<\/h2><div>3 opere di Visita del colle Celio sono state trovate nella database. Per vederle tutte aprire questo <a href=\"https:\/\/www.rome-roma.net\/site-rome-art.php?lieu=celio\" target=\"_blank\">collegamento<\/a>.<\/div><div class=\"wp-block-kadence-advancedgallery kb-gallery-wrap-id-_5955fd-3f\">\r\n        <div class=\"kb-gallery-ul kb-gallery-type-fluidcarousel kb-gallery-id-_5955fd-3f kb-gallery-caption-style-below kb-gallery-magnific-init kb-gallery-filter-none\" data-image-filter=\"none\" data-lightbox-caption=\"true\">\r\n            <div class=\"kt-blocks-carousel kt-carousel-container-dotstyle-dark\">\r\n                <div class=\"kt-blocks-carousel-init kb-blocks-fluid-carousel kt-carousel-arrowstyle-whiteondark kt-carousel-dotstyle-dark\" data-slider-anim-speed=\"400\" data-slider-type=\"fluidcarousel\" data-slider-scroll=\"1\" data-slider-arrows=\"true\" data-slider-dots=\"true\" data-slider-hover-pause=\"false\" data-slider-auto=\"false\" data-slider-speed=\"7000\">\r\n        <div class=\"kb-slide-item kb-gallery-carousel-item\"><li class=\"kadence-blocks-gallery-item\"><div class=\"kadence-blocks-gallery-item-inner\">\r\n            <figure class=\"kb-gallery-figure kb-gallery-item-has-link kadence-blocks-gallery-item-has-caption\">\r\n                <a href=\"https:\/\/www.rome-roma.net\/artmodule\/charles louis clerisseau\/clerisseau - santi giovanni e paolo.jpg\" class=\"kb-gallery-item-link\" style=\"color: #FFFFFF;\">\r\n                    <div class=\"kb-gal-image-radius\"><div class=\"kb-gallery-image-contain\">\r\n                        <img src=\"https:\/\/www.rome-roma.net\/artmodule\/charles louis clerisseau\/clerisseau - santi giovanni e paolo.jpg\" width=\"300\" height=\"200\" \r\n                            alt=\"Charles-Louis Cl\u00e9risseau,Eglise Santi Giovanni e Paolo (1740-1760, date ind\u00e9termin\u00e9e)\" \r\n                            data-full-image=\"https:\/\/www.rome-roma.net\/artmodule\/charles louis clerisseau\/clerisseau - santi giovanni e paolo.jpg\" \r\n                            data-light-image=\"https:\/\/www.rome-roma.net\/artmodule\/charles louis clerisseau\/clerisseau - santi giovanni e paolo.jpg\" data-id=\"149\" \r\n                            data-link=\"https:\/\/www.rome-roma.net\/artmodule\/charles louis clerisseau\/clerisseau - santi giovanni e paolo.jpg\" \r\n                            class=\"wp-image-149\" loading=lazy\/>\r\n                    <\/div><\/div>\r\n                    <figcaption class=\"kadence-blocks-gallery-item__caption\">Charles-Louis Cl\u00e9risseau, Eglise Santi Giovanni e Paolo<\/figcaption>\r\n                <\/a>\r\n            <\/figure><\/div><\/li><\/div>\r\n        <div class=\"kb-slide-item kb-gallery-carousel-item\"><li class=\"kadence-blocks-gallery-item\"><div class=\"kadence-blocks-gallery-item-inner\">\r\n            <figure class=\"kb-gallery-figure kb-gallery-item-has-link kadence-blocks-gallery-item-has-caption\">\r\n                <a href=\"https:\/\/www.rome-roma.net\/artmodule\/giovanni riveruzzi\/giovanni riveruzzi - il colosseo dagli orti della farnesina.jpg\" class=\"kb-gallery-item-link\" style=\"color: #FFFFFF;\">\r\n                    <div class=\"kb-gal-image-radius\"><div class=\"kb-gallery-image-contain\">\r\n                        <img src=\"https:\/\/www.rome-roma.net\/artmodule\/giovanni riveruzzi\/giovanni riveruzzi - il colosseo dagli orti della farnesina.jpg\" width=\"300\" height=\"200\" \r\n                            alt=\"Giovanni Riveruzzi,Il Colosseo dagli orti della Farnesina (?, avant 1862, date ind\u00e9termin\u00e9e)\" \r\n                            data-full-image=\"https:\/\/www.rome-roma.net\/artmodule\/giovanni riveruzzi\/giovanni riveruzzi - il colosseo dagli orti della farnesina.jpg\" \r\n                            data-light-image=\"https:\/\/www.rome-roma.net\/artmodule\/giovanni riveruzzi\/giovanni riveruzzi - il colosseo dagli orti della farnesina.jpg\" data-id=\"149\" \r\n                            data-link=\"https:\/\/www.rome-roma.net\/artmodule\/giovanni riveruzzi\/giovanni riveruzzi - il colosseo dagli orti della farnesina.jpg\" \r\n                            class=\"wp-image-149\" loading=lazy\/>\r\n                    <\/div><\/div>\r\n                    <figcaption class=\"kadence-blocks-gallery-item__caption\">Giovanni Riveruzzi, Il Colosseo dagli orti della Farnesina<\/figcaption>\r\n                <\/a>\r\n            <\/figure><\/div><\/li><\/div>\r\n        <div class=\"kb-slide-item kb-gallery-carousel-item\"><li class=\"kadence-blocks-gallery-item\"><div class=\"kadence-blocks-gallery-item-inner\">\r\n            <figure class=\"kb-gallery-figure kb-gallery-item-has-link kadence-blocks-gallery-item-has-caption\">\r\n                <a href=\"https:\/\/www.rome-roma.net\/artmodule\/nicolle victor jean\/nicolle victor jean - villa cornovaglia.jpg\" class=\"kb-gallery-item-link\" style=\"color: #FFFFFF;\">\r\n                    <div class=\"kb-gal-image-radius\"><div class=\"kb-gallery-image-contain\">\r\n                        <img src=\"https:\/\/www.rome-roma.net\/artmodule\/nicolle victor jean\/nicolle victor jean - villa cornovaglia.jpg\" width=\"300\" height=\"200\" \r\n                            alt=\"Victor-Jean Nicolle,Villa Cornovaglia (?, avant 1826, date ind\u00e9termin\u00e9e)\" \r\n                            data-full-image=\"https:\/\/www.rome-roma.net\/artmodule\/nicolle victor jean\/nicolle victor jean - villa cornovaglia.jpg\" \r\n                            data-light-image=\"https:\/\/www.rome-roma.net\/artmodule\/nicolle victor jean\/nicolle victor jean - villa cornovaglia.jpg\" data-id=\"149\" \r\n                            data-link=\"https:\/\/www.rome-roma.net\/artmodule\/nicolle victor jean\/nicolle victor jean - villa cornovaglia.jpg\" \r\n                            class=\"wp-image-149\" loading=lazy\/>\r\n                    <\/div><\/div>\r\n                    <figcaption class=\"kadence-blocks-gallery-item__caption\">Victor-Jean Nicolle, Villa Cornovaglia<\/a> (\u0152uvre pr\u00e9sente \u00e0 la <a href=\"https:\/\/galerievittet.com\/\" target=\"_blank\">Galerie Claude Vittet<\/a>)<a><\/figcaption>\r\n                <\/a>\r\n            <\/figure><\/div><\/li><\/div><\/div><\/div><\/div><\/div><a href=\"https:\/\/www.rome-roma.net\/site-rome-art.php?lieu=celio\" target=\"_blank\">Clica per vedere oltre dipinti e artisti su Colline Caelius in Roma<\/a><br>\n<h2>Galleria<\/h2>\n<p class=\"desc\"><a href=\"https:\/\/www.rome-roma.net\/photos\/stefanoRotondo-QuattroSanti-PaoloeGiovanni\/images\/arcodidolabella_0910.jpg\" target=\"_blank\" rel=\"lightbox[a] noopener noreferrer\"><img loading=\"lazy\" src=\"https:\/\/www.rome-roma.net\/photos\/stefanoRotondo-QuattroSanti-PaoloeGiovanni\/thumbnails\/arcodidolabella_0910.jpg\" alt=\"colline du Caelius \u00e0 Rome\" width=\"106\" height=\"154\" border=\"0\" hspace=\"3\" vspace=\"3\" \/><\/a><a href=\"https:\/\/www.rome-roma.net\/photos\/stefanoRotondo-QuattroSanti-PaoloeGiovanni\/images\/arcodidolabella_0911.jpg\" target=\"_blank\" rel=\"lightbox[a] noopener noreferrer\"><img loading=\"lazy\" src=\"https:\/\/www.rome-roma.net\/photos\/stefanoRotondo-QuattroSanti-PaoloeGiovanni\/thumbnails\/arcodidolabella_0911.jpg\" alt=\"colline du Caelius \u00e0 Rome\" width=\"106\" height=\"154\" border=\"0\" hspace=\"3\" vspace=\"3\" \/><\/a><a href=\"https:\/\/www.rome-roma.net\/photos\/stefanoRotondo-QuattroSanti-PaoloeGiovanni\/images\/viadisanpaolodicroce_0912.jpg\" target=\"_blank\" rel=\"lightbox[a] noopener noreferrer\"><img loading=\"lazy\" src=\"https:\/\/www.rome-roma.net\/photos\/stefanoRotondo-QuattroSanti-PaoloeGiovanni\/thumbnails\/viadisanpaolodicroce_0912.jpg\" alt=\"colline du Caelius \u00e0 Rome\" width=\"106\" height=\"154\" border=\"0\" hspace=\"3\" vspace=\"3\" \/><\/a><a href=\"https:\/\/www.rome-roma.net\/photos\/stefanoRotondo-QuattroSanti-PaoloeGiovanni\/images\/viadisanpaolodicroce_0913.jpg\" target=\"_blank\" rel=\"lightbox[a] noopener noreferrer\"><img loading=\"lazy\" src=\"https:\/\/www.rome-roma.net\/photos\/stefanoRotondo-QuattroSanti-PaoloeGiovanni\/thumbnails\/viadisanpaolodicroce_0913.jpg\" alt=\"colline du Caelius \u00e0 Rome\" width=\"106\" height=\"154\" border=\"0\" hspace=\"3\" vspace=\"3\" \/><\/a> Arco e Via di San Paolo della Croce<\/p>\n<p class=\"desc\"><a href=\"https:\/\/www.rome-roma.net\/photos\/stefanoRotondo-QuattroSanti-PaoloeGiovanni\/images\/scauroroma_0939.jpg\" target=\"_blank\" rel=\"lightbox[a] noopener noreferrer\"><img loading=\"lazy\" src=\"https:\/\/www.rome-roma.net\/photos\/stefanoRotondo-QuattroSanti-PaoloeGiovanni\/thumbnails\/scauroroma_0939.jpg\" alt=\"colline du Caelius \u00e0 Rome\" width=\"106\" height=\"154\" border=\"0\" hspace=\"3\" vspace=\"3\" \/><\/a><a href=\"https:\/\/www.rome-roma.net\/photos\/stefanoRotondo-QuattroSanti-PaoloeGiovanni\/images\/scauroroma_0940.jpg\" target=\"_blank\" rel=\"lightbox[a] noopener noreferrer\"><img loading=\"lazy\" src=\"https:\/\/www.rome-roma.net\/photos\/stefanoRotondo-QuattroSanti-PaoloeGiovanni\/thumbnails\/scauroroma_0940.jpg\" alt=\"colline du Caelius \u00e0 Rome\" width=\"106\" height=\"154\" border=\"0\" hspace=\"3\" vspace=\"3\" \/><\/a> <em>Clivo di Scauro<\/em> dove si possono scoprire case romane<\/p>\n<p><a href=\"https:\/\/www.rome-roma.net\/photos\/stefanoRotondo-QuattroSanti-PaoloeGiovanni\/images\/villacelimontana_0914.jpg\" target=\"_blank\" rel=\"lightbox[a] noopener noreferrer\"><img loading=\"lazy\" src=\"https:\/\/www.rome-roma.net\/photos\/stefanoRotondo-QuattroSanti-PaoloeGiovanni\/thumbnails\/villacelimontana_0914.jpg\" alt=\"colline du Caelius \u00e0 Rome\" width=\"154\" height=\"106\" border=\"0\" hspace=\"3\" vspace=\"3\" \/><\/a><br \/>\n<a href=\"https:\/\/www.rome-roma.net\/photos\/stefanoRotondo-QuattroSanti-PaoloeGiovanni\/images\/madreteresaroma_0948.jpg\" target=\"_blank\" rel=\"lightbox[a] noopener noreferrer\"><img loading=\"lazy\" src=\"https:\/\/www.rome-roma.net\/photos\/stefanoRotondo-QuattroSanti-PaoloeGiovanni\/thumbnails\/madreteresaroma_0948.jpg\" alt=\"colline du Caelius \u00e0 Rome\" width=\"106\" height=\"154\" border=\"0\" hspace=\"3\" vspace=\"3\" \/><\/a><\/p>\n<p class=\"desc\"><a href=\"https:\/\/www.rome-roma.net\/photos\/roma201505\/images\/celio_palatin_rome_8594.jpg\" rel=\"lightbox[a]\"><img loading=\"lazy\" src=\"https:\/\/www.rome-roma.net\/photos\/roma201505\/thumbnails\/celio_palatin_rome_8594.jpg\" alt=\"colline du Celio\" width=\"154\" height=\"106\" border=\"0\" hspace=\"3\" vspace=\"3\" \/><\/a> Vista dal Aventino sul Celio, con il Palatino a sinistra<\/p>\n<p class=\"desc\"><a href=\"https:\/\/www.rome-roma.net\/photos\/roma201505\/images\/vestigi_celio_roma_8601.jpg\" rel=\"lightbox[a]\"><img loading=\"lazy\" src=\"https:\/\/www.rome-roma.net\/photos\/roma201505\/thumbnails\/vestigi_celio_roma_8601.jpg\" alt=\"colline du Celio\" width=\"154\" height=\"106\" border=\"0\" hspace=\"3\" vspace=\"3\" \/><\/a><a href=\"https:\/\/www.rome-roma.net\/photos\/roma201505\/images\/vestigi_celio_roma_8602.jpg\" rel=\"lightbox[a]\"><img loading=\"lazy\" src=\"https:\/\/www.rome-roma.net\/photos\/roma201505\/thumbnails\/vestigi_celio_roma_8602.jpg\" alt=\"colline du Celio\" width=\"154\" height=\"106\" border=\"0\" hspace=\"3\" vspace=\"3\" \/><\/a><a href=\"https:\/\/www.rome-roma.net\/photos\/roma201505\/images\/vestigi_celio_roma_8603.jpg\" rel=\"lightbox[a]\"><img loading=\"lazy\" src=\"https:\/\/www.rome-roma.net\/photos\/roma201505\/thumbnails\/vestigi_celio_roma_8603.jpg\" alt=\"colline du Celio\" width=\"154\" height=\"106\" border=\"0\" hspace=\"3\" vspace=\"3\" \/><\/a> Vestigi antichi del tempio di Claudio accanto a la Chiesa di San Giovanni e Paolo<\/p>\n","protected":false},"excerpt":{"rendered":"<p>Situata ad est del colle Palatino, il colle Celio \u00e8 una delle sette colline storiche di Roma. Era molto popolato dai tempi della Repubblica Romana. Ci sono anche alcuni importanti resti antichi, come porzioni di templi (incluso il Tempio del Divino Claudio) o parti di case romane. Oggi, oltre a un ospedale militare, gran parte [&hellip;]<\/p>\n","protected":false},"featured_media":0,"parent":6316,"menu_order":0,"comment_status":"open","ping_status":"open","template":"","format":"standard","meta":{"kt_blocks_editor_width":"","_links_to":"","_links_to_target":""},"genre":[273],"interet":[287],"quartier":[312,313],"categorie_site":[414,415],"quartier_historique":[445],"etiquettes_site":[465],"acf":[],"yoast_head":"<!-- This site is optimized with the Yoast SEO plugin v17.4 - https:\/\/yoast.com\/wordpress\/plugins\/seo\/ -->\n<title>Visita del colle Celio &ndash; Rome-Roma<\/title>\n<meta name=\"description\" content=\"Visita del colle Celio a Roma, il suo parco di Villa Celimontana, le chiese e i resti antichi. Scoperta dei quartieri di Roma.\" \/>\n<meta name=\"robots\" content=\"index, follow, max-snippet:-1, max-image-preview:large, max-video-preview:-1\" \/>\n<link rel=\"canonical\" href=\"https:\/\/www.rome-roma.net\/it\/colle-celio\/visita-del-colle-celio\/\" \/>\n<meta property=\"og:locale\" content=\"it_IT\" \/>\n<meta property=\"og:type\" content=\"article\" \/>\n<meta property=\"og:title\" content=\"Visita del colle Celio &ndash; Rome-Roma\" \/>\n<meta property=\"og:description\" content=\"Visita del colle Celio a Roma, il suo parco di Villa Celimontana, le chiese e i resti antichi. Scoperta dei quartieri di Roma.\" \/>\n<meta property=\"og:url\" content=\"https:\/\/www.rome-roma.net\/it\/colle-celio\/visita-del-colle-celio\/\" \/>\n<meta property=\"og:site_name\" content=\"Rome-Roma\" \/>\n<meta property=\"article:modified_time\" content=\"2022-11-12T10:41:30+00:00\" \/>\n<meta property=\"og:image\" content=\"https:\/\/www.rome-roma.net\/photos\/stefanoRotondo-QuattroSanti-PaoloeGiovanni\/images\/villacelimontana_0938.jpg\" \/>\n<meta name=\"twitter:card\" content=\"summary_large_image\" \/>\n<meta name=\"twitter:label1\" content=\"Tempo di lettura stimato\" \/>\n\t<meta name=\"twitter:data1\" content=\"1 minuto\" \/>\n<script type=\"application\/ld+json\" class=\"yoast-schema-graph\">{\"@context\":\"https:\/\/schema.org\",\"@graph\":[{\"@type\":\"Organization\",\"@id\":\"https:\/\/www.rome-roma.net\/it\/#organization\",\"name\":\"Rome-Roma\",\"url\":\"https:\/\/www.rome-roma.net\/it\/\",\"sameAs\":[],\"logo\":{\"@type\":\"ImageObject\",\"@id\":\"https:\/\/www.rome-roma.net\/it\/#logo\",\"inLanguage\":\"it-IT\",\"url\":\"https:\/\/www.rome-roma.net\/wp-content\/uploads\/2025\/07\/logo-rome-roma-420.jpg\",\"contentUrl\":\"https:\/\/www.rome-roma.net\/wp-content\/uploads\/2025\/07\/logo-rome-roma-420.jpg\",\"width\":420,\"height\":420,\"caption\":\"Rome-Roma\"},\"image\":{\"@id\":\"https:\/\/www.rome-roma.net\/it\/#logo\"}},{\"@type\":\"WebSite\",\"@id\":\"https:\/\/www.rome-roma.net\/it\/#website\",\"url\":\"https:\/\/www.rome-roma.net\/it\/\",\"name\":\"Rome-Roma\",\"description\":\"Cultura & Viaggio\",\"publisher\":{\"@id\":\"https:\/\/www.rome-roma.net\/it\/#organization\"},\"potentialAction\":[{\"@type\":\"SearchAction\",\"target\":{\"@type\":\"EntryPoint\",\"urlTemplate\":\"https:\/\/www.rome-roma.net\/it\/?s={search_term_string}\"},\"query-input\":\"required name=search_term_string\"}],\"inLanguage\":\"it-IT\"},{\"@type\":\"ImageObject\",\"@id\":\"https:\/\/www.rome-roma.net\/it\/colle-celio\/visita-del-colle-celio\/#primaryimage\",\"inLanguage\":\"it-IT\",\"url\":\"https:\/\/www.rome-roma.net\/photos\/stefanoRotondo-QuattroSanti-PaoloeGiovanni\/images\/villacelimontana_0938.jpg\",\"contentUrl\":\"https:\/\/www.rome-roma.net\/photos\/stefanoRotondo-QuattroSanti-PaoloeGiovanni\/images\/villacelimontana_0938.jpg\"},{\"@type\":\"WebPage\",\"@id\":\"https:\/\/www.rome-roma.net\/it\/colle-celio\/visita-del-colle-celio\/#webpage\",\"url\":\"https:\/\/www.rome-roma.net\/it\/colle-celio\/visita-del-colle-celio\/\",\"name\":\"Visita del colle Celio &ndash; Rome-Roma\",\"isPartOf\":{\"@id\":\"https:\/\/www.rome-roma.net\/it\/#website\"},\"primaryImageOfPage\":{\"@id\":\"https:\/\/www.rome-roma.net\/it\/colle-celio\/visita-del-colle-celio\/#primaryimage\"},\"datePublished\":\"2020-02-01T15:36:00+00:00\",\"dateModified\":\"2022-11-12T10:41:30+00:00\",\"description\":\"Visita del colle Celio a Roma, il suo parco di Villa Celimontana, le chiese e i resti antichi. Scoperta dei quartieri di Roma.\",\"breadcrumb\":{\"@id\":\"https:\/\/www.rome-roma.net\/it\/colle-celio\/visita-del-colle-celio\/#breadcrumb\"},\"inLanguage\":\"it-IT\",\"potentialAction\":[{\"@type\":\"ReadAction\",\"target\":[\"https:\/\/www.rome-roma.net\/it\/colle-celio\/visita-del-colle-celio\/\"]}]},{\"@type\":\"BreadcrumbList\",\"@id\":\"https:\/\/www.rome-roma.net\/it\/colle-celio\/visita-del-colle-celio\/#breadcrumb\",\"itemListElement\":[{\"@type\":\"ListItem\",\"position\":1,\"name\":\"Accueil\",\"item\":\"https:\/\/www.rome-roma.net\/it\/\"},{\"@type\":\"ListItem\",\"position\":2,\"name\":\"Colle Celio\",\"item\":\"https:\/\/www.rome-roma.net\/it\/quartiere\/colle-del-celio\/\"},{\"@type\":\"ListItem\",\"position\":3,\"name\":\"Visita del colle Celio\"}]}]}<\/script>\n<!-- \/ Yoast SEO plugin. -->","yoast_head_json":{"title":"Visita del colle Celio &ndash; Rome-Roma","description":"Visita del colle Celio a Roma, il suo parco di Villa Celimontana, le chiese e i resti antichi. Scoperta dei quartieri di Roma.","robots":{"index":"index","follow":"follow","max-snippet":"max-snippet:-1","max-image-preview":"max-image-preview:large","max-video-preview":"max-video-preview:-1"},"canonical":"https:\/\/www.rome-roma.net\/it\/colle-celio\/visita-del-colle-celio\/","og_locale":"it_IT","og_type":"article","og_title":"Visita del colle Celio &ndash; Rome-Roma","og_description":"Visita del colle Celio a Roma, il suo parco di Villa Celimontana, le chiese e i resti antichi. Scoperta dei quartieri di Roma.","og_url":"https:\/\/www.rome-roma.net\/it\/colle-celio\/visita-del-colle-celio\/","og_site_name":"Rome-Roma","article_modified_time":"2022-11-12T10:41:30+00:00","og_image":[{"url":"https:\/\/www.rome-roma.net\/photos\/stefanoRotondo-QuattroSanti-PaoloeGiovanni\/images\/villacelimontana_0938.jpg"}],"twitter_card":"summary_large_image","twitter_misc":{"Tempo di lettura stimato":"1 minuto"},"schema":{"@context":"https:\/\/schema.org","@graph":[{"@type":"Organization","@id":"https:\/\/www.rome-roma.net\/it\/#organization","name":"Rome-Roma","url":"https:\/\/www.rome-roma.net\/it\/","sameAs":[],"logo":{"@type":"ImageObject","@id":"https:\/\/www.rome-roma.net\/it\/#logo","inLanguage":"it-IT","url":"https:\/\/www.rome-roma.net\/wp-content\/uploads\/2025\/07\/logo-rome-roma-420.jpg","contentUrl":"https:\/\/www.rome-roma.net\/wp-content\/uploads\/2025\/07\/logo-rome-roma-420.jpg","width":420,"height":420,"caption":"Rome-Roma"},"image":{"@id":"https:\/\/www.rome-roma.net\/it\/#logo"}},{"@type":"WebSite","@id":"https:\/\/www.rome-roma.net\/it\/#website","url":"https:\/\/www.rome-roma.net\/it\/","name":"Rome-Roma","description":"Cultura & Viaggio","publisher":{"@id":"https:\/\/www.rome-roma.net\/it\/#organization"},"potentialAction":[{"@type":"SearchAction","target":{"@type":"EntryPoint","urlTemplate":"https:\/\/www.rome-roma.net\/it\/?s={search_term_string}"},"query-input":"required name=search_term_string"}],"inLanguage":"it-IT"},{"@type":"ImageObject","@id":"https:\/\/www.rome-roma.net\/it\/colle-celio\/visita-del-colle-celio\/#primaryimage","inLanguage":"it-IT","url":"https:\/\/www.rome-roma.net\/photos\/stefanoRotondo-QuattroSanti-PaoloeGiovanni\/images\/villacelimontana_0938.jpg","contentUrl":"https:\/\/www.rome-roma.net\/photos\/stefanoRotondo-QuattroSanti-PaoloeGiovanni\/images\/villacelimontana_0938.jpg"},{"@type":"WebPage","@id":"https:\/\/www.rome-roma.net\/it\/colle-celio\/visita-del-colle-celio\/#webpage","url":"https:\/\/www.rome-roma.net\/it\/colle-celio\/visita-del-colle-celio\/","name":"Visita del colle Celio &ndash; Rome-Roma","isPartOf":{"@id":"https:\/\/www.rome-roma.net\/it\/#website"},"primaryImageOfPage":{"@id":"https:\/\/www.rome-roma.net\/it\/colle-celio\/visita-del-colle-celio\/#primaryimage"},"datePublished":"2020-02-01T15:36:00+00:00","dateModified":"2022-11-12T10:41:30+00:00","description":"Visita del colle Celio a Roma, il suo parco di Villa Celimontana, le chiese e i resti antichi. Scoperta dei quartieri di Roma.","breadcrumb":{"@id":"https:\/\/www.rome-roma.net\/it\/colle-celio\/visita-del-colle-celio\/#breadcrumb"},"inLanguage":"it-IT","potentialAction":[{"@type":"ReadAction","target":["https:\/\/www.rome-roma.net\/it\/colle-celio\/visita-del-colle-celio\/"]}]},{"@type":"BreadcrumbList","@id":"https:\/\/www.rome-roma.net\/it\/colle-celio\/visita-del-colle-celio\/#breadcrumb","itemListElement":[{"@type":"ListItem","position":1,"name":"Accueil","item":"https:\/\/www.rome-roma.net\/it\/"},{"@type":"ListItem","position":2,"name":"Colle Celio","item":"https:\/\/www.rome-roma.net\/it\/quartiere\/colle-del-celio\/"},{"@type":"ListItem","position":3,"name":"Visita del colle Celio"}]}]}},"acf_fields":{"nom_monument":null,"wikidata":"","sameas":null},"_links":{"self":[{"href":"https:\/\/www.rome-roma.net\/it\/wp-json\/wp\/v2\/site\/7703"}],"collection":[{"href":"https:\/\/www.rome-roma.net\/it\/wp-json\/wp\/v2\/site"}],"about":[{"href":"https:\/\/www.rome-roma.net\/it\/wp-json\/wp\/v2\/types\/site"}],"replies":[{"embeddable":true,"href":"https:\/\/www.rome-roma.net\/it\/wp-json\/wp\/v2\/comments?post=7703"}],"up":[{"embeddable":true,"href":"https:\/\/www.rome-roma.net\/it\/wp-json\/wp\/v2\/site\/6316"}],"wp:attachment":[{"href":"https:\/\/www.rome-roma.net\/it\/wp-json\/wp\/v2\/media?parent=7703"}],"wp:term":[{"taxonomy":"genre","embeddable":true,"href":"https:\/\/www.rome-roma.net\/it\/wp-json\/wp\/v2\/genre?post=7703"},{"taxonomy":"interet","embeddable":true,"href":"https:\/\/www.rome-roma.net\/it\/wp-json\/wp\/v2\/interet?post=7703"},{"taxonomy":"quartier","embeddable":true,"href":"https:\/\/www.rome-roma.net\/it\/wp-json\/wp\/v2\/quartier?post=7703"},{"taxonomy":"categorie_site","embeddable":true,"href":"https:\/\/www.rome-roma.net\/it\/wp-json\/wp\/v2\/categorie_site?post=7703"},{"taxonomy":"quartier_historique","embeddable":true,"href":"https:\/\/www.rome-roma.net\/it\/wp-json\/wp\/v2\/quartier_historique?post=7703"},{"taxonomy":"etiquettes_site","embeddable":true,"href":"https:\/\/www.rome-roma.net\/it\/wp-json\/wp\/v2\/etiquettes_site?post=7703"}],"curies":[{"name":"wp","href":"https:\/\/api.w.org\/{rel}","templated":true}]}}