


{"id":8069,"date":"2020-01-24T11:50:56","date_gmt":"2020-01-24T10:50:56","guid":{"rendered":"https:\/\/www.rome-roma.net\/site\/fontaine-et-piazza-san-simeone\/"},"modified":"2025-01-17T11:48:58","modified_gmt":"2025-01-17T10:48:58","slug":"piazza-e-fontana-san-simeone","status":"publish","type":"site","link":"https:\/\/www.rome-roma.net\/it\/piazza-e-fontana-san-simeone\/","title":{"rendered":"Piazza e fontana San Simeone"},"content":{"rendered":"<div id=\"attachment_28223\" style=\"width: 310px\" class=\"wp-caption alignright\"><a href=\"https:\/\/www.rome-roma.net\/wp-content\/uploads\/2020\/02\/piazza-san-simeone-fontana-via-dei-coronari-3997.jpg\"><img aria-describedby=\"caption-attachment-28223\" loading=\"lazy\" class=\"wp-image-28223 size-medium\" src=\"https:\/\/www.rome-roma.net\/wp-content\/uploads\/2020\/02\/piazza-san-simeone-fontana-via-dei-coronari-3997-300x200.jpg\" alt=\"piazza-san-simeone-fontana-via-dei-coronari_3997\" width=\"300\" height=\"200\" srcset=\"https:\/\/www.rome-roma.net\/wp-content\/uploads\/2020\/02\/piazza-san-simeone-fontana-via-dei-coronari-3997-300x200.jpg 300w, https:\/\/www.rome-roma.net\/wp-content\/uploads\/2020\/02\/piazza-san-simeone-fontana-via-dei-coronari-3997-1024x683.jpg 1024w, https:\/\/www.rome-roma.net\/wp-content\/uploads\/2020\/02\/piazza-san-simeone-fontana-via-dei-coronari-3997-768x512.jpg 768w, https:\/\/www.rome-roma.net\/wp-content\/uploads\/2020\/02\/piazza-san-simeone-fontana-via-dei-coronari-3997.jpg 1200w\" sizes=\"(max-width: 300px) 100vw, 300px\" \/><\/a><p id=\"caption-attachment-28223\" class=\"wp-caption-text\">Piazza San Simeone<\/p><\/div>\n<p>La <strong>piazza San Simeone<\/strong>, situata nel <strong>rione Parione<\/strong> di Roma, \u00e8 uno spazio tranquillo e pittoresco, dominato dal maestoso <strong>palazzo Lancellotti<\/strong> del XVI secolo.<br \/>Strade storiche la collegano, come la <a href=\"https:\/\/www.rome-roma.net\/it\/la-via-dei-coronari\/\">via dei Coronari<\/a> e via Lancellotti.<br \/>La fontana si trovava originariamente ai piedi del Campidoglio, abbellita e spostata qui nel 1973. Resta anche la facciata della chiesa di San Simeone che si affaccia su Piazza Lancellotti.<\/p>\n<h2>Palazzo Lancellotti<\/h2>\n<p>Il maestoso <strong>Palazzo Lancellotti<\/strong> fu progettato per il cardinale <strong>Scipione Lancellotti<\/strong> all&#8217;inizio del XVI secolo da <strong>da Volterra<\/strong>, successivamente completato da Maderno.<\/p>\n<div id=\"attachment_28218\" style=\"width: 310px\" class=\"wp-caption alignleft\"><a href=\"https:\/\/www.rome-roma.net\/wp-content\/uploads\/2020\/02\/piazza-san-simeone-4000.jpg\"><img aria-describedby=\"caption-attachment-28218\" loading=\"lazy\" class=\"wp-image-28218 size-medium\" src=\"https:\/\/www.rome-roma.net\/wp-content\/uploads\/2020\/02\/piazza-san-simeone-4000-300x200.jpg\" alt=\"piazza-san-simeone_4000\" width=\"300\" height=\"200\" srcset=\"https:\/\/www.rome-roma.net\/wp-content\/uploads\/2020\/02\/piazza-san-simeone-4000-300x200.jpg 300w, https:\/\/www.rome-roma.net\/wp-content\/uploads\/2020\/02\/piazza-san-simeone-4000-1024x683.jpg 1024w, https:\/\/www.rome-roma.net\/wp-content\/uploads\/2020\/02\/piazza-san-simeone-4000-768x512.jpg 768w, https:\/\/www.rome-roma.net\/wp-content\/uploads\/2020\/02\/piazza-san-simeone-4000.jpg 1200w\" sizes=\"(max-width: 300px) 100vw, 300px\" \/><\/a><p id=\"caption-attachment-28218\" class=\"wp-caption-text\">Palazzo Lancellotti<\/p><\/div>\n<p>La facciata del palazzo \u00e8 ornata da un portale magnificamente decorato, opera del <strong>Domenichino<\/strong>, incorniciato da due colonne. Questo portale fu chiuso nel 1870 come protesta contro l&#8217;attacco agli Stati Pontifici, per poi essere riaperto nel 1929 a seguito dei Patti Lateranensi. Due edicoli notevoli del XVIII secolo ornano gli angoli del palazzo: uno, raffigurante il <em>Redentore<\/em>, si trova all&#8217;angolo con via dei Coronari, e l&#8217;altro, raffigurante la <em>Vergine Addolorata<\/em>, all&#8217;angolo con piazza Lancellotti. La cornice \u00e8 arricchita da una frisa a palmette, mentre un cortile interno presenta un&#8217;arcata decorata da bassorilievi.<br \/>All&#8217;interno, le sale sono dotate di volte ornate da affreschi risalenti al 1623, dipinti da <strong>Agostino Tassi<\/strong>, che vi inserisce prospettive come una falsa loggia e paesaggi, mentre <strong>Guercino<\/strong> ha dipinto allegorie che rappresentano la Ricchezza e la Gloria.<br \/>Il palazzo ospit\u00f2 anche l&#8217;Accademia degli Infermi, fondata da Filippo Lancellotti nel 1650, e il consolato francese, dove soggiorn\u00f2 Chateaubriand. Oggi, l&#8217;edificio \u00e8 chiuso al pubblico e pu\u00f2 essere ammirato solo dall&#8217;esterno.<\/p>\n<h2>Fontana di Piazza San Simeone<\/h2>\n<div id=\"attachment_28228\" style=\"width: 210px\" class=\"wp-caption alignleft\"><a href=\"https:\/\/www.rome-roma.net\/wp-content\/uploads\/2020\/02\/piazza-san-simeone-fontana-via-dei-coronari-3998.jpg\"><img aria-describedby=\"caption-attachment-28228\" loading=\"lazy\" class=\"wp-image-28228 size-medium\" src=\"https:\/\/www.rome-roma.net\/wp-content\/uploads\/2020\/02\/piazza-san-simeone-fontana-via-dei-coronari-3998-200x300.jpg\" alt=\"piazza-san-simeone-fontana-via-dei-coronari_3998\" width=\"200\" height=\"300\" srcset=\"https:\/\/www.rome-roma.net\/wp-content\/uploads\/2020\/02\/piazza-san-simeone-fontana-via-dei-coronari-3998-200x300.jpg 200w, https:\/\/www.rome-roma.net\/wp-content\/uploads\/2020\/02\/piazza-san-simeone-fontana-via-dei-coronari-3998-683x1024.jpg 683w, https:\/\/www.rome-roma.net\/wp-content\/uploads\/2020\/02\/piazza-san-simeone-fontana-via-dei-coronari-3998-768x1152.jpg 768w, https:\/\/www.rome-roma.net\/wp-content\/uploads\/2020\/02\/piazza-san-simeone-fontana-via-dei-coronari-3998.jpg 800w\" sizes=\"(max-width: 200px) 100vw, 200px\" \/><\/a><p id=\"caption-attachment-28228\" class=\"wp-caption-text\">Fontana<\/p><\/div>\n<p>La fontana, spostata nel 1973 sulla <strong>Piazzetta di San Simeone<\/strong>, si trovava originariamente sulla <strong>Piazza Montanara<\/strong>, oggi scomparsa.<\/p>\n<p>La fontana fu commissionata da Gregorio XIII nel XVI secolo per Piazza Montanara, situata un po&#8217; a sud del <a href=\"https:\/\/www.rome-roma.net\/it\/il-campidoglio-antico\/\">Campidoglio<\/a>, di fronte al <a href=\"https:\/\/www.rome-roma.net\/it\/teatro-di-marcello\/\">teatro di Marcello<\/a>, in un periodo in cui fu sviluppato l&#8217;approvvigionamento idrico delle colline del Viminale e del Quirinale.<br \/>Fu realizzata nel 1589 dal mastro pietraio Pietro Gucci, secondo i disegni di Giacomo della Porta.<br \/>All&#8217;inizio, la sua forma e le sue dimensioni erano modeste, riflettendo il suo carattere utilitario e popolare. Si componeva solo di una vasca centrale rotonda, decorata con il sole, simbolo del papa.<\/p>\n<p>Nel 1696, fu aggiunta una vasca pi\u00f9 piccola, elevando la struttura e permettendo l&#8217;aggiunta di un getto centrale, decorato con quattro maschere.<br \/>Nel 1829, la parte inferiore fu modificata e gli stemmi pontifici furono sostituiti con quelli dei tre Conservatori e dei quattro magistrati della citt\u00e0 in carica all&#8217;epoca.<\/p>\n<p>Nel 1932, i lavori di ristrutturazione urbana modificarono la zona di Piazza Montanara, che scomparve con l&#8217;apertura della via del Teatro Marcello. La fontana fu quindi collocata nel <a href=\"https:\/\/www.rome-roma.net\/it\/giardino-degli-aranci-parco-savello\/\">Giardino degli Aranci<\/a> sul Colle Aventino, prima di essere trasferita nel 1973 nell&#8217;attuale posizione su Piazza San Simeone.<\/p>\n<h2>Galleria foto<\/h2>\n<p><em><a href=\"https:\/\/www.rome-roma.net\/photos\/natale-a-roma\/images\/natale_a_roma.jpg\" rel=\"lightbox[a]\"><img loading=\"lazy\" src=\"https:\/\/www.rome-roma.net\/photos\/natale-a-roma\/thumbnails\/natale_a_roma.jpg\" alt=\"Place San Simeone, du quartier Navone\" width=\"154\" height=\"106\" border=\"0\" hspace=\"2\" vspace=\"2\" \/><\/a><a href=\"https:\/\/www.rome-roma.net\/photos\/campo-navona-roma\/images\/quartier_navone_rome_3346.jpg\" rel=\"lightbox[a]\"><img loading=\"lazy\" src=\"https:\/\/www.rome-roma.net\/photos\/campo-navona-roma\/thumbnails\/quartier_navone_rome_3346.jpg\" alt=\"quartier navone \u00e0 rome\" width=\"154\" height=\"106\" border=\"0\" hspace=\"2\" vspace=\"2\" \/><\/a><a href=\"https:\/\/www.rome-roma.net\/photos\/2013-mars2014\/placesruesderome\/images\/piazza_san_simeone_5588.jpg\" rel=\"lightbox[a]\"><img loading=\"lazy\" src=\"https:\/\/www.rome-roma.net\/photos\/2013-mars2014\/placesruesderome\/thumbnails\/piazza_san_simeone_5588.jpg\" alt=\"Fontana del Moro\" width=\"154\" height=\"106\" border=\"0\" hspace=\"2\" vspace=\"2\" \/><\/a><a href=\"https:\/\/www.rome-roma.net\/photos\/2013-mars2014\/placesruesderome\/images\/piazza_san_simeone_5590.jpg\" rel=\"lightbox[a]\"><img loading=\"lazy\" src=\"https:\/\/www.rome-roma.net\/photos\/2013-mars2014\/placesruesderome\/thumbnails\/piazza_san_simeone_5590.jpg\" alt=\"Fontana del Moro\" width=\"154\" height=\"106\" border=\"0\" hspace=\"2\" vspace=\"2\" \/><\/a><a href=\"https:\/\/www.rome-roma.net\/photos\/2013-mars2014\/placesruesderome\/images\/piazza_san_simeone_5589.jpg\" rel=\"lightbox[a]\"><img loading=\"lazy\" src=\"https:\/\/www.rome-roma.net\/photos\/2013-mars2014\/placesruesderome\/thumbnails\/piazza_san_simeone_5589.jpg\" alt=\"Fontana del Moro\" width=\"106\" height=\"154\" border=\"0\" hspace=\"2\" vspace=\"2\" \/><\/a><a href=\"https:\/\/www.rome-roma.net\/photos\/2013-mars2014\/placesruesderome\/images\/dintorni_via_dei_coronari_5594.jpg\" rel=\"lightbox[a]\"><img loading=\"lazy\" src=\"https:\/\/www.rome-roma.net\/photos\/2013-mars2014\/placesruesderome\/thumbnails\/dintorni_via_dei_coronari_5594.jpg\" alt=\"Fontana del Moro\" width=\"106\" height=\"154\" border=\"0\" hspace=\"2\" vspace=\"2\" \/><\/a><\/em><\/p>\n\n\n<h2>Cartina ed indirizzo<\/h2>\r\n\t\t<b>Indirizzo : <\/b> Piazza di S. Simeone, 00186 Roma RM <div id=\"travelersmap-container-69f3ad49b424b\" class=\"travelersmap-container\" style=\"z-index: 1; min-height: 10px; min-width:10px; height:400px;width:100%; max-width:; max-height:; position:relative;\"><div style=\"position:absolute; z-index:-1;top: 50%;text-align: center;display: block;left: 50%;transform: translate(-50%,-50%);\">Travelers' Map is loading... <br> If you see this after your page is loaded completely, leafletJS files are missing.<\/div><\/div><i>Clicca sulla freccia per localizzarti sulla mappa<\/i>\n\n\n\n<h2>Informazioni<\/h2>\n\n\n<table style=\"border-collapse: collapse; width: 100%; height: 203px;\">\n<tbody>\n<tr style=\"background-color: #fae8c3;\">\n<td style=\"width: 100%; height: 49px;\"><strong><span style=\"font-size: 10pt;\">Piazza di San Simeone<\/span><\/strong><br \/><em><span style=\"font-size: 10pt;\">OO186 Roma<\/span><\/em><\/td>\n<\/tr>\n<tr style=\"background-color: #f7ece1;\">\n<td style=\"width: 100%; height: 154px;\">\n<p><strong><span style=\"font-size: 10pt;\">Fonti e collegamenti<br \/><\/span><\/strong><\/p>\n<ul>\n<li><span style=\"font-size: 10pt;\"><a href=\"https:\/\/it.wikipedia.org\/wiki\/Fontana_di_piazza_San_Simeone\" target=\"_blank\" rel=\"noopener noreferrer\">Pagina Wikipedia<\/a><\/span><\/li>\n<li><span style=\"font-size: 10pt;\"><a href=\"https:\/\/www.romasegreta.it\/ponte\/piazza-di-s-simeone.html\" target=\"_blank\" rel=\"noopener noreferrer\">Pagina di Roma Segreta<\/a><\/span><\/li>\n<\/ul>\n<\/td>\n<\/tr>\n<\/tbody>\n<\/table>","protected":false},"excerpt":{"rendered":"<p>La piazza San Simeone, situata nel rione Parione di Roma, \u00e8 uno spazio tranquillo e pittoresco, dominato dal maestoso palazzo Lancellotti del XVI secolo.Strade storiche la collegano, come la via dei Coronari e via Lancellotti.La fontana si trovava originariamente ai piedi del Campidoglio, abbellita e spostata qui nel 1973. Resta anche la facciata della chiesa [&hellip;]<\/p>\n","protected":false},"featured_media":0,"parent":0,"menu_order":0,"comment_status":"open","ping_status":"open","template":"","format":"standard","meta":{"kt_blocks_editor_width":"","_links_to":"","_links_to_target":""},"genre":[271,279],"interet":[286],"quartier":[322],"categorie_site":[387,395],"quartier_historique":[452],"etiquettes_site":[],"acf":[],"yoast_head":"<!-- This site is optimized with the Yoast SEO plugin v17.4 - https:\/\/yoast.com\/wordpress\/plugins\/seo\/ -->\n<title>Piazza e fontana San Simeone &ndash; Rome-Roma<\/title>\n<meta name=\"description\" content=\"La fontana in piazza San Simeone era precedentemente nella sparita Piazza Montanara. Fu progettata nel XVI secolo da Giacomo Della Porta. Il Palazzo Lancelloti dal XVIe\" \/>\n<meta name=\"robots\" content=\"index, follow, max-snippet:-1, max-image-preview:large, max-video-preview:-1\" \/>\n<link rel=\"canonical\" href=\"https:\/\/www.rome-roma.net\/it\/piazza-e-fontana-san-simeone\/\" \/>\n<meta property=\"og:locale\" content=\"it_IT\" \/>\n<meta property=\"og:type\" content=\"article\" \/>\n<meta property=\"og:title\" content=\"Piazza e fontana San Simeone &ndash; Rome-Roma\" \/>\n<meta property=\"og:description\" content=\"La fontana in piazza San Simeone era precedentemente nella sparita Piazza Montanara. Fu progettata nel XVI secolo da Giacomo Della Porta. Il Palazzo Lancelloti dal XVIe\" \/>\n<meta property=\"og:url\" content=\"https:\/\/www.rome-roma.net\/it\/piazza-e-fontana-san-simeone\/\" \/>\n<meta property=\"og:site_name\" content=\"Rome-Roma\" \/>\n<meta property=\"article:modified_time\" content=\"2025-01-17T10:48:58+00:00\" \/>\n<meta property=\"og:image\" content=\"https:\/\/www.rome-roma.net\/wp-content\/uploads\/2020\/02\/piazza-san-simeone-fontana-via-dei-coronari-3997-300x200.jpg\" \/>\n<meta name=\"twitter:card\" content=\"summary_large_image\" \/>\n<meta name=\"twitter:label1\" content=\"Tempo di lettura stimato\" \/>\n\t<meta name=\"twitter:data1\" content=\"4 minuti\" \/>\n<script type=\"application\/ld+json\" class=\"yoast-schema-graph\">{\"@context\":\"https:\/\/schema.org\",\"@graph\":[{\"@type\":\"Organization\",\"@id\":\"https:\/\/www.rome-roma.net\/it\/#organization\",\"name\":\"Rome-Roma\",\"url\":\"https:\/\/www.rome-roma.net\/it\/\",\"sameAs\":[],\"logo\":{\"@type\":\"ImageObject\",\"@id\":\"https:\/\/www.rome-roma.net\/it\/#logo\",\"inLanguage\":\"it-IT\",\"url\":\"https:\/\/www.rome-roma.net\/wp-content\/uploads\/2025\/07\/logo-rome-roma-420.jpg\",\"contentUrl\":\"https:\/\/www.rome-roma.net\/wp-content\/uploads\/2025\/07\/logo-rome-roma-420.jpg\",\"width\":420,\"height\":420,\"caption\":\"Rome-Roma\"},\"image\":{\"@id\":\"https:\/\/www.rome-roma.net\/it\/#logo\"}},{\"@type\":\"WebSite\",\"@id\":\"https:\/\/www.rome-roma.net\/it\/#website\",\"url\":\"https:\/\/www.rome-roma.net\/it\/\",\"name\":\"Rome-Roma\",\"description\":\"Cultura & Viaggio\",\"publisher\":{\"@id\":\"https:\/\/www.rome-roma.net\/it\/#organization\"},\"potentialAction\":[{\"@type\":\"SearchAction\",\"target\":{\"@type\":\"EntryPoint\",\"urlTemplate\":\"https:\/\/www.rome-roma.net\/it\/?s={search_term_string}\"},\"query-input\":\"required name=search_term_string\"}],\"inLanguage\":\"it-IT\"},{\"@type\":\"ImageObject\",\"@id\":\"https:\/\/www.rome-roma.net\/it\/piazza-e-fontana-san-simeone\/#primaryimage\",\"inLanguage\":\"it-IT\",\"url\":\"https:\/\/www.rome-roma.net\/wp-content\/uploads\/2020\/02\/piazza-san-simeone-fontana-via-dei-coronari-3997.jpg\",\"contentUrl\":\"https:\/\/www.rome-roma.net\/wp-content\/uploads\/2020\/02\/piazza-san-simeone-fontana-via-dei-coronari-3997.jpg\",\"width\":1200,\"height\":800,\"caption\":\"piazza-san-simeone-fontana-via-dei-coronari_3997\"},{\"@type\":\"WebPage\",\"@id\":\"https:\/\/www.rome-roma.net\/it\/piazza-e-fontana-san-simeone\/#webpage\",\"url\":\"https:\/\/www.rome-roma.net\/it\/piazza-e-fontana-san-simeone\/\",\"name\":\"Piazza e fontana San Simeone &ndash; Rome-Roma\",\"isPartOf\":{\"@id\":\"https:\/\/www.rome-roma.net\/it\/#website\"},\"primaryImageOfPage\":{\"@id\":\"https:\/\/www.rome-roma.net\/it\/piazza-e-fontana-san-simeone\/#primaryimage\"},\"datePublished\":\"2020-01-24T10:50:56+00:00\",\"dateModified\":\"2025-01-17T10:48:58+00:00\",\"description\":\"La fontana in piazza San Simeone era precedentemente nella sparita Piazza Montanara. Fu progettata nel XVI secolo da Giacomo Della Porta. Il Palazzo Lancelloti dal XVIe\",\"breadcrumb\":{\"@id\":\"https:\/\/www.rome-roma.net\/it\/piazza-e-fontana-san-simeone\/#breadcrumb\"},\"inLanguage\":\"it-IT\",\"potentialAction\":[{\"@type\":\"ReadAction\",\"target\":[\"https:\/\/www.rome-roma.net\/it\/piazza-e-fontana-san-simeone\/\"]}]},{\"@type\":\"BreadcrumbList\",\"@id\":\"https:\/\/www.rome-roma.net\/it\/piazza-e-fontana-san-simeone\/#breadcrumb\",\"itemListElement\":[{\"@type\":\"ListItem\",\"position\":1,\"name\":\"Accueil\",\"item\":\"https:\/\/www.rome-roma.net\/it\/\"},{\"@type\":\"ListItem\",\"position\":2,\"name\":\"Piazza e fontana San Simeone\"}]}]}<\/script>\n<!-- \/ Yoast SEO plugin. -->","yoast_head_json":{"title":"Piazza e fontana San Simeone &ndash; Rome-Roma","description":"La fontana in piazza San Simeone era precedentemente nella sparita Piazza Montanara. Fu progettata nel XVI secolo da Giacomo Della Porta. Il Palazzo Lancelloti dal XVIe","robots":{"index":"index","follow":"follow","max-snippet":"max-snippet:-1","max-image-preview":"max-image-preview:large","max-video-preview":"max-video-preview:-1"},"canonical":"https:\/\/www.rome-roma.net\/it\/piazza-e-fontana-san-simeone\/","og_locale":"it_IT","og_type":"article","og_title":"Piazza e fontana San Simeone &ndash; Rome-Roma","og_description":"La fontana in piazza San Simeone era precedentemente nella sparita Piazza Montanara. Fu progettata nel XVI secolo da Giacomo Della Porta. Il Palazzo Lancelloti dal XVIe","og_url":"https:\/\/www.rome-roma.net\/it\/piazza-e-fontana-san-simeone\/","og_site_name":"Rome-Roma","article_modified_time":"2025-01-17T10:48:58+00:00","og_image":[{"url":"https:\/\/www.rome-roma.net\/wp-content\/uploads\/2020\/02\/piazza-san-simeone-fontana-via-dei-coronari-3997-300x200.jpg"}],"twitter_card":"summary_large_image","twitter_misc":{"Tempo di lettura stimato":"4 minuti"},"schema":{"@context":"https:\/\/schema.org","@graph":[{"@type":"Organization","@id":"https:\/\/www.rome-roma.net\/it\/#organization","name":"Rome-Roma","url":"https:\/\/www.rome-roma.net\/it\/","sameAs":[],"logo":{"@type":"ImageObject","@id":"https:\/\/www.rome-roma.net\/it\/#logo","inLanguage":"it-IT","url":"https:\/\/www.rome-roma.net\/wp-content\/uploads\/2025\/07\/logo-rome-roma-420.jpg","contentUrl":"https:\/\/www.rome-roma.net\/wp-content\/uploads\/2025\/07\/logo-rome-roma-420.jpg","width":420,"height":420,"caption":"Rome-Roma"},"image":{"@id":"https:\/\/www.rome-roma.net\/it\/#logo"}},{"@type":"WebSite","@id":"https:\/\/www.rome-roma.net\/it\/#website","url":"https:\/\/www.rome-roma.net\/it\/","name":"Rome-Roma","description":"Cultura & Viaggio","publisher":{"@id":"https:\/\/www.rome-roma.net\/it\/#organization"},"potentialAction":[{"@type":"SearchAction","target":{"@type":"EntryPoint","urlTemplate":"https:\/\/www.rome-roma.net\/it\/?s={search_term_string}"},"query-input":"required name=search_term_string"}],"inLanguage":"it-IT"},{"@type":"ImageObject","@id":"https:\/\/www.rome-roma.net\/it\/piazza-e-fontana-san-simeone\/#primaryimage","inLanguage":"it-IT","url":"https:\/\/www.rome-roma.net\/wp-content\/uploads\/2020\/02\/piazza-san-simeone-fontana-via-dei-coronari-3997.jpg","contentUrl":"https:\/\/www.rome-roma.net\/wp-content\/uploads\/2020\/02\/piazza-san-simeone-fontana-via-dei-coronari-3997.jpg","width":1200,"height":800,"caption":"piazza-san-simeone-fontana-via-dei-coronari_3997"},{"@type":"WebPage","@id":"https:\/\/www.rome-roma.net\/it\/piazza-e-fontana-san-simeone\/#webpage","url":"https:\/\/www.rome-roma.net\/it\/piazza-e-fontana-san-simeone\/","name":"Piazza e fontana San Simeone &ndash; Rome-Roma","isPartOf":{"@id":"https:\/\/www.rome-roma.net\/it\/#website"},"primaryImageOfPage":{"@id":"https:\/\/www.rome-roma.net\/it\/piazza-e-fontana-san-simeone\/#primaryimage"},"datePublished":"2020-01-24T10:50:56+00:00","dateModified":"2025-01-17T10:48:58+00:00","description":"La fontana in piazza San Simeone era precedentemente nella sparita Piazza Montanara. Fu progettata nel XVI secolo da Giacomo Della Porta. Il Palazzo Lancelloti dal XVIe","breadcrumb":{"@id":"https:\/\/www.rome-roma.net\/it\/piazza-e-fontana-san-simeone\/#breadcrumb"},"inLanguage":"it-IT","potentialAction":[{"@type":"ReadAction","target":["https:\/\/www.rome-roma.net\/it\/piazza-e-fontana-san-simeone\/"]}]},{"@type":"BreadcrumbList","@id":"https:\/\/www.rome-roma.net\/it\/piazza-e-fontana-san-simeone\/#breadcrumb","itemListElement":[{"@type":"ListItem","position":1,"name":"Accueil","item":"https:\/\/www.rome-roma.net\/it\/"},{"@type":"ListItem","position":2,"name":"Piazza e fontana San Simeone"}]}]}},"acf_fields":{"nom_monument":null,"wikidata":"Q3747435","sameas":null},"_links":{"self":[{"href":"https:\/\/www.rome-roma.net\/it\/wp-json\/wp\/v2\/site\/8069"}],"collection":[{"href":"https:\/\/www.rome-roma.net\/it\/wp-json\/wp\/v2\/site"}],"about":[{"href":"https:\/\/www.rome-roma.net\/it\/wp-json\/wp\/v2\/types\/site"}],"replies":[{"embeddable":true,"href":"https:\/\/www.rome-roma.net\/it\/wp-json\/wp\/v2\/comments?post=8069"}],"wp:attachment":[{"href":"https:\/\/www.rome-roma.net\/it\/wp-json\/wp\/v2\/media?parent=8069"}],"wp:term":[{"taxonomy":"genre","embeddable":true,"href":"https:\/\/www.rome-roma.net\/it\/wp-json\/wp\/v2\/genre?post=8069"},{"taxonomy":"interet","embeddable":true,"href":"https:\/\/www.rome-roma.net\/it\/wp-json\/wp\/v2\/interet?post=8069"},{"taxonomy":"quartier","embeddable":true,"href":"https:\/\/www.rome-roma.net\/it\/wp-json\/wp\/v2\/quartier?post=8069"},{"taxonomy":"categorie_site","embeddable":true,"href":"https:\/\/www.rome-roma.net\/it\/wp-json\/wp\/v2\/categorie_site?post=8069"},{"taxonomy":"quartier_historique","embeddable":true,"href":"https:\/\/www.rome-roma.net\/it\/wp-json\/wp\/v2\/quartier_historique?post=8069"},{"taxonomy":"etiquettes_site","embeddable":true,"href":"https:\/\/www.rome-roma.net\/it\/wp-json\/wp\/v2\/etiquettes_site?post=8069"}],"curies":[{"name":"wp","href":"https:\/\/api.w.org\/{rel}","templated":true}]}}